{"id":403,"date":"2026-03-23T21:21:16","date_gmt":"2026-03-23T21:21:16","guid":{"rendered":"https:\/\/biomed-evida.ch\/?page_id=403"},"modified":"2026-05-12T09:31:13","modified_gmt":"2026-05-12T09:31:13","slug":"a-propos-de-biomed-evida","status":"publish","type":"page","link":"https:\/\/biomed-evida.ch\/fr\/a-propos-de-biomed-evida\/","title":{"rendered":"\u00c0 propos de Biomed Evida"},"content":{"rendered":"\n<section class=\"wp-block-evida-abschnitt alignfull is-style-diagonal has-background-color has-foreground-background-color has-text-color has-background has-link-color wp-elements-1\" style=\"--image-opacity:0.73;--bg-image:url(https:\/\/biomed-evida.ch\/wp-content\/uploads\/2026\/04\/biomed-evida-ueber-biomed-1.jpg);background-image:url(&apos;https:\/\/biomed-evida.ch\/wp-content\/uploads\/2026\/04\/biomed-evida-ueber-biomed-1.jpg&apos;);background-position:65% 33%;background-size:cover;background-attachment:scroll;\"><div class=\"wp-block-evida-abschnitt__inner wp-block-evida-abschnitt__inner--wide\">\n<div class=\"wp-block-columns is-layout-flex wp-container-core-columns-is-layout-f56f613f wp-block-columns-is-layout-flex\">\n<div class=\"wp-block-column is-layout-flow wp-block-column-is-layout-flow\"><div class=\"yoast-breadcrumbs\"><span><span><a href=\"https:\/\/biomed-evida.ch\/fr\/\">Home<\/a><\/span> <span class=\"breadcrumb_separator\">\/<\/span> <span class=\"breadcrumb_last\" aria-current=\"page\">\u00c0 propos de Biomed Evida<\/span><\/span><\/div>\n\n\n<h1 class=\"wp-block-heading\"><strong>\u00c0 propos de Biomed Evida<\/strong><\/h1>\n<\/div>\n\n\n\n<div class=\"wp-block-column is-layout-flow wp-block-column-is-layout-flow\"><\/div>\n<\/div>\n<\/div><\/section>\n\n\n\n<section class=\"wp-block-evida-abschnitt alignfull\"><div class=\"wp-block-evida-abschnitt__inner wp-block-evida-abschnitt__inner--wide\">\n<div class=\"wp-block-group is-layout-constrained wp-block-group-is-layout-constrained\">\n<p class=\"is-style-subline wp-block-paragraph\">La nouvelle marque ombrelle Biomed Evida r\u00e9unit des compl\u00e9ments alimentaires et des substituts de repas \u2013 scientifiquement fond\u00e9s, d\u00e9velopp\u00e9s en Suisse et adapt\u00e9s aux besoins individuels du quotidien.<\/p>\n\n\n\n<h2 class=\"wp-block-heading\">Pourquoi Biomed Evida?<\/h2>\n\n\n\n<p class=\"wp-block-paragraph\">La vie est aujourd\u2019hui plus autonome, mais aussi plus exigeante que jamais. \u00c0 mesure que les possibilit\u00e9s \u00e9voluent, les exigences envers notre corps, notre esprit et notre qualit\u00e9 de vie augmentent. Mais pour bien vivre, il faut pr\u00e9venir activement. Aujourd\u2019hui pour demain.<\/p>\n\n\n\n<p class=\"wp-block-paragraph\">Biomed Evida mise sur un soutien cibl\u00e9 plut\u00f4t que sur des solutions uniformes \u2013 avec des produits qui accompagnent au quotidien des th\u00e8mes essentiels du m\u00e9tabolisme tels que le contr\u00f4le du poids, <a href=\"https:\/\/biomed-evida.ch\/fr\/savoir\/fibres\/\">l\u2019apport en fibres<\/a> et <a href=\"https:\/\/biomed-evida.ch\/fr\/savoir\/glycemie\/\">l\u2019\u00e9quilibre glyc\u00e9mique<\/a>. Chaque organisme est diff\u00e9rent. C\u2019est pourquoi tu d\u00e9cides des produits qui te conviennent le mieux et qui correspondent \u00e0 tes objectifs \u00e0 long terme.<\/p>\n\n\n\n<div style=\"height:1em\" aria-hidden=\"true\" class=\"wp-block-spacer\"><\/div>\n\n\n\n<h2 class=\"wp-block-heading\">Quels sont les produits de Biomed Evida?<\/h2>\n\n\n\n<p class=\"wp-block-paragraph\">Les <a href=\"https:\/\/biomed-evida.ch\/fr\/produits\/\">produits de Biomed Evida<\/a> sont scientifiquement fond\u00e9s et d\u00e9velopp\u00e9s en Suisse. Ils compl\u00e8tent une alimentation \u00e9quilibr\u00e9e et un mode de vie sain pour soutenir le <a href=\"https:\/\/biomed-evida.ch\/fr\/savoir\/sante-metabolique\/\">m\u00e9tabolisme<\/a> au quotidien, en mettant l\u2019accent sur la <a href=\"https:\/\/biomed-evida.ch\/fr\/savoir\/gestion-du-poids\/\">gestion du poids<\/a>, l\u2019accompagnement d\u2019un r\u00e9gime, l\u2019apport en fibres et l\u2019\u00e9quilibre glyc\u00e9mique. Ils suivent un principe clair: structure modulaire, combinables de mani\u00e8re cibl\u00e9e, pour un soutien individuel au quotidien.<\/p>\n\n\n\n<p class=\"wp-block-paragraph\">Les produits de Biomed Evida sont disponibles exclusivement dans les<a href=\"https:\/\/biomed-evida.ch\/fr\/acheter-un-produit\/\"> pharmacies et drogueries<\/a> suisses ou en ligne dans les boutiques partenaires s\u00e9lectionn\u00e9es.<\/p>\n\n\n\n<p class=\"wp-block-paragraph\">Biomed Evida vivre mieux- aujourd\u2019hui et demain<\/p>\n<\/div>\n<\/div><\/section>\n\n\n\n<div class=\"wp-block-group alignfull is-layout-constrained wp-container-core-group-is-layout-0ee90f18 wp-block-group-is-layout-constrained\">\n<figure class=\"wp-block-image size-full\"><img loading=\"lazy\" decoding=\"async\" width=\"2382\" height=\"994\" src=\"https:\/\/biomed-evida.ch\/wp-content\/uploads\/2026\/04\/Biomed_Evida_alle_Produkte_FR.png\" alt=\"\" class=\"wp-image-1149\" srcset=\"https:\/\/biomed-evida.ch\/wp-content\/uploads\/2026\/04\/Biomed_Evida_alle_Produkte_FR.png 2382w, https:\/\/biomed-evida.ch\/wp-content\/uploads\/2026\/04\/Biomed_Evida_alle_Produkte_FR-300x125.png 300w, https:\/\/biomed-evida.ch\/wp-content\/uploads\/2026\/04\/Biomed_Evida_alle_Produkte_FR-1024x427.png 1024w, https:\/\/biomed-evida.ch\/wp-content\/uploads\/2026\/04\/Biomed_Evida_alle_Produkte_FR-768x320.png 768w, https:\/\/biomed-evida.ch\/wp-content\/uploads\/2026\/04\/Biomed_Evida_alle_Produkte_FR-1536x641.png 1536w, https:\/\/biomed-evida.ch\/wp-content\/uploads\/2026\/04\/Biomed_Evida_alle_Produkte_FR-2048x855.png 2048w\" sizes=\"auto, (max-width: 2382px) 100vw, 2382px\" \/><\/figure>\n\n\n\n<div class=\"wp-block-buttons is-content-justification-center is-layout-flex wp-container-core-buttons-is-layout-20959078 wp-block-buttons-is-layout-flex\">\n<div class=\"wp-block-button is-style-fill\"><a class=\"wp-block-button__link has-primary-background-color has-background wp-element-button\" href=\"https:\/\/biomed-evida.ch\/fr\/produits\/\">Commander ici<\/a><\/div>\n<\/div>\n\n\n\n<div style=\"height:2em\" aria-hidden=\"true\" class=\"wp-block-spacer\"><\/div>\n<\/div>\n\n\n\n<section class=\"wp-block-evida-abschnitt alignfull has-background-color has-primary-background-color has-text-color has-background has-link-color wp-elements-2\"><div class=\"wp-block-evida-abschnitt__inner wp-block-evida-abschnitt__inner--wide\">\n<div style=\"height:1em\" aria-hidden=\"true\" class=\"wp-block-spacer\"><\/div>\n\n\n\n<div class=\"wp-block-group is-layout-constrained wp-block-group-is-layout-constrained\">\n<h2 class=\"wp-block-heading\">Questions fr\u00e9quentes sur Biomed Evida<\/h2>\n\n\n\n<div data-wp-context=\"{ &quot;autoclose&quot;: false, &quot;accordionItems&quot;: [] }\" data-wp-interactive=\"core\/accordion\" role=\"group\" class=\"wp-block-accordion is-layout-flow wp-block-accordion-is-layout-flow\">\n<div data-wp-class--is-open=\"state.isOpen\" data-wp-context=\"{ &quot;id&quot;: &quot;accordion-item-1&quot;, &quot;openByDefault&quot;: false }\" data-wp-init=\"callbacks.initAccordionItems\" data-wp-on-window--hashchange=\"callbacks.hashChange\" class=\"wp-block-accordion-item is-layout-flow wp-block-accordion-item-is-layout-flow\">\n<h3 class=\"wp-block-accordion-heading\"><button aria-expanded=\"false\" aria-controls=\"accordion-item-1-panel\" data-wp-bind--aria-expanded=\"state.isOpen\" data-wp-on--click=\"actions.toggle\" id=\"accordion-item-1\" type=\"button\" class=\"wp-block-accordion-heading__toggle\"><span class=\"wp-block-accordion-heading__toggle-title\"><strong><strong><strong><strong><strong><strong>Quels sont les produits de Biomed Evida?<\/strong><\/strong><\/strong><\/strong><\/strong><\/strong><\/span><span class=\"wp-block-accordion-heading__toggle-icon\" aria-hidden=\"true\">+<\/span><\/button><\/h3>\n\n\n\n<div aria-labelledby=\"accordion-item-1\" data-wp-bind--hidden=\"state.isHidden\" data-wp-on--beforematch=\"actions.handleBeforeMatch\" id=\"accordion-item-1-panel\" role=\"region\" class=\"wp-block-accordion-panel is-layout-flow wp-block-accordion-panel-is-layout-flow\">\n<p class=\"wp-block-paragraph\">Biomed Evida propose des produits ax\u00e9s sur la gestion du poids, l\u2019accompagnement d\u2019un r\u00e9gime, l\u2019apport en fibres et l\u2019\u00e9quilibre glyc\u00e9mique.<\/p>\n<\/div>\n<\/div>\n\n\n\n<div data-wp-class--is-open=\"state.isOpen\" data-wp-context=\"{ &quot;id&quot;: &quot;accordion-item-2&quot;, &quot;openByDefault&quot;: false }\" data-wp-init=\"callbacks.initAccordionItems\" data-wp-on-window--hashchange=\"callbacks.hashChange\" class=\"wp-block-accordion-item is-layout-flow wp-block-accordion-item-is-layout-flow\">\n<h3 class=\"wp-block-accordion-heading\"><button aria-expanded=\"false\" aria-controls=\"accordion-item-2-panel\" data-wp-bind--aria-expanded=\"state.isOpen\" data-wp-on--click=\"actions.toggle\" id=\"accordion-item-2\" type=\"button\" class=\"wp-block-accordion-heading__toggle\"><span class=\"wp-block-accordion-heading__toggle-title\"><strong><strong><strong><strong><strong><strong>Puis-je combiner plusieurs produits de Biomed Evida?<\/strong><\/strong><\/strong><\/strong><\/strong><\/strong><\/span><span class=\"wp-block-accordion-heading__toggle-icon\" aria-hidden=\"true\">+<\/span><\/button><\/h3>\n\n\n\n<div aria-labelledby=\"accordion-item-2\" data-wp-bind--hidden=\"state.isHidden\" data-wp-on--beforematch=\"actions.handleBeforeMatch\" id=\"accordion-item-2-panel\" role=\"region\" class=\"wp-block-accordion-panel is-layout-flow wp-block-accordion-panel-is-layout-flow\">\n<p class=\"wp-block-paragraph\">Oui, les produits de Biomed Evida peuvent \u00eatre combin\u00e9s en fonction des objectifs individuels. Le mieux est de demander conseil dans une pharmacie ou une droguerie.<\/p>\n<\/div>\n<\/div>\n\n\n\n<div data-wp-class--is-open=\"state.isOpen\" data-wp-context=\"{ &quot;id&quot;: &quot;accordion-item-3&quot;, &quot;openByDefault&quot;: false }\" data-wp-init=\"callbacks.initAccordionItems\" data-wp-on-window--hashchange=\"callbacks.hashChange\" class=\"wp-block-accordion-item is-layout-flow wp-block-accordion-item-is-layout-flow\">\n<h3 class=\"wp-block-accordion-heading\"><button aria-expanded=\"false\" aria-controls=\"accordion-item-3-panel\" data-wp-bind--aria-expanded=\"state.isOpen\" data-wp-on--click=\"actions.toggle\" id=\"accordion-item-3\" type=\"button\" class=\"wp-block-accordion-heading__toggle\"><span class=\"wp-block-accordion-heading__toggle-title\"><strong><strong><strong><strong><strong><strong>O\u00f9 les produits de Biomed Evida sont-ils d\u00e9velopp\u00e9s?<\/strong><\/strong><\/strong><\/strong><\/strong><\/strong><\/span><span class=\"wp-block-accordion-heading__toggle-icon\" aria-hidden=\"true\">+<\/span><\/button><\/h3>\n\n\n\n<div aria-labelledby=\"accordion-item-3\" data-wp-bind--hidden=\"state.isHidden\" data-wp-on--beforematch=\"actions.handleBeforeMatch\" id=\"accordion-item-3-panel\" role=\"region\" class=\"wp-block-accordion-panel is-layout-flow wp-block-accordion-panel-is-layout-flow\">\n<p class=\"wp-block-paragraph\">Les produits de Biomed Evida sont d\u00e9velopp\u00e9s en Suisse.<\/p>\n<\/div>\n<\/div>\n\n\n\n<div data-wp-class--is-open=\"state.isOpen\" data-wp-context=\"{ &quot;id&quot;: &quot;accordion-item-4&quot;, &quot;openByDefault&quot;: false }\" data-wp-init=\"callbacks.initAccordionItems\" data-wp-on-window--hashchange=\"callbacks.hashChange\" class=\"wp-block-accordion-item is-layout-flow wp-block-accordion-item-is-layout-flow\">\n<h3 class=\"wp-block-accordion-heading\"><button aria-expanded=\"false\" aria-controls=\"accordion-item-4-panel\" data-wp-bind--aria-expanded=\"state.isOpen\" data-wp-on--click=\"actions.toggle\" id=\"accordion-item-4\" type=\"button\" class=\"wp-block-accordion-heading__toggle\"><span class=\"wp-block-accordion-heading__toggle-title\"><strong><strong><strong><strong><strong><strong>O\u00f9 puis-je acheter les produits?<\/strong><\/strong><\/strong><\/strong><\/strong><\/strong><\/span><span class=\"wp-block-accordion-heading__toggle-icon\" aria-hidden=\"true\">+<\/span><\/button><\/h3>\n\n\n\n<div aria-labelledby=\"accordion-item-4\" data-wp-bind--hidden=\"state.isHidden\" data-wp-on--beforematch=\"actions.handleBeforeMatch\" id=\"accordion-item-4-panel\" role=\"region\" class=\"wp-block-accordion-panel is-layout-flow wp-block-accordion-panel-is-layout-flow\">\n<p class=\"wp-block-paragraph\">Les produits sont disponibles dans les <a href=\"https:\/\/biomed-evida.ch\/fr\/acheter-un-produit\/\">pharmacies<\/a> et <a href=\"https:\/\/biomed-evida.ch\/fr\/acheter-un-produit\/\">drogueries<\/a> suisses ou peuvent \u00eatre command\u00e9s en ligne dans les <a href=\"https:\/\/biomed-evida.ch\/fr\/acheter-un-produit\/\">boutiques partenaires<\/a>.<\/p>\n<\/div>\n<\/div>\n<\/div>\n<\/div>\n<\/div><\/section>\n","protected":false},"excerpt":{"rendered":"","protected":false},"author":1,"featured_media":0,"parent":0,"menu_order":0,"comment_status":"closed","ping_status":"closed","template":"","meta":{"_acf_changed":false,"inline_featured_image":false,"evida_vote_up":0,"evida_vote_down":0,"footnotes":""},"class_list":["post-403","page","type-page","status-publish","hentry"],"acf":[],"yoast_head":"<!-- This site is optimized with the Yoast SEO plugin v27.2 - https:\/\/yoast.com\/product\/yoast-seo-wordpress\/ -->\n<title>Biomed Evida : compl\u00e9ments et substituts de repas.<\/title>\n<meta name=\"description\" content=\"Biomed Evida : compl\u00e9ments alimentaires et substituts de repas \u2013 scientifiquement fond\u00e9s et d\u00e9velopp\u00e9s en Suisse.\" \/>\n<meta name=\"robots\" content=\"index, follow, max-snippet:-1, max-image-preview:large, max-video-preview:-1\" \/>\n<link rel=\"canonical\" href=\"https:\/\/biomed-evida.ch\/fr\/a-propos-de-biomed-evida\/\" \/>\n<meta property=\"og:locale\" content=\"fr_FR\" \/>\n<meta property=\"og:type\" content=\"article\" \/>\n<meta property=\"og:title\" content=\"Biomed Evida : compl\u00e9ments et substituts de repas.\" \/>\n<meta property=\"og:description\" content=\"Biomed Evida : compl\u00e9ments alimentaires et substituts de repas \u2013 scientifiquement fond\u00e9s et d\u00e9velopp\u00e9s en Suisse.\" \/>\n<meta property=\"og:url\" content=\"https:\/\/biomed-evida.ch\/fr\/a-propos-de-biomed-evida\/\" \/>\n<meta property=\"og:site_name\" content=\"Biomed Evida\" \/>\n<meta property=\"article:publisher\" content=\"https:\/\/www.facebook.com\/biomed.evida\" \/>\n<meta property=\"article:modified_time\" content=\"2026-05-12T09:31:13+00:00\" \/>\n<meta property=\"og:image\" content=\"https:\/\/biomed-evida.ch\/wp-content\/uploads\/2026\/04\/Biomed_Evida_alle_Produkte_FR.png\" \/>\n\t<meta property=\"og:image:width\" content=\"2382\" \/>\n\t<meta property=\"og:image:height\" content=\"994\" \/>\n\t<meta property=\"og:image:type\" content=\"image\/png\" \/>\n<meta name=\"twitter:card\" content=\"summary_large_image\" \/>\n<meta name=\"twitter:label1\" content=\"Dur\u00e9e de lecture estim\u00e9e\" \/>\n\t<meta name=\"twitter:data1\" content=\"3 minutes\" \/>\n<script type=\"application\/ld+json\" class=\"yoast-schema-graph\">{\"@context\":\"https:\/\/schema.org\",\"@graph\":[{\"@type\":\"WebPage\",\"@id\":\"https:\/\/biomed-evida.ch\/fr\/a-propos-de-biomed-evida\/\",\"url\":\"https:\/\/biomed-evida.ch\/fr\/a-propos-de-biomed-evida\/\",\"name\":\"Biomed Evida : compl\u00e9ments et substituts de repas.\",\"isPartOf\":{\"@id\":\"https:\/\/biomed-evida.ch\/fr\/#website\"},\"primaryImageOfPage\":{\"@id\":\"https:\/\/biomed-evida.ch\/fr\/a-propos-de-biomed-evida\/#primaryimage\"},\"image\":{\"@id\":\"https:\/\/biomed-evida.ch\/fr\/a-propos-de-biomed-evida\/#primaryimage\"},\"thumbnailUrl\":\"https:\/\/biomed-evida.ch\/wp-content\/uploads\/2026\/04\/Biomed_Evida_alle_Produkte_FR.png\",\"datePublished\":\"2026-03-23T21:21:16+00:00\",\"dateModified\":\"2026-05-12T09:31:13+00:00\",\"description\":\"Biomed Evida : compl\u00e9ments alimentaires et substituts de repas \u2013 scientifiquement fond\u00e9s et d\u00e9velopp\u00e9s en Suisse.\",\"breadcrumb\":{\"@id\":\"https:\/\/biomed-evida.ch\/fr\/a-propos-de-biomed-evida\/#breadcrumb\"},\"inLanguage\":\"fr-FR\",\"potentialAction\":[{\"@type\":\"ReadAction\",\"target\":[\"https:\/\/biomed-evida.ch\/fr\/a-propos-de-biomed-evida\/\"]}]},{\"@type\":\"ImageObject\",\"inLanguage\":\"fr-FR\",\"@id\":\"https:\/\/biomed-evida.ch\/fr\/a-propos-de-biomed-evida\/#primaryimage\",\"url\":\"https:\/\/biomed-evida.ch\/wp-content\/uploads\/2026\/04\/Biomed_Evida_alle_Produkte_FR.png\",\"contentUrl\":\"https:\/\/biomed-evida.ch\/wp-content\/uploads\/2026\/04\/Biomed_Evida_alle_Produkte_FR.png\"},{\"@type\":\"BreadcrumbList\",\"@id\":\"https:\/\/biomed-evida.ch\/fr\/a-propos-de-biomed-evida\/#breadcrumb\",\"itemListElement\":[{\"@type\":\"ListItem\",\"position\":1,\"name\":\"Home\",\"item\":\"https:\/\/biomed-evida.ch\/fr\/\"},{\"@type\":\"ListItem\",\"position\":2,\"name\":\"\u00c0 propos de Biomed Evida\"}]},{\"@type\":\"WebSite\",\"@id\":\"https:\/\/biomed-evida.ch\/fr\/#website\",\"url\":\"https:\/\/biomed-evida.ch\/fr\/\",\"name\":\"Biomed Evida\",\"description\":\"Gut leben \u2013 heute und morgen\",\"publisher\":{\"@id\":\"https:\/\/biomed-evida.ch\/fr\/#organization\"},\"alternateName\":\"Gut leben \u2013 heute und morgen\",\"potentialAction\":[{\"@type\":\"SearchAction\",\"target\":{\"@type\":\"EntryPoint\",\"urlTemplate\":\"https:\/\/biomed-evida.ch\/fr\/?s={search_term_string}\"},\"query-input\":{\"@type\":\"PropertyValueSpecification\",\"valueRequired\":true,\"valueName\":\"search_term_string\"}}],\"inLanguage\":\"fr-FR\"},{\"@type\":\"Organization\",\"@id\":\"https:\/\/biomed-evida.ch\/fr\/#organization\",\"name\":\"Biomed Evida\",\"url\":\"https:\/\/biomed-evida.ch\/fr\/\",\"logo\":{\"@type\":\"ImageObject\",\"inLanguage\":\"fr-FR\",\"@id\":\"https:\/\/biomed-evida.ch\/fr\/#\/schema\/logo\/image\/\",\"url\":\"https:\/\/biomed-evida.ch\/wp-content\/uploads\/2026\/03\/logo.svg\",\"contentUrl\":\"https:\/\/biomed-evida.ch\/wp-content\/uploads\/2026\/03\/logo.svg\",\"width\":143,\"height\":54,\"caption\":\"Biomed Evida\"},\"image\":{\"@id\":\"https:\/\/biomed-evida.ch\/fr\/#\/schema\/logo\/image\/\"},\"sameAs\":[\"https:\/\/www.facebook.com\/biomed.evida\",\"https:\/\/www.instagram.com\/biomed.evida?igsh=OGdrN2hwZjUyMXc5\"]}]}<\/script>\n<!-- \/ Yoast SEO plugin. -->","yoast_head_json":{"title":"Biomed Evida : compl\u00e9ments et substituts de repas.","description":"Biomed Evida : compl\u00e9ments alimentaires et substituts de repas \u2013 scientifiquement fond\u00e9s et d\u00e9velopp\u00e9s en Suisse.","robots":{"index":"index","follow":"follow","max-snippet":"max-snippet:-1","max-image-preview":"max-image-preview:large","max-video-preview":"max-video-preview:-1"},"canonical":"https:\/\/biomed-evida.ch\/fr\/a-propos-de-biomed-evida\/","og_locale":"fr_FR","og_type":"article","og_title":"Biomed Evida : compl\u00e9ments et substituts de repas.","og_description":"Biomed Evida : compl\u00e9ments alimentaires et substituts de repas \u2013 scientifiquement fond\u00e9s et d\u00e9velopp\u00e9s en Suisse.","og_url":"https:\/\/biomed-evida.ch\/fr\/a-propos-de-biomed-evida\/","og_site_name":"Biomed Evida","article_publisher":"https:\/\/www.facebook.com\/biomed.evida","article_modified_time":"2026-05-12T09:31:13+00:00","og_image":[{"width":2382,"height":994,"url":"https:\/\/biomed-evida.ch\/wp-content\/uploads\/2026\/04\/Biomed_Evida_alle_Produkte_FR.png","type":"image\/png"}],"twitter_card":"summary_large_image","twitter_misc":{"Dur\u00e9e de lecture estim\u00e9e":"3 minutes"},"schema":{"@context":"https:\/\/schema.org","@graph":[{"@type":"WebPage","@id":"https:\/\/biomed-evida.ch\/fr\/a-propos-de-biomed-evida\/","url":"https:\/\/biomed-evida.ch\/fr\/a-propos-de-biomed-evida\/","name":"Biomed Evida : compl\u00e9ments et substituts de repas.","isPartOf":{"@id":"https:\/\/biomed-evida.ch\/fr\/#website"},"primaryImageOfPage":{"@id":"https:\/\/biomed-evida.ch\/fr\/a-propos-de-biomed-evida\/#primaryimage"},"image":{"@id":"https:\/\/biomed-evida.ch\/fr\/a-propos-de-biomed-evida\/#primaryimage"},"thumbnailUrl":"https:\/\/biomed-evida.ch\/wp-content\/uploads\/2026\/04\/Biomed_Evida_alle_Produkte_FR.png","datePublished":"2026-03-23T21:21:16+00:00","dateModified":"2026-05-12T09:31:13+00:00","description":"Biomed Evida : compl\u00e9ments alimentaires et substituts de repas \u2013 scientifiquement fond\u00e9s et d\u00e9velopp\u00e9s en Suisse.","breadcrumb":{"@id":"https:\/\/biomed-evida.ch\/fr\/a-propos-de-biomed-evida\/#breadcrumb"},"inLanguage":"fr-FR","potentialAction":[{"@type":"ReadAction","target":["https:\/\/biomed-evida.ch\/fr\/a-propos-de-biomed-evida\/"]}]},{"@type":"ImageObject","inLanguage":"fr-FR","@id":"https:\/\/biomed-evida.ch\/fr\/a-propos-de-biomed-evida\/#primaryimage","url":"https:\/\/biomed-evida.ch\/wp-content\/uploads\/2026\/04\/Biomed_Evida_alle_Produkte_FR.png","contentUrl":"https:\/\/biomed-evida.ch\/wp-content\/uploads\/2026\/04\/Biomed_Evida_alle_Produkte_FR.png"},{"@type":"BreadcrumbList","@id":"https:\/\/biomed-evida.ch\/fr\/a-propos-de-biomed-evida\/#breadcrumb","itemListElement":[{"@type":"ListItem","position":1,"name":"Home","item":"https:\/\/biomed-evida.ch\/fr\/"},{"@type":"ListItem","position":2,"name":"\u00c0 propos de Biomed Evida"}]},{"@type":"WebSite","@id":"https:\/\/biomed-evida.ch\/fr\/#website","url":"https:\/\/biomed-evida.ch\/fr\/","name":"Biomed Evida","description":"Gut leben \u2013 heute und morgen","publisher":{"@id":"https:\/\/biomed-evida.ch\/fr\/#organization"},"alternateName":"Gut leben \u2013 heute und morgen","potentialAction":[{"@type":"SearchAction","target":{"@type":"EntryPoint","urlTemplate":"https:\/\/biomed-evida.ch\/fr\/?s={search_term_string}"},"query-input":{"@type":"PropertyValueSpecification","valueRequired":true,"valueName":"search_term_string"}}],"inLanguage":"fr-FR"},{"@type":"Organization","@id":"https:\/\/biomed-evida.ch\/fr\/#organization","name":"Biomed Evida","url":"https:\/\/biomed-evida.ch\/fr\/","logo":{"@type":"ImageObject","inLanguage":"fr-FR","@id":"https:\/\/biomed-evida.ch\/fr\/#\/schema\/logo\/image\/","url":"https:\/\/biomed-evida.ch\/wp-content\/uploads\/2026\/03\/logo.svg","contentUrl":"https:\/\/biomed-evida.ch\/wp-content\/uploads\/2026\/03\/logo.svg","width":143,"height":54,"caption":"Biomed Evida"},"image":{"@id":"https:\/\/biomed-evida.ch\/fr\/#\/schema\/logo\/image\/"},"sameAs":["https:\/\/www.facebook.com\/biomed.evida","https:\/\/www.instagram.com\/biomed.evida?igsh=OGdrN2hwZjUyMXc5"]}]}},"_links":{"self":[{"href":"https:\/\/biomed-evida.ch\/fr\/wp-json\/wp\/v2\/pages\/403","targetHints":{"allow":["GET"]}}],"collection":[{"href":"https:\/\/biomed-evida.ch\/fr\/wp-json\/wp\/v2\/pages"}],"about":[{"href":"https:\/\/biomed-evida.ch\/fr\/wp-json\/wp\/v2\/types\/page"}],"author":[{"embeddable":true,"href":"https:\/\/biomed-evida.ch\/fr\/wp-json\/wp\/v2\/users\/1"}],"replies":[{"embeddable":true,"href":"https:\/\/biomed-evida.ch\/fr\/wp-json\/wp\/v2\/comments?post=403"}],"version-history":[{"count":15,"href":"https:\/\/biomed-evida.ch\/fr\/wp-json\/wp\/v2\/pages\/403\/revisions"}],"predecessor-version":[{"id":1576,"href":"https:\/\/biomed-evida.ch\/fr\/wp-json\/wp\/v2\/pages\/403\/revisions\/1576"}],"wp:attachment":[{"href":"https:\/\/biomed-evida.ch\/fr\/wp-json\/wp\/v2\/media?parent=403"}],"curies":[{"name":"wp","href":"https:\/\/api.w.org\/{rel}","templated":true}]}}