{"id":676,"date":"2026-02-26T09:30:54","date_gmt":"2026-02-26T09:30:54","guid":{"rendered":"https:\/\/biomed-evida.ch\/?page_id=676"},"modified":"2026-05-07T07:59:39","modified_gmt":"2026-05-07T07:59:39","slug":"biomed-evida","status":"publish","type":"page","link":"https:\/\/biomed-evida.ch\/fr\/","title":{"rendered":"Biomed Evida"},"content":{"rendered":"\n<section class=\"wp-block-evida-abschnitt alignfull has-background-color has-primary-background-color has-text-color has-background has-link-color wp-elements-1\"><div class=\"wp-block-evida-abschnitt__inner wp-block-evida-abschnitt__inner--wide\">\n<div class=\"wp-block-group is-content-justification-left is-layout-constrained wp-container-core-group-is-layout-be4c91dd wp-block-group-is-layout-constrained\">\n<h1 class=\"wp-block-heading has-base-color has-text-color has-link-color wp-elements-2\"><strong>Biomed Evida<\/strong> <br>Vivre mieux \u2013 aujourd\u2019hui et demain<\/h1>\n\n\n\n<p class=\"is-style-subline wp-block-paragraph\">Soutiens activement ton m\u00e9tabolisme \u2013 avec les compl\u00e9ments alimentaires et substituts de repas de Biomed Evida<\/p>\n\n\n\n<p class=\"wp-block-paragraph\"><a href=\"https:\/\/biomed-evida.ch\/fr\/a-propos-de-biomed-evida\/\">Biomed Evida<\/a> est la nouvelle marque ombrelle propos\u00e9e dans les pharmacies et drogueries suisses. Ces produits apportent une aide au quotidien pour r\u00e9pondre \u00e0 diff\u00e9rents besoins, par exemple en mati\u00e8re de <a href=\"https:\/\/biomed-evida.ch\/fr\/savoir\/gestion-du-poids\/\">gestion du poids,<\/a> <a href=\"https:\/\/biomed-evida.ch\/fr\/savoir\/fibres\/\">d\u2019apport en fibres<\/a> ou de <a href=\"https:\/\/biomed-evida.ch\/fr\/savoir\/glycemie\/\">stabilit\u00e9 de la glyc\u00e9mie<\/a>.<\/p>\n\n\n\n<div class=\"wp-block-buttons is-layout-flex wp-block-buttons-is-layout-flex\">\n<div class=\"wp-block-button\"><a class=\"wp-block-button__link has-primary-color has-background-background-color has-text-color has-background has-link-color wp-element-button\" href=\"https:\/\/biomed-evida.ch\/fr\/produkte\/\">D\u00e9couvrir nos produits<\/a><\/div>\n<\/div>\n<\/div>\n\n\n<div class=\"wp-block-evida-home-hero-image\">\n\t<img decoding=\"async\" src=\"https:\/\/biomed-evida.ch\/wp-content\/uploads\/2026\/04\/Header_Keyvisual_Blende1.png\" alt=\"\" class=\"wp-block-evida-home-hero-image__default\">\n\t\t<img decoding=\"async\" src=\"https:\/\/biomed-evida.ch\/wp-content\/uploads\/2026\/04\/Header_Keyvisual_Blende2.png\" alt=\"\" class=\"wp-block-evida-home-hero-image__hover\">\n\t<\/div>\n<\/div><\/section>\n\n\n\n<section class=\"wp-block-evida-abschnitt alignfull\"><div class=\"wp-block-evida-abschnitt__inner wp-block-evida-abschnitt__inner--wide\">\n<h2 class=\"wp-block-heading has-text-align-center\">Qu&rsquo;aimeriez-vous am\u00e9liorer ?<\/h2>\n\n\n\n<div class=\"wp-block-group is-content-justification-space-between is-layout-flex wp-container-core-group-is-layout-51753a41 wp-block-group-is-layout-flex\">\n<div class=\"wp-block-evida-icon-text\"><a class=\"wp-block-evida-icon-text__wrap\" href=\"https:\/\/biomed-evida.ch\/fr\/produits\/filter\/Gestion%20du%20poids\/\"><div class=\"wp-block-evida-icon-text__hexagon-wrap\"><div class=\"wp-block-evida-icon-text__hexagon\"><\/div><img decoding=\"async\" src=\"https:\/\/biomed-evida.ch\/wp-content\/uploads\/2026\/04\/biomed-evida-gewichtskontrolle-weiss.svg\" alt=\"Biomed Evida Icon f\u00fcr Gewichtskontrolle\" class=\"wp-block-evida-icon-text__icon\"\/><\/div><h4 class=\"wp-block-evida-icon-text__title\"><strong>Gestion du poids<\/strong><\/h4><\/a><div class=\"wp-block-evida-icon-text__content\">\n<p class=\"wp-block-paragraph\"><\/p>\n<\/div><\/div>\n\n\n\n<div class=\"wp-block-evida-icon-text\"><a class=\"wp-block-evida-icon-text__wrap\" href=\"https:\/\/biomed-evida.ch\/fr\/produits\/filter\/La%20glyc%C3%A9mie%20au%20quotidien\/\"><div class=\"wp-block-evida-icon-text__hexagon-wrap\"><div class=\"wp-block-evida-icon-text__hexagon\"><\/div><img decoding=\"async\" src=\"https:\/\/biomed-evida.ch\/wp-content\/uploads\/2026\/04\/biomed-evida-blutzucker-4.svg\" alt=\"Biomed Evida Icon f\u00fcr Blutzucker\" class=\"wp-block-evida-icon-text__icon\"\/><\/div><h4 class=\"wp-block-evida-icon-text__title\"><strong>La glyc\u00e9mie au quotidien<\/strong><\/h4><\/a><div class=\"wp-block-evida-icon-text__content\">\n<p class=\"wp-block-paragraph\"><\/p>\n<\/div><\/div>\n\n\n\n<div class=\"wp-block-evida-icon-text\"><a class=\"wp-block-evida-icon-text__wrap\" href=\"https:\/\/biomed-evida.ch\/fr\/produits\/filter\/Digestion%20et%20absorption%20des%20nutriments\/\"><div class=\"wp-block-evida-icon-text__hexagon-wrap\"><div class=\"wp-block-evida-icon-text__hexagon\"><\/div><img decoding=\"async\" src=\"https:\/\/biomed-evida.ch\/wp-content\/uploads\/2026\/02\/Union.svg\" alt=\"\" class=\"wp-block-evida-icon-text__icon\"\/><\/div><h4 class=\"wp-block-evida-icon-text__title\"><strong>Digestion et absorption des nutriments<\/strong><\/h4><\/a><div class=\"wp-block-evida-icon-text__content\">\n<p class=\"wp-block-paragraph\"><\/p>\n<\/div><\/div>\n<\/div>\n<\/div><\/section>\n\n\n\n<div class=\"wp-block-cover alignfull\"><img decoding=\"async\" class=\"wp-block-cover__image-background wp-image-1205 size-full\" alt=\"Eine junge und eine \u00e4ltere Frau lachend an einem Strand\" src=\"https:\/\/biomed-evida.ch\/wp-content\/uploads\/2026\/04\/biomed-evida-entwicklet-schweiz.jpg\" style=\"object-position:68% 27%\" data-object-fit=\"cover\" data-object-position=\"68% 27%\"\/><span aria-hidden=\"true\" class=\"wp-block-cover__background has-foreground-background-color has-background-dim\"><\/span><div class=\"wp-block-cover__inner-container is-layout-constrained wp-block-cover-is-layout-constrained\">\n<div class=\"wp-block-group alignwide has-background-color has-text-color has-link-color wp-elements-3 is-content-justification-left is-layout-constrained wp-container-core-group-is-layout-69d0b17a wp-block-group-is-layout-constrained\">\n<h2 class=\"wp-block-heading has-xx-large-font-size\"><strong>Biomed Evida \u2013 \u2028<br><\/strong>Fond\u00e9 scientifiquement. <br>Ax\u00e9 sur les besoins. <br>D\u00e9velopp\u00e9 en Suisse.<\/h2>\n<\/div>\n<\/div><\/div>\n\n\n\n<section class=\"wp-block-evida-abschnitt alignfull is-style-diagonal has-background-color has-primary-background-color has-text-color has-background has-link-color wp-elements-4\"><div class=\"wp-block-evida-abschnitt__inner wp-block-evida-abschnitt__inner--wide\">\n<h2 class=\"wp-block-heading\">Nos produits<\/h2>\n\n\n\n<div class=\"wp-block-group is-style-produkte-3-spaltig is-layout-constrained wp-block-group-is-layout-constrained\"><div class=\"wp-block-evida-produkt-teaser\">\n\t<a href=\"https:\/\/biomed-evida.ch\/fr\/produit\/biomed-evida-inshape\/\" class=\"wp-block-evida-produkt-teaser__wrap\">\n\t\t<div class=\"wp-block-evida-produkt-teaser__hexagon-wrap\">\n\t\t\t<div class=\"wp-block-evida-produkt-teaser__hexagon\" style=\"--product-color: #89d2f6\"><\/div>\n\t\t\t<img decoding=\"async\" src=\"https:\/\/biomed-evida.ch\/wp-content\/uploads\/2026\/02\/Biomed_Evida_InShape_Vanille_FR.png\" alt=\"\" class=\"wp-block-evida-produkt-teaser__image wp-block-evida-produkt-teaser__image--small\">\t\t<\/div>\n\t\t<h3 class=\"wp-block-evida-produkt-teaser__title\">Biomed Evida InShape<\/h3>\n\t\t<p class=\"wp-block-evida-produkt-teaser__function\">Gestion du poids<\/p>\n\t\t<p class=\"wp-block-evida-produkt-teaser__link-text\">En savoir plus sur Biomed Evida InShape<\/p>\n\t<\/a>\n<\/div>\n\n\n<div class=\"wp-block-evida-produkt-teaser\">\n\t<a href=\"https:\/\/biomed-evida.ch\/fr\/produit\/biomed-evida-appcontrol\/\" class=\"wp-block-evida-produkt-teaser__wrap\">\n\t\t<div class=\"wp-block-evida-produkt-teaser__hexagon-wrap\">\n\t\t\t<div class=\"wp-block-evida-produkt-teaser__hexagon\" style=\"--product-color: #45d8b4\"><\/div>\n\t\t\t<img decoding=\"async\" src=\"https:\/\/biomed-evida.ch\/wp-content\/uploads\/2026\/02\/biomed-evida-appcontrol-90-FR.png\" alt=\"\" class=\"wp-block-evida-produkt-teaser__image wp-block-evida-produkt-teaser__image--large\">\t\t<\/div>\n\t\t<h3 class=\"wp-block-evida-produkt-teaser__title\">Biomed Evida AppControl<\/h3>\n\t\t<p class=\"wp-block-evida-produkt-teaser__function\">Sati\u00e9t\u00e9<\/p>\n\t\t<p class=\"wp-block-evida-produkt-teaser__link-text\">En savoir plus sur Biomed Evida AppControl<\/p>\n\t<\/a>\n<\/div>\n\n\n<div class=\"wp-block-evida-produkt-teaser\">\n\t<a href=\"https:\/\/biomed-evida.ch\/fr\/produit\/biomed-evida-reduforte\/\" class=\"wp-block-evida-produkt-teaser__wrap\">\n\t\t<div class=\"wp-block-evida-produkt-teaser__hexagon-wrap\">\n\t\t\t<div class=\"wp-block-evida-produkt-teaser__hexagon\" style=\"--product-color: #c0e021\"><\/div>\n\t\t\t<img decoding=\"async\" src=\"https:\/\/biomed-evida.ch\/wp-content\/uploads\/2026\/02\/Biomed_Evida_ReduForte_120_FR.png\" alt=\"\" class=\"wp-block-evida-produkt-teaser__image wp-block-evida-produkt-teaser__image--large\">\t\t<\/div>\n\t\t<h3 class=\"wp-block-evida-produkt-teaser__title\">Biomed Evida ReduForte<\/h3>\n\t\t<p class=\"wp-block-evida-produkt-teaser__function\">En compl\u00e9ment d\u2019un r\u00e9gime<\/p>\n\t\t<p class=\"wp-block-evida-produkt-teaser__link-text\">En savoir plus sur Biomed Evida ReduForte<\/p>\n\t<\/a>\n<\/div>\n\n\n<div class=\"wp-block-evida-produkt-teaser\">\n\t<a href=\"https:\/\/biomed-evida.ch\/fr\/produit\/biomed-evida-glucobalance\/\" class=\"wp-block-evida-produkt-teaser__wrap\">\n\t\t<div class=\"wp-block-evida-produkt-teaser__hexagon-wrap\">\n\t\t\t<div class=\"wp-block-evida-produkt-teaser__hexagon\" style=\"--product-color: #f4d659\"><\/div>\n\t\t\t<img decoding=\"async\" src=\"https:\/\/biomed-evida.ch\/wp-content\/uploads\/2026\/02\/biomed-evida-glucobalance-60-FR.png\" alt=\"\" class=\"wp-block-evida-produkt-teaser__image wp-block-evida-produkt-teaser__image--large\">\t\t<\/div>\n\t\t<h3 class=\"wp-block-evida-produkt-teaser__title\">Biomed Evida GlucoBalance<\/h3>\n\t\t<p class=\"wp-block-evida-produkt-teaser__function\">Stabilit\u00e9 de la glyc\u00e9mie<\/p>\n\t\t<p class=\"wp-block-evida-produkt-teaser__link-text\">En savoir plus sur Biomed Evida GlucoBalance<\/p>\n\t<\/a>\n<\/div>\n\n\n<div class=\"wp-block-evida-produkt-teaser\">\n\t<a href=\"https:\/\/biomed-evida.ch\/fr\/produit\/biomed-evida-fibreplus\/\" class=\"wp-block-evida-produkt-teaser__wrap\">\n\t\t<div class=\"wp-block-evida-produkt-teaser__hexagon-wrap\">\n\t\t\t<div class=\"wp-block-evida-produkt-teaser__hexagon\" style=\"--product-color: #b9bfe2\"><\/div>\n\t\t\t<img decoding=\"async\" src=\"https:\/\/biomed-evida.ch\/wp-content\/uploads\/2026\/02\/Biomed_Evida_FibrePlus_DE-scaled.png\" alt=\"Packshot Biomed Evida FibrePlus zur Erg\u00e4nzung der Ballaststoffzufuhr \" class=\"wp-block-evida-produkt-teaser__image wp-block-evida-produkt-teaser__image--small\">\t\t<\/div>\n\t\t<h3 class=\"wp-block-evida-produkt-teaser__title\">Biomed Evida FibrePlus<\/h3>\n\t\t<p class=\"wp-block-evida-produkt-teaser__function\">Apport en fibres alimentaires<\/p>\n\t\t<p class=\"wp-block-evida-produkt-teaser__link-text\">En savoir plus sur Biomed Evida FibrePlus<\/p>\n\t<\/a>\n<\/div>\n\n\n\n<div class=\"wp-block-buttons is-layout-flex wp-container-core-buttons-is-layout-1b5283a8 wp-block-buttons-is-layout-flex\">\n<div class=\"wp-block-button\"><a class=\"wp-block-button__link wp-element-button\" href=\"https:\/\/biomed-evida.ch\/fr\/produits\/\">D\u00e9couvrir nos produits<\/a><\/div>\n<\/div>\n<\/div>\n\n\n\n<div style=\"height:20vw\" aria-hidden=\"true\" class=\"wp-block-spacer\"><\/div>\n<\/div><\/section>\n\n\n\n<section class=\"wp-block-evida-abschnitt alignfull\"><div class=\"wp-block-evida-abschnitt__inner wp-block-evida-abschnitt__inner--wide\">\n<h2 class=\"wp-block-heading\">Connaissances<\/h2>\n\n\n\n<div class=\"wp-block-columns is-layout-flex wp-container-core-columns-is-layout-f56f613f wp-block-columns-is-layout-flex\">\n<div class=\"wp-block-column is-layout-flow wp-block-column-is-layout-flow\">\n<p class=\"wp-block-paragraph\"><strong>Le m\u00e9tabolisme, la glyc\u00e9mie, les fibres et la gestion du poids sont plus \u00e9troitement li\u00e9s qu\u2019il n\u2019y para\u00eet. Voici les principales corr\u00e9lations expliqu\u00e9es de mani\u00e8re compr\u00e9hensible et concise.<\/strong><\/p>\n\n\n\n<p class=\"wp-block-paragraph\">Le m\u00e9tabolisme, la digestion, la r\u00e9gulation de la glyc\u00e9mie et la sati\u00e9t\u00e9 sont li\u00e9s. Ils influencent la fa\u00e7on dont les aliments sont dig\u00e9r\u00e9s, les nutriments absorb\u00e9s et transform\u00e9s dans le m\u00e9tabolisme \u00e9nerg\u00e9tique. Les fibres, la composition des repas, l\u2019activit\u00e9 physique, le sommeil et le stress influencent \u00e9galement ces processus. Conna\u00eetre ces liens permet de mieux comprendre de nombreuses questions sur la sant\u00e9 m\u00e9tabolique, l\u2019alimentation et le contr\u00f4le du poids.<\/p>\n\n\n\n<div class=\"wp-block-buttons is-layout-flex wp-block-buttons-is-layout-flex\">\n<div class=\"wp-block-button no-arrow\"><a class=\"wp-block-button__link has-primary-background-color has-background wp-element-button\" href=\"https:\/\/biomed-evida.ch\/fr\/informations\/\">En savoir plus<\/a><\/div>\n<\/div>\n<\/div>\n\n\n\n<div class=\"wp-block-column is-layout-flow wp-block-column-is-layout-flow\">\n<div class=\"wp-block-query is-layout-flow wp-block-query-is-layout-flow\"><ul class=\"wp-block-post-template is-layout-flow wp-block-post-template-is-layout-flow\"><li class=\"wp-block-post post-340 wissen type-wissen status-publish hentry wissen_kategorie-salute-metabolica\">\n<div class=\"wp-block-evida-wissen-loop-element\">\n\t<a href=\"https:\/\/biomed-evida.ch\/fr\/savoir\/sante-metabolique\/\" class=\"wp-block-evida-wissen-loop-element__wrap\">\n\t\t<div class=\"wp-block-evida-wissen-loop-element__icon\">\n\t\t\t<img loading=\"lazy\" decoding=\"async\" src=\"https:\/\/biomed-evida.ch\/wp-content\/uploads\/2026\/02\/biomed-evida-stoffwechsel.svg\" alt=\"Biomed Evida Icon Stoffwechsel\" width=\"80\" height=\"72\">\t\t<\/div>\n\t\t<div class=\"wp-block-evida-wissen-loop-element__content\">\n\t\t\t<h4 class=\"wp-block-evida-wissen-loop-element__title\">Sant\u00e9 m\u00e9tabolique<\/h4>\n\t\t\t<p class=\"wp-block-evida-wissen-loop-element__excerpt\">\n\t\t\t\tQuels sont les facteurs importants ?\t\t\t\t<span class=\"wp-block-evida-wissen-loop-element__arrow\"><svg xmlns=\"http:\/\/www.w3.org\/2000\/svg\" width=\"15\" height=\"14\" viewBox=\"0 0 15 14\" fill=\"none\"><path class=\"wp-block-evida-wissen-loop-element__arrow-stem\" d=\"M12.963 6.94995H0\" stroke=\"currentColor\" stroke-width=\"1.5\"\/><path d=\"M8.42578 0.468506L13.611 6.94999L8.42578 13.4315\" stroke=\"currentColor\" stroke-width=\"1.5\"\/><\/svg><\/span>\t\t\t<\/p>\n\t\t<\/div>\n\t<\/a>\n<\/div>\n\n<\/li><li class=\"wp-block-post post-390 wissen type-wissen status-publish hentry wissen_kategorie-glycemie\">\n<div class=\"wp-block-evida-wissen-loop-element\">\n\t<a href=\"https:\/\/biomed-evida.ch\/fr\/savoir\/glycemie\/\" class=\"wp-block-evida-wissen-loop-element__wrap\">\n\t\t<div class=\"wp-block-evida-wissen-loop-element__icon\">\n\t\t\t<img loading=\"lazy\" decoding=\"async\" src=\"https:\/\/biomed-evida.ch\/wp-content\/uploads\/2026\/02\/biomed-evida-Blutzucker.svg\" alt=\"Biomed Evida Icon f\u00fcr Blutzucker\" width=\"80\" height=\"72\">\t\t<\/div>\n\t\t<div class=\"wp-block-evida-wissen-loop-element__content\">\n\t\t\t<h4 class=\"wp-block-evida-wissen-loop-element__title\">Glyc\u00e9mie<\/h4>\n\t\t\t<p class=\"wp-block-evida-wissen-loop-element__excerpt\">\n\t\t\t\tInterpr\u00e9ter les fluctuations\t\t\t\t<span class=\"wp-block-evida-wissen-loop-element__arrow\"><svg xmlns=\"http:\/\/www.w3.org\/2000\/svg\" width=\"15\" height=\"14\" viewBox=\"0 0 15 14\" fill=\"none\"><path class=\"wp-block-evida-wissen-loop-element__arrow-stem\" d=\"M12.963 6.94995H0\" stroke=\"currentColor\" stroke-width=\"1.5\"\/><path d=\"M8.42578 0.468506L13.611 6.94999L8.42578 13.4315\" stroke=\"currentColor\" stroke-width=\"1.5\"\/><\/svg><\/span>\t\t\t<\/p>\n\t\t<\/div>\n\t<\/a>\n<\/div>\n\n<\/li><li class=\"wp-block-post post-341 wissen type-wissen status-publish hentry wissen_kategorie-fibres\">\n<div class=\"wp-block-evida-wissen-loop-element\">\n\t<a href=\"https:\/\/biomed-evida.ch\/fr\/savoir\/fibres\/\" class=\"wp-block-evida-wissen-loop-element__wrap\">\n\t\t<div class=\"wp-block-evida-wissen-loop-element__icon\">\n\t\t\t<img loading=\"lazy\" decoding=\"async\" src=\"https:\/\/biomed-evida.ch\/wp-content\/uploads\/2026\/02\/biomed-evida-Ballaststoffe.svg\" alt=\"Biomed Evida Icon Ballaststoffe\" width=\"80\" height=\"72\">\t\t<\/div>\n\t\t<div class=\"wp-block-evida-wissen-loop-element__content\">\n\t\t\t<h4 class=\"wp-block-evida-wissen-loop-element__title\">Fibres<\/h4>\n\t\t\t<p class=\"wp-block-evida-wissen-loop-element__excerpt\">\n\t\t\t\tLa digestion et bien plus encore\t\t\t\t<span class=\"wp-block-evida-wissen-loop-element__arrow\"><svg xmlns=\"http:\/\/www.w3.org\/2000\/svg\" width=\"15\" height=\"14\" viewBox=\"0 0 15 14\" fill=\"none\"><path class=\"wp-block-evida-wissen-loop-element__arrow-stem\" d=\"M12.963 6.94995H0\" stroke=\"currentColor\" stroke-width=\"1.5\"\/><path d=\"M8.42578 0.468506L13.611 6.94999L8.42578 13.4315\" stroke=\"currentColor\" stroke-width=\"1.5\"\/><\/svg><\/span>\t\t\t<\/p>\n\t\t<\/div>\n\t<\/a>\n<\/div>\n\n<\/li><li class=\"wp-block-post post-398 wissen type-wissen status-publish hentry wissen_kategorie-gestione-del-peso\">\n<div class=\"wp-block-evida-wissen-loop-element\">\n\t<a href=\"https:\/\/biomed-evida.ch\/fr\/savoir\/gestion-du-poids\/\" class=\"wp-block-evida-wissen-loop-element__wrap\">\n\t\t<div class=\"wp-block-evida-wissen-loop-element__icon\">\n\t\t\t<img loading=\"lazy\" decoding=\"async\" src=\"https:\/\/biomed-evida.ch\/wp-content\/uploads\/2026\/02\/biomed-evida-Gewichtskontrolle.svg\" alt=\"Biomed Evida Icon Gewichtskontrolle\" width=\"80\" height=\"72\">\t\t<\/div>\n\t\t<div class=\"wp-block-evida-wissen-loop-element__content\">\n\t\t\t<h4 class=\"wp-block-evida-wissen-loop-element__title\">Gestion du poids<\/h4>\n\t\t\t<p class=\"wp-block-evida-wissen-loop-element__excerpt\">\n\t\t\t\tBien plus qu&#039;un simple comptage de calories\t\t\t\t<span class=\"wp-block-evida-wissen-loop-element__arrow\"><svg xmlns=\"http:\/\/www.w3.org\/2000\/svg\" width=\"15\" height=\"14\" viewBox=\"0 0 15 14\" fill=\"none\"><path class=\"wp-block-evida-wissen-loop-element__arrow-stem\" d=\"M12.963 6.94995H0\" stroke=\"currentColor\" stroke-width=\"1.5\"\/><path d=\"M8.42578 0.468506L13.611 6.94999L8.42578 13.4315\" stroke=\"currentColor\" stroke-width=\"1.5\"\/><\/svg><\/span>\t\t\t<\/p>\n\t\t<\/div>\n\t<\/a>\n<\/div>\n\n<\/li><\/ul><\/div>\n<\/div>\n<\/div>\n<\/div><\/section>\n\n\n\n<section class=\"wp-block-evida-abschnitt alignfull has-background-color has-primary-background-color has-text-color has-background has-link-color wp-elements-5\"><div class=\"wp-block-evida-abschnitt__inner wp-block-evida-abschnitt__inner--wide\">\n<div class=\"wp-block-columns is-layout-flex wp-container-core-columns-is-layout-f56f613f wp-block-columns-is-layout-flex\">\n<div class=\"wp-block-column is-layout-flow wp-block-column-is-layout-flow\">\n<h2 class=\"wp-block-heading\">\u00c0 propos de Biomed Evida<\/h2>\n\n\n\n<p class=\"wp-block-paragraph\"><strong>En tant que nouvelle marque ombrelle, Biomed Evida r\u00e9unit des compl\u00e9ments alimentaires et des substituts de repas cibl\u00e9s pour r\u00e9pondre \u00e0 diff\u00e9rents besoins.<\/strong><\/p>\n\n\n\n<p class=\"wp-block-paragraph\">La marque ombrelle Biomed Evida regroupe des produits \u00e9prouv\u00e9s tels <a href=\"https:\/\/biomed-evida.ch\/fr\/produit\/biomed-evida-inshape\/\" type=\"produkt\" id=\"348\">qu\u2019InShape<\/a>, <a href=\"https:\/\/biomed-evida.ch\/fr\/produit\/biomed-evida-appcontrol\/\" type=\"produkt\" id=\"352\">AppControl<\/a> et <a href=\"https:\/\/biomed-evida.ch\/fr\/produit\/biomed-evida-reduforte\/\" type=\"produkt\" id=\"361\">ReduForte<\/a> ainsi que de nouveaux d\u00e9veloppements de produits. Biomed Evida accompagne les personnes sur la voie d\u2019une vitalit\u00e9 et d\u2019un bien-\u00eatre accrus et compl\u00e8te ainsi une alimentation \u00e9quilibr\u00e9e et un mode de vie sain au quotidien.<\/p>\n\n\n\n<div class=\"wp-block-buttons is-layout-flex wp-block-buttons-is-layout-flex\">\n<div class=\"wp-block-button\"><a class=\"wp-block-button__link wp-element-button\" href=\"https:\/\/biomed-evida.ch\/fr\/a-propos-de-biomed-evida\/\">En savoir plus<\/a><\/div>\n<\/div>\n<\/div>\n\n\n\n<div class=\"wp-block-column is-layout-flow wp-block-column-is-layout-flow\">\n<figure class=\"wp-block-image size-large\"><img loading=\"lazy\" decoding=\"async\" width=\"911\" height=\"1024\" src=\"https:\/\/biomed-evida.ch\/wp-content\/uploads\/2026\/02\/Vector-911x1024.png\" alt=\"\" class=\"wp-image-116\" srcset=\"https:\/\/biomed-evida.ch\/wp-content\/uploads\/2026\/02\/Vector-911x1024.png 911w, https:\/\/biomed-evida.ch\/wp-content\/uploads\/2026\/02\/Vector-267x300.png 267w, https:\/\/biomed-evida.ch\/wp-content\/uploads\/2026\/02\/Vector-768x864.png 768w, https:\/\/biomed-evida.ch\/wp-content\/uploads\/2026\/02\/Vector-1366x1536.png 1366w, https:\/\/biomed-evida.ch\/wp-content\/uploads\/2026\/02\/Vector-1821x2048.png 1821w\" sizes=\"auto, (max-width: 911px) 100vw, 911px\" \/><\/figure>\n<\/div>\n<\/div>\n\n\n\n<div style=\"height:1em\" aria-hidden=\"true\" class=\"wp-block-spacer\"><\/div>\n\n\n\n<div class=\"wp-block-group is-layout-constrained wp-block-group-is-layout-constrained\">\n<h2 class=\"wp-block-heading\">Questions fr\u00e9quentes sur Biomed Evida<\/h2>\n\n\n\n<div data-wp-context=\"{ &quot;autoclose&quot;: false, &quot;accordionItems&quot;: [] }\" data-wp-interactive=\"core\/accordion\" role=\"group\" class=\"wp-block-accordion is-layout-flow wp-block-accordion-is-layout-flow\">\n<div data-wp-class--is-open=\"state.isOpen\" data-wp-context=\"{ &quot;id&quot;: &quot;accordion-item-1&quot;, &quot;openByDefault&quot;: false }\" data-wp-init=\"callbacks.initAccordionItems\" data-wp-on-window--hashchange=\"callbacks.hashChange\" class=\"wp-block-accordion-item is-layout-flow wp-block-accordion-item-is-layout-flow\">\n<h3 class=\"wp-block-accordion-heading\"><button aria-expanded=\"false\" aria-controls=\"accordion-item-1-panel\" data-wp-bind--aria-expanded=\"state.isOpen\" data-wp-on--click=\"actions.toggle\" id=\"accordion-item-1\" type=\"button\" class=\"wp-block-accordion-heading__toggle\"><span class=\"wp-block-accordion-heading__toggle-title\">Qu\u2019est-ce que Biomed Evida?<\/span><span class=\"wp-block-accordion-heading__toggle-icon\" aria-hidden=\"true\">+<\/span><\/button><\/h3>\n\n\n\n<div aria-labelledby=\"accordion-item-1\" data-wp-bind--hidden=\"state.isHidden\" data-wp-on--beforematch=\"actions.handleBeforeMatch\" id=\"accordion-item-1-panel\" role=\"region\" class=\"wp-block-accordion-panel is-layout-flow wp-block-accordion-panel-is-layout-flow\">\n<p class=\"wp-block-paragraph\">Biomed Evida est une nouvelle marque ombrelle de compl\u00e9ments alimentaires et de substituts de repas de qualit\u00e9.<\/p>\n<\/div>\n<\/div>\n\n\n\n<div data-wp-class--is-open=\"state.isOpen\" data-wp-context=\"{ &quot;id&quot;: &quot;accordion-item-2&quot;, &quot;openByDefault&quot;: false }\" data-wp-init=\"callbacks.initAccordionItems\" data-wp-on-window--hashchange=\"callbacks.hashChange\" class=\"wp-block-accordion-item is-layout-flow wp-block-accordion-item-is-layout-flow\">\n<h3 class=\"wp-block-accordion-heading\"><button aria-expanded=\"false\" aria-controls=\"accordion-item-2-panel\" data-wp-bind--aria-expanded=\"state.isOpen\" data-wp-on--click=\"actions.toggle\" id=\"accordion-item-2\" type=\"button\" class=\"wp-block-accordion-heading__toggle\"><span class=\"wp-block-accordion-heading__toggle-title\">Quels sont les produits Biomed Evida disponibles?<\/span><span class=\"wp-block-accordion-heading__toggle-icon\" aria-hidden=\"true\">+<\/span><\/button><\/h3>\n\n\n\n<div aria-labelledby=\"accordion-item-2\" data-wp-bind--hidden=\"state.isHidden\" data-wp-on--beforematch=\"actions.handleBeforeMatch\" id=\"accordion-item-2-panel\" role=\"region\" class=\"wp-block-accordion-panel is-layout-flow wp-block-accordion-panel-is-layout-flow\">\n<p class=\"wp-block-paragraph\">Biomed Evida propose des produits pour la gestion du poids, l\u2019accompagnement d\u2019un r\u00e9gime alimentaire, le soutien de la glyc\u00e9mie et l\u2019optimisation des apports en fibres.<\/p>\n<\/div>\n<\/div>\n\n\n\n<div data-wp-class--is-open=\"state.isOpen\" data-wp-context=\"{ &quot;id&quot;: &quot;accordion-item-3&quot;, &quot;openByDefault&quot;: false }\" data-wp-init=\"callbacks.initAccordionItems\" data-wp-on-window--hashchange=\"callbacks.hashChange\" class=\"wp-block-accordion-item is-layout-flow wp-block-accordion-item-is-layout-flow\">\n<h3 class=\"wp-block-accordion-heading\"><button aria-expanded=\"false\" aria-controls=\"accordion-item-3-panel\" data-wp-bind--aria-expanded=\"state.isOpen\" data-wp-on--click=\"actions.toggle\" id=\"accordion-item-3\" type=\"button\" class=\"wp-block-accordion-heading__toggle\"><span class=\"wp-block-accordion-heading__toggle-title\">\u00c0 qui les produits de Biomed Evida sont-ils destin\u00e9s?<\/span><span class=\"wp-block-accordion-heading__toggle-icon\" aria-hidden=\"true\">+<\/span><\/button><\/h3>\n\n\n\n<div aria-labelledby=\"accordion-item-3\" data-wp-bind--hidden=\"state.isHidden\" data-wp-on--beforematch=\"actions.handleBeforeMatch\" id=\"accordion-item-3-panel\" role=\"region\" class=\"wp-block-accordion-panel is-layout-flow wp-block-accordion-panel-is-layout-flow\">\n<p class=\"wp-block-paragraph\">Les produits de Biomed Evida s\u2019adressent aux personnes qui font attention \u00e0 leur sant\u00e9 et qui souhaitent soutenir leur corps de mani\u00e8re cibl\u00e9e mais aussi maintenir une bonne qualit\u00e9 de vie \u00e0 long terme. Ils sont particuli\u00e8rement adapt\u00e9s aux adultes qui souhaitent stimuler leur m\u00e9tabolisme, leur gestion du poids ou leur vitalit\u00e9 g\u00e9n\u00e9rale \u2013 que ce soit au quotidien, dans les p\u00e9riodes difficiles ou dans le cadre d\u2019un changement conscient de mode de vie.<\/p>\n<\/div>\n<\/div>\n\n\n\n<div data-wp-class--is-open=\"state.isOpen\" data-wp-context=\"{ &quot;id&quot;: &quot;accordion-item-4&quot;, &quot;openByDefault&quot;: false }\" data-wp-init=\"callbacks.initAccordionItems\" data-wp-on-window--hashchange=\"callbacks.hashChange\" class=\"wp-block-accordion-item is-layout-flow wp-block-accordion-item-is-layout-flow\">\n<h3 class=\"wp-block-accordion-heading\"><button aria-expanded=\"false\" aria-controls=\"accordion-item-4-panel\" data-wp-bind--aria-expanded=\"state.isOpen\" data-wp-on--click=\"actions.toggle\" id=\"accordion-item-4\" type=\"button\" class=\"wp-block-accordion-heading__toggle\"><span class=\"wp-block-accordion-heading__toggle-title\">Les produits Biomed Evida peuvent-ils \u00eatre combin\u00e9s entre eux?<\/span><span class=\"wp-block-accordion-heading__toggle-icon\" aria-hidden=\"true\">+<\/span><\/button><\/h3>\n\n\n\n<div aria-labelledby=\"accordion-item-4\" data-wp-bind--hidden=\"state.isHidden\" data-wp-on--beforematch=\"actions.handleBeforeMatch\" id=\"accordion-item-4-panel\" role=\"region\" class=\"wp-block-accordion-panel is-layout-flow wp-block-accordion-panel-is-layout-flow\">\n<p class=\"wp-block-paragraph\">Oui, les produits de Biomed Evida peuvent \u00eatre combin\u00e9s entre eux. Selon les besoins individuels, par exemple dans le domaine de la gestion du poids, diff\u00e9rents produits peuvent judicieusement se compl\u00e9ter. Pour un mode d\u2019emploi optimal, il est recommand\u00e9 d\u2019adapter la combinaison aux objectifs personnels et au quotidien. Un conseil en pharmacie ou en droguerie peut aider \u00e0 trouver les bons produits.<\/p>\n<\/div>\n<\/div>\n\n\n\n<div data-wp-class--is-open=\"state.isOpen\" data-wp-context=\"{ &quot;id&quot;: &quot;accordion-item-5&quot;, &quot;openByDefault&quot;: false }\" data-wp-init=\"callbacks.initAccordionItems\" data-wp-on-window--hashchange=\"callbacks.hashChange\" class=\"wp-block-accordion-item is-layout-flow wp-block-accordion-item-is-layout-flow\">\n<h3 class=\"wp-block-accordion-heading\"><button aria-expanded=\"false\" aria-controls=\"accordion-item-5-panel\" data-wp-bind--aria-expanded=\"state.isOpen\" data-wp-on--click=\"actions.toggle\" id=\"accordion-item-5\" type=\"button\" class=\"wp-block-accordion-heading__toggle\"><span class=\"wp-block-accordion-heading__toggle-title\">Les produits de Biomed Evida sont-ils d\u00e9velopp\u00e9s en Suisse?<\/span><span class=\"wp-block-accordion-heading__toggle-icon\" aria-hidden=\"true\">+<\/span><\/button><\/h3>\n\n\n\n<div aria-labelledby=\"accordion-item-5\" data-wp-bind--hidden=\"state.isHidden\" data-wp-on--beforematch=\"actions.handleBeforeMatch\" id=\"accordion-item-5-panel\" role=\"region\" class=\"wp-block-accordion-panel is-layout-flow wp-block-accordion-panel-is-layout-flow\">\n<p class=\"wp-block-paragraph\">Oui, les produits de Biomed Evida sont d\u00e9velopp\u00e9s en Suisse.<\/p>\n<\/div>\n<\/div>\n\n\n\n<div data-wp-class--is-open=\"state.isOpen\" data-wp-context=\"{ &quot;id&quot;: &quot;accordion-item-6&quot;, &quot;openByDefault&quot;: false }\" data-wp-init=\"callbacks.initAccordionItems\" data-wp-on-window--hashchange=\"callbacks.hashChange\" class=\"wp-block-accordion-item is-layout-flow wp-block-accordion-item-is-layout-flow\">\n<h3 class=\"wp-block-accordion-heading\"><button aria-expanded=\"false\" aria-controls=\"accordion-item-6-panel\" data-wp-bind--aria-expanded=\"state.isOpen\" data-wp-on--click=\"actions.toggle\" id=\"accordion-item-6\" type=\"button\" class=\"wp-block-accordion-heading__toggle\"><span class=\"wp-block-accordion-heading__toggle-title\">Les produits de Biomed Evida sont-ils produits en Suisse ?<\/span><span class=\"wp-block-accordion-heading__toggle-icon\" aria-hidden=\"true\">+<\/span><\/button><\/h3>\n\n\n\n<div aria-labelledby=\"accordion-item-6\" data-wp-bind--hidden=\"state.isHidden\" data-wp-on--beforematch=\"actions.handleBeforeMatch\" id=\"accordion-item-6-panel\" role=\"region\" class=\"wp-block-accordion-panel is-layout-flow wp-block-accordion-panel-is-layout-flow\">\n<p class=\"wp-block-paragraph\">Biomed Evida InShape est produit en Suisse. Les autres sont produits en Allemagne.<\/p>\n<\/div>\n<\/div>\n\n\n\n<div data-wp-class--is-open=\"state.isOpen\" data-wp-context=\"{ &quot;id&quot;: &quot;accordion-item-7&quot;, &quot;openByDefault&quot;: false }\" data-wp-init=\"callbacks.initAccordionItems\" data-wp-on-window--hashchange=\"callbacks.hashChange\" class=\"wp-block-accordion-item is-layout-flow wp-block-accordion-item-is-layout-flow\">\n<h3 class=\"wp-block-accordion-heading\"><button aria-expanded=\"false\" aria-controls=\"accordion-item-7-panel\" data-wp-bind--aria-expanded=\"state.isOpen\" data-wp-on--click=\"actions.toggle\" id=\"accordion-item-7\" type=\"button\" class=\"wp-block-accordion-heading__toggle\"><span class=\"wp-block-accordion-heading__toggle-title\">Qui se cache derri\u00e8re Biomed Evida ?<\/span><span class=\"wp-block-accordion-heading__toggle-icon\" aria-hidden=\"true\">+<\/span><\/button><\/h3>\n\n\n\n<div aria-labelledby=\"accordion-item-7\" data-wp-bind--hidden=\"state.isHidden\" data-wp-on--beforematch=\"actions.handleBeforeMatch\" id=\"accordion-item-7-panel\" role=\"region\" class=\"wp-block-accordion-panel is-layout-flow wp-block-accordion-panel-is-layout-flow\">\n<p class=\"wp-block-paragraph\">La soci\u00e9t\u00e9 Biomed AG, fond\u00e9e en 1951 \u00e0 Zurich, s\u2019est \u00e9tablie sur le march\u00e9 suisse en tant que soci\u00e9t\u00e9 commerciale ind\u00e9pendante sp\u00e9cialis\u00e9e dans les m\u00e9dicaments disponibles sur ordonnance et en vente libre, les dispositifs m\u00e9dicaux et les compl\u00e9ments alimentaires. En plus des marques connues telles que Magnesium Biomed, Sinupret extract, Parapic, Biotin-Biomed forte 5 mg ou Canephron, une nouvelle marque a \u00e9t\u00e9 cr\u00e9\u00e9e : Biomed Evida.<\/p>\n<\/div>\n<\/div>\n<\/div>\n<\/div>\n<\/div><\/section>\n\n\n\n<section style=\"background-image:url(&apos;https:\/\/biomed-evida.ch\/wp-content\/uploads\/2026\/04\/biomed-evida-footer-image.jpg&apos;);background-position:35% 44%;background-size:cover;\" class=\"wp-block-evida-abschnitt alignfull is-style-diagonal has-background\"><div class=\"wp-block-evida-abschnitt__inner wp-block-evida-abschnitt__inner--wide\">\n<p class=\"wp-block-paragraph\"><\/p>\n<\/div><\/section>\n","protected":false},"excerpt":{"rendered":"","protected":false},"author":1,"featured_media":0,"parent":0,"menu_order":0,"comment_status":"closed","ping_status":"closed","template":"","meta":{"_acf_changed":false,"inline_featured_image":false,"evida_vote_up":0,"evida_vote_down":0,"footnotes":""},"class_list":["post-676","page","type-page","status-publish","hentry"],"acf":[],"yoast_head":"<!-- This site is optimized with the Yoast SEO plugin v27.2 - https:\/\/yoast.com\/product\/yoast-seo-wordpress\/ -->\n<title>Biomed Evida - Vivre mieux \u2013 aujourd\u2019hui et demain<\/title>\n<meta name=\"description\" content=\"Soutiens activement ton m\u00e9tabolisme \u2013 avec les compl\u00e9ments alimentaires et substituts de repas de Biomed Evida\" \/>\n<meta name=\"robots\" content=\"index, follow, max-snippet:-1, max-image-preview:large, max-video-preview:-1\" \/>\n<link rel=\"canonical\" href=\"https:\/\/biomed-evida.ch\/fr\/\" \/>\n<meta property=\"og:locale\" content=\"fr_FR\" \/>\n<meta property=\"og:type\" content=\"article\" \/>\n<meta property=\"og:title\" content=\"Biomed Evida - Vivre mieux \u2013 aujourd\u2019hui et demain\" \/>\n<meta property=\"og:description\" content=\"Soutiens activement ton m\u00e9tabolisme \u2013 avec les compl\u00e9ments alimentaires et substituts de repas de Biomed Evida\" \/>\n<meta property=\"og:url\" content=\"https:\/\/biomed-evida.ch\/fr\/\" \/>\n<meta property=\"og:site_name\" content=\"Biomed Evida\" \/>\n<meta property=\"article:publisher\" content=\"https:\/\/www.facebook.com\/biomed.evida\" \/>\n<meta property=\"article:modified_time\" content=\"2026-05-07T07:59:39+00:00\" \/>\n<meta property=\"og:image\" content=\"https:\/\/biomed-evida.ch\/wp-content\/uploads\/2026\/04\/biomed-evida-gewichtskontrolle-weiss.svg\" \/>\n<meta name=\"twitter:card\" content=\"summary_large_image\" \/>\n<meta name=\"twitter:label1\" content=\"Dur\u00e9e de lecture estim\u00e9e\" \/>\n\t<meta name=\"twitter:data1\" content=\"5 minutes\" \/>\n<script type=\"application\/ld+json\" class=\"yoast-schema-graph\">{\"@context\":\"https:\/\/schema.org\",\"@graph\":[{\"@type\":\"WebPage\",\"@id\":\"https:\/\/biomed-evida.ch\/fr\/\",\"url\":\"https:\/\/biomed-evida.ch\/fr\/\",\"name\":\"Biomed Evida - Vivre mieux \u2013 aujourd\u2019hui et demain\",\"isPartOf\":{\"@id\":\"https:\/\/biomed-evida.ch\/fr\/#website\"},\"primaryImageOfPage\":{\"@id\":\"https:\/\/biomed-evida.ch\/fr\/#primaryimage\"},\"image\":{\"@id\":\"https:\/\/biomed-evida.ch\/fr\/#primaryimage\"},\"thumbnailUrl\":\"https:\/\/biomed-evida.ch\/wp-content\/uploads\/2026\/04\/biomed-evida-gewichtskontrolle-weiss.svg\",\"datePublished\":\"2026-02-26T09:30:54+00:00\",\"dateModified\":\"2026-05-07T07:59:39+00:00\",\"description\":\"Soutiens activement ton m\u00e9tabolisme \u2013 avec les compl\u00e9ments alimentaires et substituts de repas de Biomed Evida\",\"breadcrumb\":{\"@id\":\"https:\/\/biomed-evida.ch\/fr\/#breadcrumb\"},\"inLanguage\":\"fr-FR\",\"potentialAction\":[{\"@type\":\"ReadAction\",\"target\":[\"https:\/\/biomed-evida.ch\/fr\/\"]}]},{\"@type\":\"ImageObject\",\"inLanguage\":\"fr-FR\",\"@id\":\"https:\/\/biomed-evida.ch\/fr\/#primaryimage\",\"url\":\"https:\/\/biomed-evida.ch\/wp-content\/uploads\/2026\/04\/biomed-evida-gewichtskontrolle-weiss.svg\",\"contentUrl\":\"https:\/\/biomed-evida.ch\/wp-content\/uploads\/2026\/04\/biomed-evida-gewichtskontrolle-weiss.svg\"},{\"@type\":\"BreadcrumbList\",\"@id\":\"https:\/\/biomed-evida.ch\/fr\/#breadcrumb\",\"itemListElement\":[{\"@type\":\"ListItem\",\"position\":1,\"name\":\"Home\",\"item\":\"https:\/\/biomed-evida.ch\/fr\/\"},{\"@type\":\"ListItem\",\"position\":2,\"name\":\"Biomed Evida\"}]},{\"@type\":\"WebSite\",\"@id\":\"https:\/\/biomed-evida.ch\/fr\/#website\",\"url\":\"https:\/\/biomed-evida.ch\/fr\/\",\"name\":\"Biomed Evida\",\"description\":\"Gut leben \u2013 heute und morgen\",\"publisher\":{\"@id\":\"https:\/\/biomed-evida.ch\/fr\/#organization\"},\"alternateName\":\"Gut leben \u2013 heute und morgen\",\"potentialAction\":[{\"@type\":\"SearchAction\",\"target\":{\"@type\":\"EntryPoint\",\"urlTemplate\":\"https:\/\/biomed-evida.ch\/fr\/?s={search_term_string}\"},\"query-input\":{\"@type\":\"PropertyValueSpecification\",\"valueRequired\":true,\"valueName\":\"search_term_string\"}}],\"inLanguage\":\"fr-FR\"},{\"@type\":\"Organization\",\"@id\":\"https:\/\/biomed-evida.ch\/fr\/#organization\",\"name\":\"Biomed Evida\",\"url\":\"https:\/\/biomed-evida.ch\/fr\/\",\"logo\":{\"@type\":\"ImageObject\",\"inLanguage\":\"fr-FR\",\"@id\":\"https:\/\/biomed-evida.ch\/fr\/#\/schema\/logo\/image\/\",\"url\":\"https:\/\/biomed-evida.ch\/wp-content\/uploads\/2026\/03\/logo.svg\",\"contentUrl\":\"https:\/\/biomed-evida.ch\/wp-content\/uploads\/2026\/03\/logo.svg\",\"width\":143,\"height\":54,\"caption\":\"Biomed Evida\"},\"image\":{\"@id\":\"https:\/\/biomed-evida.ch\/fr\/#\/schema\/logo\/image\/\"},\"sameAs\":[\"https:\/\/www.facebook.com\/biomed.evida\",\"https:\/\/www.instagram.com\/biomed.evida?igsh=OGdrN2hwZjUyMXc5\"]}]}<\/script>\n<!-- \/ Yoast SEO plugin. -->","yoast_head_json":{"title":"Biomed Evida - Vivre mieux \u2013 aujourd\u2019hui et demain","description":"Soutiens activement ton m\u00e9tabolisme \u2013 avec les compl\u00e9ments alimentaires et substituts de repas de Biomed Evida","robots":{"index":"index","follow":"follow","max-snippet":"max-snippet:-1","max-image-preview":"max-image-preview:large","max-video-preview":"max-video-preview:-1"},"canonical":"https:\/\/biomed-evida.ch\/fr\/","og_locale":"fr_FR","og_type":"article","og_title":"Biomed Evida - Vivre mieux \u2013 aujourd\u2019hui et demain","og_description":"Soutiens activement ton m\u00e9tabolisme \u2013 avec les compl\u00e9ments alimentaires et substituts de repas de Biomed Evida","og_url":"https:\/\/biomed-evida.ch\/fr\/","og_site_name":"Biomed Evida","article_publisher":"https:\/\/www.facebook.com\/biomed.evida","article_modified_time":"2026-05-07T07:59:39+00:00","og_image":[{"url":"https:\/\/biomed-evida.ch\/wp-content\/uploads\/2026\/04\/biomed-evida-gewichtskontrolle-weiss.svg","type":"","width":"","height":""}],"twitter_card":"summary_large_image","twitter_misc":{"Dur\u00e9e de lecture estim\u00e9e":"5 minutes"},"schema":{"@context":"https:\/\/schema.org","@graph":[{"@type":"WebPage","@id":"https:\/\/biomed-evida.ch\/fr\/","url":"https:\/\/biomed-evida.ch\/fr\/","name":"Biomed Evida - Vivre mieux \u2013 aujourd\u2019hui et demain","isPartOf":{"@id":"https:\/\/biomed-evida.ch\/fr\/#website"},"primaryImageOfPage":{"@id":"https:\/\/biomed-evida.ch\/fr\/#primaryimage"},"image":{"@id":"https:\/\/biomed-evida.ch\/fr\/#primaryimage"},"thumbnailUrl":"https:\/\/biomed-evida.ch\/wp-content\/uploads\/2026\/04\/biomed-evida-gewichtskontrolle-weiss.svg","datePublished":"2026-02-26T09:30:54+00:00","dateModified":"2026-05-07T07:59:39+00:00","description":"Soutiens activement ton m\u00e9tabolisme \u2013 avec les compl\u00e9ments alimentaires et substituts de repas de Biomed Evida","breadcrumb":{"@id":"https:\/\/biomed-evida.ch\/fr\/#breadcrumb"},"inLanguage":"fr-FR","potentialAction":[{"@type":"ReadAction","target":["https:\/\/biomed-evida.ch\/fr\/"]}]},{"@type":"ImageObject","inLanguage":"fr-FR","@id":"https:\/\/biomed-evida.ch\/fr\/#primaryimage","url":"https:\/\/biomed-evida.ch\/wp-content\/uploads\/2026\/04\/biomed-evida-gewichtskontrolle-weiss.svg","contentUrl":"https:\/\/biomed-evida.ch\/wp-content\/uploads\/2026\/04\/biomed-evida-gewichtskontrolle-weiss.svg"},{"@type":"BreadcrumbList","@id":"https:\/\/biomed-evida.ch\/fr\/#breadcrumb","itemListElement":[{"@type":"ListItem","position":1,"name":"Home","item":"https:\/\/biomed-evida.ch\/fr\/"},{"@type":"ListItem","position":2,"name":"Biomed Evida"}]},{"@type":"WebSite","@id":"https:\/\/biomed-evida.ch\/fr\/#website","url":"https:\/\/biomed-evida.ch\/fr\/","name":"Biomed Evida","description":"Gut leben \u2013 heute und morgen","publisher":{"@id":"https:\/\/biomed-evida.ch\/fr\/#organization"},"alternateName":"Gut leben \u2013 heute und morgen","potentialAction":[{"@type":"SearchAction","target":{"@type":"EntryPoint","urlTemplate":"https:\/\/biomed-evida.ch\/fr\/?s={search_term_string}"},"query-input":{"@type":"PropertyValueSpecification","valueRequired":true,"valueName":"search_term_string"}}],"inLanguage":"fr-FR"},{"@type":"Organization","@id":"https:\/\/biomed-evida.ch\/fr\/#organization","name":"Biomed Evida","url":"https:\/\/biomed-evida.ch\/fr\/","logo":{"@type":"ImageObject","inLanguage":"fr-FR","@id":"https:\/\/biomed-evida.ch\/fr\/#\/schema\/logo\/image\/","url":"https:\/\/biomed-evida.ch\/wp-content\/uploads\/2026\/03\/logo.svg","contentUrl":"https:\/\/biomed-evida.ch\/wp-content\/uploads\/2026\/03\/logo.svg","width":143,"height":54,"caption":"Biomed Evida"},"image":{"@id":"https:\/\/biomed-evida.ch\/fr\/#\/schema\/logo\/image\/"},"sameAs":["https:\/\/www.facebook.com\/biomed.evida","https:\/\/www.instagram.com\/biomed.evida?igsh=OGdrN2hwZjUyMXc5"]}]}},"_links":{"self":[{"href":"https:\/\/biomed-evida.ch\/fr\/wp-json\/wp\/v2\/pages\/676","targetHints":{"allow":["GET"]}}],"collection":[{"href":"https:\/\/biomed-evida.ch\/fr\/wp-json\/wp\/v2\/pages"}],"about":[{"href":"https:\/\/biomed-evida.ch\/fr\/wp-json\/wp\/v2\/types\/page"}],"author":[{"embeddable":true,"href":"https:\/\/biomed-evida.ch\/fr\/wp-json\/wp\/v2\/users\/1"}],"replies":[{"embeddable":true,"href":"https:\/\/biomed-evida.ch\/fr\/wp-json\/wp\/v2\/comments?post=676"}],"version-history":[{"count":21,"href":"https:\/\/biomed-evida.ch\/fr\/wp-json\/wp\/v2\/pages\/676\/revisions"}],"predecessor-version":[{"id":1441,"href":"https:\/\/biomed-evida.ch\/fr\/wp-json\/wp\/v2\/pages\/676\/revisions\/1441"}],"wp:attachment":[{"href":"https:\/\/biomed-evida.ch\/fr\/wp-json\/wp\/v2\/media?parent=676"}],"curies":[{"name":"wp","href":"https:\/\/api.w.org\/{rel}","templated":true}]}}