{"id":698,"date":"2026-02-26T12:04:17","date_gmt":"2026-02-26T12:04:17","guid":{"rendered":"https:\/\/biomed-evida.ch\/?page_id=698"},"modified":"2026-05-12T07:16:46","modified_gmt":"2026-05-12T07:16:46","slug":"produits","status":"publish","type":"page","link":"https:\/\/biomed-evida.ch\/fr\/produits\/","title":{"rendered":"Produits"},"content":{"rendered":"\n<section class=\"wp-block-evida-abschnitt alignfull is-style-diagonal alt-bg has-background-color has-primary-background-color has-text-color has-background has-link-color wp-elements-1\"><div class=\"wp-block-evida-abschnitt__inner wp-block-evida-abschnitt__inner--wide\">\n<div class=\"wp-block-columns is-layout-flex wp-container-core-columns-is-layout-f56f613f wp-block-columns-is-layout-flex\">\n<div class=\"wp-block-column is-layout-flow wp-block-column-is-layout-flow\" style=\"flex-basis:35%\"><div class=\"yoast-breadcrumbs\"><span><span><a href=\"https:\/\/biomed-evida.ch\/fr\/\">Home<\/a><\/span> <span class=\"breadcrumb_separator\">\/<\/span> <span class=\"breadcrumb_last\" aria-current=\"page\">Produits<\/span><\/span><\/div>\n\n\n<h1 class=\"wp-block-heading\"><strong>Biomed Evida Produits<\/strong><\/h1>\n\n\n\n<p class=\"is-style-subline wp-block-paragraph\">Pour la gestion du poids, l\u2019accompagnement d\u2019un r\u00e9gime, la glyc\u00e9mie et l\u2019apport en fibres, utilisable individuellement en compl\u00e9ment d\u2019une alimentation \u00e9quilibr\u00e9e pour un quotidien soucieux du m\u00e9tabolisme.<\/p>\n<\/div>\n\n\n\n<div class=\"wp-block-column is-vertically-aligned-bottom is-layout-flow wp-block-column-is-layout-flow\"><div class=\"wp-block-evida-hero-produkte\">\n\t<div class=\"wp-block-evida-hero-produkte__grid\">\n\t\t\t\t<div class=\"wp-block-evida-hero-produkte__item\">\n\t\t\t<a href=\"https:\/\/biomed-evida.ch\/produkte\/biomed-evida-inshape\/\" class=\"wp-block-evida-hero-produkte__link\">\n\t\t\t\t<img\n\t\t\t\t\tclass=\"wp-block-evida-hero-produkte__image\"\n\t\t\t\t\tsrc=\"https:\/\/biomed-evida.ch\/wp-content\/uploads\/2026\/02\/Biomed_Evida_InShape_vanille.png\"\n\t\t\t\t\talt=\"Packshot Biomed Evida InShape Vanille zur Gewichtskontrolle\"\n\t\t\t\t>\n\t\t\t<\/a>\n\t\t<\/div>\n\t\t\t\t<div class=\"wp-block-evida-hero-produkte__item\">\n\t\t\t<a href=\"https:\/\/biomed-evida.ch\/produkte\/biomed-evida-fibreplus\/\" class=\"wp-block-evida-hero-produkte__link\">\n\t\t\t\t<img\n\t\t\t\t\tclass=\"wp-block-evida-hero-produkte__image\"\n\t\t\t\t\tsrc=\"https:\/\/biomed-evida.ch\/wp-content\/uploads\/2026\/02\/Biomed-Evida-fibreplus-1.png\"\n\t\t\t\t\talt=\"Packshot Biomed Evida FibrePlus\"\n\t\t\t\t>\n\t\t\t<\/a>\n\t\t<\/div>\n\t\t\t\t<div class=\"wp-block-evida-hero-produkte__item\">\n\t\t\t<a href=\"https:\/\/biomed-evida.ch\/produkte\/biomed-evida-glucobalance\/\" class=\"wp-block-evida-hero-produkte__link\">\n\t\t\t\t<img\n\t\t\t\t\tclass=\"wp-block-evida-hero-produkte__image\"\n\t\t\t\t\tsrc=\"https:\/\/biomed-evida.ch\/wp-content\/uploads\/2026\/02\/biomed-evida-glucobalance.png\"\n\t\t\t\t\talt=\"Packung Biomed Evida GlucoBalance f\u00fcr Blutzuckerspiegel\"\n\t\t\t\t>\n\t\t\t<\/a>\n\t\t<\/div>\n\t\t\t\t<div class=\"wp-block-evida-hero-produkte__item\">\n\t\t\t<a href=\"https:\/\/biomed-evida.ch\/produkte\/biomed-evida-reduforte\/\" class=\"wp-block-evida-hero-produkte__link\">\n\t\t\t\t<img\n\t\t\t\t\tclass=\"wp-block-evida-hero-produkte__image\"\n\t\t\t\t\tsrc=\"https:\/\/biomed-evida.ch\/wp-content\/uploads\/2026\/02\/produkt3-scaled.png\"\n\t\t\t\t\talt=\"Biomed Evida ReduForte\"\n\t\t\t\t>\n\t\t\t<\/a>\n\t\t<\/div>\n\t\t\t\t<div class=\"wp-block-evida-hero-produkte__item\">\n\t\t\t<a href=\"https:\/\/biomed-evida.ch\/produkte\/biomed-evida-appcontrol\/\" class=\"wp-block-evida-hero-produkte__link\">\n\t\t\t\t<img\n\t\t\t\t\tclass=\"wp-block-evida-hero-produkte__image\"\n\t\t\t\t\tsrc=\"https:\/\/biomed-evida.ch\/wp-content\/uploads\/2026\/02\/biomed-evida-appcontrol.png\"\n\t\t\t\t\talt=\"Packshot Biomed Evida AppControl\"\n\t\t\t\t>\n\t\t\t<\/a>\n\t\t<\/div>\n\t\t\t<\/div>\n<\/div>\n<\/div>\n<\/div>\n<\/div><\/section>\n\n\n\n<section class=\"wp-block-evida-abschnitt alignfull\"><div class=\"wp-block-evida-abschnitt__inner wp-block-evida-abschnitt__inner--wide\">\n<h2 class=\"wp-block-heading has-text-align-center\">Qu&rsquo;aimeriez-vous am\u00e9liorer ?<\/h2>\n\n\n\n<div class=\"wp-block-group is-content-justification-space-between is-layout-flex wp-container-core-group-is-layout-51753a41 wp-block-group-is-layout-flex\">\n<div class=\"wp-block-evida-icon-text\"><div class=\"wp-block-evida-icon-text__wrap\" data-filter=\"Gestion du poids, En compl\u00e9ment d\u2019un r\u00e9gime, Sati\u00e9t\u00e9\" role=\"button\" tabindex=\"0\"><div class=\"wp-block-evida-icon-text__hexagon-wrap\"><div class=\"wp-block-evida-icon-text__hexagon\"><\/div><img decoding=\"async\" src=\"https:\/\/biomed-evida.ch\/wp-content\/uploads\/2026\/04\/biomed-evida-gewichtskontrolle-weiss.svg\" alt=\"Biomed Evida Icon f\u00fcr Gewichtskontrolle\" class=\"wp-block-evida-icon-text__icon\"\/><\/div><h4 class=\"wp-block-evida-icon-text__title\"><strong>Gestion du poids et compl\u00e9ment d\u2019un r\u00e9gime<\/strong><\/h4><\/div><div class=\"wp-block-evida-icon-text__content\">\n<p class=\"wp-block-paragraph\"><\/p>\n<\/div><\/div>\n\n\n\n<div class=\"wp-block-evida-icon-text\"><div class=\"wp-block-evida-icon-text__wrap\" data-filter=\"Stabilit\u00e9 de la glyc\u00e9mie\" role=\"button\" tabindex=\"0\"><div class=\"wp-block-evida-icon-text__hexagon-wrap\"><div class=\"wp-block-evida-icon-text__hexagon\"><\/div><img decoding=\"async\" src=\"https:\/\/biomed-evida.ch\/wp-content\/uploads\/2026\/04\/biomed-evida-blutzucker-4.svg\" alt=\"Biomed Evida Icon f\u00fcr Blutzucker\" class=\"wp-block-evida-icon-text__icon\"\/><\/div><h4 class=\"wp-block-evida-icon-text__title\"><strong>La glyc\u00e9mie au quotidien<\/strong><\/h4><\/div><div class=\"wp-block-evida-icon-text__content\">\n<p class=\"wp-block-paragraph\"><\/p>\n<\/div><\/div>\n\n\n\n<div class=\"wp-block-evida-icon-text\"><div class=\"wp-block-evida-icon-text__wrap\" data-filter=\"Apport en fibres alimentaires\" role=\"button\" tabindex=\"0\"><div class=\"wp-block-evida-icon-text__hexagon-wrap\"><div class=\"wp-block-evida-icon-text__hexagon\"><\/div><img decoding=\"async\" src=\"https:\/\/biomed-evida.ch\/wp-content\/uploads\/2026\/02\/Union.svg\" alt=\"\" class=\"wp-block-evida-icon-text__icon\"\/><\/div><h4 class=\"wp-block-evida-icon-text__title\"><strong>Apport en fibres alimentaires<\/strong><\/h4><\/div><div class=\"wp-block-evida-icon-text__content\">\n<p class=\"wp-block-paragraph\"><\/p>\n<\/div><\/div>\n<\/div>\n\n\n\n<div style=\"height:2em\" aria-hidden=\"true\" class=\"wp-block-spacer\"><\/div>\n\n\n\n<div class=\"wp-block-buttons is-content-justification-center is-layout-flex wp-container-core-buttons-is-layout-20959078 wp-block-buttons-is-layout-flex\">\n<div class=\"wp-block-button is-style-fill\"><a class=\"wp-block-button__link has-background-color has-primary-background-color has-text-color has-background has-link-color wp-element-button\" href=\"https:\/\/biomed-evida.ch\/fr\/produits\/#produits\">Tous les produits<\/a><\/div>\n<\/div>\n<\/div><\/section>\n\n\n\n<section class=\"wp-block-evida-abschnitt alignfull is-style-diagonal has-background-color has-primary-background-color has-text-color has-background has-link-color wp-elements-2\" id=\"produits\"><div class=\"wp-block-evida-abschnitt__inner wp-block-evida-abschnitt__inner--wide\">\n<h2 class=\"wp-block-heading\">Nos produits<\/h2>\n\n\n\n<div class=\"wp-block-group is-style-produkte-3-spaltig is-layout-constrained wp-block-group-is-layout-constrained\"><div class=\"wp-block-evida-produkt-teaser\">\n\t<a href=\"https:\/\/biomed-evida.ch\/fr\/produit\/biomed-evida-inshape\/\" class=\"wp-block-evida-produkt-teaser__wrap\">\n\t\t<div class=\"wp-block-evida-produkt-teaser__hexagon-wrap\">\n\t\t\t<div class=\"wp-block-evida-produkt-teaser__hexagon\" style=\"--product-color: #89d2f6\"><\/div>\n\t\t\t<img decoding=\"async\" src=\"https:\/\/biomed-evida.ch\/wp-content\/uploads\/2026\/02\/Biomed_Evida_InShape_Vanille_FR.png\" alt=\"\" class=\"wp-block-evida-produkt-teaser__image wp-block-evida-produkt-teaser__image--small\">\t\t<\/div>\n\t\t<h3 class=\"wp-block-evida-produkt-teaser__title\">Biomed Evida InShape<\/h3>\n\t\t<p class=\"wp-block-evida-produkt-teaser__function\">Gestion du poids<\/p>\n\t\t<p class=\"wp-block-evida-produkt-teaser__link-text\">En savoir plus sur Biomed Evida InShape<\/p>\n\t<\/a>\n<\/div>\n\n\n<div class=\"wp-block-evida-produkt-teaser\">\n\t<a href=\"https:\/\/biomed-evida.ch\/fr\/produit\/biomed-evida-appcontrol\/\" class=\"wp-block-evida-produkt-teaser__wrap\">\n\t\t<div class=\"wp-block-evida-produkt-teaser__hexagon-wrap\">\n\t\t\t<div class=\"wp-block-evida-produkt-teaser__hexagon\" style=\"--product-color: #45d8b4\"><\/div>\n\t\t\t<img decoding=\"async\" src=\"https:\/\/biomed-evida.ch\/wp-content\/uploads\/2026\/02\/biomed-evida-appcontrol-90-FR.png\" alt=\"\" class=\"wp-block-evida-produkt-teaser__image wp-block-evida-produkt-teaser__image--large\">\t\t<\/div>\n\t\t<h3 class=\"wp-block-evida-produkt-teaser__title\">Biomed Evida AppControl<\/h3>\n\t\t<p class=\"wp-block-evida-produkt-teaser__function\">Sati\u00e9t\u00e9<\/p>\n\t\t<p class=\"wp-block-evida-produkt-teaser__link-text\">En savoir plus sur Biomed Evida AppControl<\/p>\n\t<\/a>\n<\/div>\n\n\n<div class=\"wp-block-evida-produkt-teaser\">\n\t<a href=\"https:\/\/biomed-evida.ch\/fr\/produit\/biomed-evida-reduforte\/\" class=\"wp-block-evida-produkt-teaser__wrap\">\n\t\t<div class=\"wp-block-evida-produkt-teaser__hexagon-wrap\">\n\t\t\t<div class=\"wp-block-evida-produkt-teaser__hexagon\" style=\"--product-color: #c0e021\"><\/div>\n\t\t\t<img decoding=\"async\" src=\"https:\/\/biomed-evida.ch\/wp-content\/uploads\/2026\/02\/Biomed_Evida_ReduForte_120_FR.png\" alt=\"\" class=\"wp-block-evida-produkt-teaser__image wp-block-evida-produkt-teaser__image--large\">\t\t<\/div>\n\t\t<h3 class=\"wp-block-evida-produkt-teaser__title\">Biomed Evida ReduForte<\/h3>\n\t\t<p class=\"wp-block-evida-produkt-teaser__function\">En compl\u00e9ment d\u2019un r\u00e9gime<\/p>\n\t\t<p class=\"wp-block-evida-produkt-teaser__link-text\">En savoir plus sur Biomed Evida ReduForte<\/p>\n\t<\/a>\n<\/div>\n\n\n<div class=\"wp-block-evida-produkt-teaser\">\n\t<a href=\"https:\/\/biomed-evida.ch\/fr\/produit\/biomed-evida-glucobalance\/\" class=\"wp-block-evida-produkt-teaser__wrap\">\n\t\t<div class=\"wp-block-evida-produkt-teaser__hexagon-wrap\">\n\t\t\t<div class=\"wp-block-evida-produkt-teaser__hexagon\" style=\"--product-color: #f4d659\"><\/div>\n\t\t\t<img decoding=\"async\" src=\"https:\/\/biomed-evida.ch\/wp-content\/uploads\/2026\/02\/biomed-evida-glucobalance-60-FR.png\" alt=\"\" class=\"wp-block-evida-produkt-teaser__image wp-block-evida-produkt-teaser__image--large\">\t\t<\/div>\n\t\t<h3 class=\"wp-block-evida-produkt-teaser__title\">Biomed Evida GlucoBalance<\/h3>\n\t\t<p class=\"wp-block-evida-produkt-teaser__function\">Stabilit\u00e9 de la glyc\u00e9mie<\/p>\n\t\t<p class=\"wp-block-evida-produkt-teaser__link-text\">En savoir plus sur Biomed Evida GlucoBalance<\/p>\n\t<\/a>\n<\/div>\n\n\n<div class=\"wp-block-evida-produkt-teaser\">\n\t<a href=\"https:\/\/biomed-evida.ch\/fr\/produit\/biomed-evida-fibreplus\/\" class=\"wp-block-evida-produkt-teaser__wrap\">\n\t\t<div class=\"wp-block-evida-produkt-teaser__hexagon-wrap\">\n\t\t\t<div class=\"wp-block-evida-produkt-teaser__hexagon\" style=\"--product-color: #b9bfe2\"><\/div>\n\t\t\t<img decoding=\"async\" src=\"https:\/\/biomed-evida.ch\/wp-content\/uploads\/2026\/02\/Biomed_Evida_FibrePlus_DE-scaled.png\" alt=\"Packshot Biomed Evida FibrePlus zur Erg\u00e4nzung der Ballaststoffzufuhr \" class=\"wp-block-evida-produkt-teaser__image wp-block-evida-produkt-teaser__image--small\">\t\t<\/div>\n\t\t<h3 class=\"wp-block-evida-produkt-teaser__title\">Biomed Evida FibrePlus<\/h3>\n\t\t<p class=\"wp-block-evida-produkt-teaser__function\">Apport en fibres alimentaires<\/p>\n\t\t<p class=\"wp-block-evida-produkt-teaser__link-text\">En savoir plus sur Biomed Evida FibrePlus<\/p>\n\t<\/a>\n<\/div>\n\n\n\n<div class=\"wp-block-buttons is-layout-flex wp-container-core-buttons-is-layout-1b5283a8 wp-block-buttons-is-layout-flex\"><\/div>\n<\/div>\n\n\n\n<div style=\"height:15vw\" aria-hidden=\"true\" class=\"wp-block-spacer\"><\/div>\n<\/div><\/section>\n\n\n\n<section class=\"wp-block-evida-abschnitt alignfull\"><div class=\"wp-block-evida-abschnitt__inner wp-block-evida-abschnitt__inner--wide\">\n<h2 class=\"wp-block-heading\">Mieux comprendre le m\u00e9tabolisme<\/h2>\n\n\n\n<div style=\"height:1em\" aria-hidden=\"true\" class=\"wp-block-spacer\"><\/div>\n\n\n\n<div class=\"wp-block-columns is-layout-flex wp-container-core-columns-is-layout-f56f613f wp-block-columns-is-layout-flex\">\n<div class=\"wp-block-column is-layout-flow wp-block-column-is-layout-flow\">\n<div class=\"wp-block-query is-layout-flow wp-block-query-is-layout-flow\"><ul class=\"wp-block-post-template is-layout-flow wp-block-post-template-is-layout-flow\"><li class=\"wp-block-post post-340 wissen type-wissen status-publish hentry wissen_kategorie-salute-metabolica\">\n<div class=\"wp-block-evida-wissen-loop-element\">\n\t<a href=\"https:\/\/biomed-evida.ch\/fr\/savoir\/sante-metabolique\/\" class=\"wp-block-evida-wissen-loop-element__wrap\">\n\t\t<div class=\"wp-block-evida-wissen-loop-element__icon\">\n\t\t\t<img loading=\"lazy\" decoding=\"async\" src=\"https:\/\/biomed-evida.ch\/wp-content\/uploads\/2026\/02\/biomed-evida-stoffwechsel.svg\" alt=\"Biomed Evida Icon Stoffwechsel\" width=\"80\" height=\"72\">\t\t<\/div>\n\t\t<div class=\"wp-block-evida-wissen-loop-element__content\">\n\t\t\t<h4 class=\"wp-block-evida-wissen-loop-element__title\">Sant\u00e9 m\u00e9tabolique<\/h4>\n\t\t\t<p class=\"wp-block-evida-wissen-loop-element__excerpt\">\n\t\t\t\tQuels sont les facteurs importants ?\t\t\t\t<span class=\"wp-block-evida-wissen-loop-element__arrow\"><svg xmlns=\"http:\/\/www.w3.org\/2000\/svg\" width=\"15\" height=\"14\" viewBox=\"0 0 15 14\" fill=\"none\"><path class=\"wp-block-evida-wissen-loop-element__arrow-stem\" d=\"M12.963 6.94995H0\" stroke=\"currentColor\" stroke-width=\"1.5\"\/><path d=\"M8.42578 0.468506L13.611 6.94999L8.42578 13.4315\" stroke=\"currentColor\" stroke-width=\"1.5\"\/><\/svg><\/span>\t\t\t<\/p>\n\t\t<\/div>\n\t<\/a>\n<\/div>\n\n<\/li><li class=\"wp-block-post post-390 wissen type-wissen status-publish hentry wissen_kategorie-glycemie\">\n<div class=\"wp-block-evida-wissen-loop-element\">\n\t<a href=\"https:\/\/biomed-evida.ch\/fr\/savoir\/glycemie\/\" class=\"wp-block-evida-wissen-loop-element__wrap\">\n\t\t<div class=\"wp-block-evida-wissen-loop-element__icon\">\n\t\t\t<img loading=\"lazy\" decoding=\"async\" src=\"https:\/\/biomed-evida.ch\/wp-content\/uploads\/2026\/02\/biomed-evida-Blutzucker.svg\" alt=\"Biomed Evida Icon f\u00fcr Blutzucker\" width=\"80\" height=\"72\">\t\t<\/div>\n\t\t<div class=\"wp-block-evida-wissen-loop-element__content\">\n\t\t\t<h4 class=\"wp-block-evida-wissen-loop-element__title\">Glyc\u00e9mie<\/h4>\n\t\t\t<p class=\"wp-block-evida-wissen-loop-element__excerpt\">\n\t\t\t\tInterpr\u00e9ter les fluctuations\t\t\t\t<span class=\"wp-block-evida-wissen-loop-element__arrow\"><svg xmlns=\"http:\/\/www.w3.org\/2000\/svg\" width=\"15\" height=\"14\" viewBox=\"0 0 15 14\" fill=\"none\"><path class=\"wp-block-evida-wissen-loop-element__arrow-stem\" d=\"M12.963 6.94995H0\" stroke=\"currentColor\" stroke-width=\"1.5\"\/><path d=\"M8.42578 0.468506L13.611 6.94999L8.42578 13.4315\" stroke=\"currentColor\" stroke-width=\"1.5\"\/><\/svg><\/span>\t\t\t<\/p>\n\t\t<\/div>\n\t<\/a>\n<\/div>\n\n<\/li><\/ul><\/div>\n<\/div>\n\n\n\n<div class=\"wp-block-column is-layout-flow wp-block-column-is-layout-flow\">\n<div class=\"wp-block-query is-layout-flow wp-block-query-is-layout-flow\"><ul class=\"wp-block-post-template is-layout-flow wp-block-post-template-is-layout-flow\"><li class=\"wp-block-post post-341 wissen type-wissen status-publish hentry wissen_kategorie-fibres\">\n<div class=\"wp-block-evida-wissen-loop-element\">\n\t<a href=\"https:\/\/biomed-evida.ch\/fr\/savoir\/fibres\/\" class=\"wp-block-evida-wissen-loop-element__wrap\">\n\t\t<div class=\"wp-block-evida-wissen-loop-element__icon\">\n\t\t\t<img loading=\"lazy\" decoding=\"async\" src=\"https:\/\/biomed-evida.ch\/wp-content\/uploads\/2026\/02\/biomed-evida-Ballaststoffe.svg\" alt=\"Biomed Evida Icon Ballaststoffe\" width=\"80\" height=\"72\">\t\t<\/div>\n\t\t<div class=\"wp-block-evida-wissen-loop-element__content\">\n\t\t\t<h4 class=\"wp-block-evida-wissen-loop-element__title\">Fibres<\/h4>\n\t\t\t<p class=\"wp-block-evida-wissen-loop-element__excerpt\">\n\t\t\t\tLa digestion et bien plus encore\t\t\t\t<span class=\"wp-block-evida-wissen-loop-element__arrow\"><svg xmlns=\"http:\/\/www.w3.org\/2000\/svg\" width=\"15\" height=\"14\" viewBox=\"0 0 15 14\" fill=\"none\"><path class=\"wp-block-evida-wissen-loop-element__arrow-stem\" d=\"M12.963 6.94995H0\" stroke=\"currentColor\" stroke-width=\"1.5\"\/><path d=\"M8.42578 0.468506L13.611 6.94999L8.42578 13.4315\" stroke=\"currentColor\" stroke-width=\"1.5\"\/><\/svg><\/span>\t\t\t<\/p>\n\t\t<\/div>\n\t<\/a>\n<\/div>\n\n<\/li><li class=\"wp-block-post post-398 wissen type-wissen status-publish hentry wissen_kategorie-gestione-del-peso\">\n<div class=\"wp-block-evida-wissen-loop-element\">\n\t<a href=\"https:\/\/biomed-evida.ch\/fr\/savoir\/gestion-du-poids\/\" class=\"wp-block-evida-wissen-loop-element__wrap\">\n\t\t<div class=\"wp-block-evida-wissen-loop-element__icon\">\n\t\t\t<img loading=\"lazy\" decoding=\"async\" src=\"https:\/\/biomed-evida.ch\/wp-content\/uploads\/2026\/02\/biomed-evida-Gewichtskontrolle.svg\" alt=\"Biomed Evida Icon Gewichtskontrolle\" width=\"80\" height=\"72\">\t\t<\/div>\n\t\t<div class=\"wp-block-evida-wissen-loop-element__content\">\n\t\t\t<h4 class=\"wp-block-evida-wissen-loop-element__title\">Gestion du poids<\/h4>\n\t\t\t<p class=\"wp-block-evida-wissen-loop-element__excerpt\">\n\t\t\t\tBien plus qu&#039;un simple comptage de calories\t\t\t\t<span class=\"wp-block-evida-wissen-loop-element__arrow\"><svg xmlns=\"http:\/\/www.w3.org\/2000\/svg\" width=\"15\" height=\"14\" viewBox=\"0 0 15 14\" fill=\"none\"><path class=\"wp-block-evida-wissen-loop-element__arrow-stem\" d=\"M12.963 6.94995H0\" stroke=\"currentColor\" stroke-width=\"1.5\"\/><path d=\"M8.42578 0.468506L13.611 6.94999L8.42578 13.4315\" stroke=\"currentColor\" stroke-width=\"1.5\"\/><\/svg><\/span>\t\t\t<\/p>\n\t\t<\/div>\n\t<\/a>\n<\/div>\n\n<\/li><\/ul><\/div>\n<\/div>\n<\/div>\n<\/div><\/section>\n\n\n\n<section class=\"wp-block-evida-abschnitt alignfull has-background-color has-primary-background-color has-text-color has-background has-link-color wp-elements-3\"><div class=\"wp-block-evida-abschnitt__inner wp-block-evida-abschnitt__inner--wide\">\n<div class=\"wp-block-media-text has-media-on-the-right is-stacked-on-mobile is-vertically-aligned-top\"><div class=\"wp-block-media-text__content\">\n<h2 class=\"wp-block-heading\">O\u00f9 puis-je acheter les produits Biomed Evida?<\/h2>\n\n\n\n<p class=\"wp-block-paragraph\">Les produits Biomed Evida sont disponibles en pharmacie et en droguerie ainsi que dans certaines boutiques partenaires.<\/p>\n\n\n\n<div class=\"wp-block-buttons is-layout-flex wp-block-buttons-is-layout-flex\">\n<div class=\"wp-block-button\"><a class=\"wp-block-button__link wp-element-button\" href=\"https:\/\/biomed-evida.ch\/fr\/acheter-un-produit\/\">Commander ici<\/a><\/div>\n<\/div>\n<\/div><figure class=\"wp-block-media-text__media\"><\/figure><\/div>\n<\/div><\/section>\n\n\n\n<p class=\"wp-block-paragraph\"><\/p>\n","protected":false},"excerpt":{"rendered":"","protected":false},"author":1,"featured_media":0,"parent":0,"menu_order":0,"comment_status":"closed","ping_status":"closed","template":"","meta":{"_acf_changed":false,"inline_featured_image":false,"evida_vote_up":0,"evida_vote_down":0,"footnotes":""},"class_list":["post-698","page","type-page","status-publish","hentry"],"acf":[],"yoast_head":"<!-- This site is optimized with the Yoast SEO plugin v27.2 - https:\/\/yoast.com\/product\/yoast-seo-wordpress\/ -->\n<title>Produits | Biomed Evida<\/title>\n<meta name=\"description\" content=\"Produits pour le contr\u00f4le du poids, les r\u00e9gimes, la glyc\u00e9mie et l\u2019apport en fibres \u2013 en compl\u00e9ment d\u2019une alimentation \u00e9quilibr\u00e9e.\" \/>\n<meta name=\"robots\" content=\"index, follow, max-snippet:-1, max-image-preview:large, max-video-preview:-1\" \/>\n<link rel=\"canonical\" href=\"https:\/\/biomed-evida.ch\/fr\/produits\/\" \/>\n<meta property=\"og:locale\" content=\"fr_FR\" \/>\n<meta property=\"og:type\" content=\"article\" \/>\n<meta property=\"og:title\" content=\"Produits | Biomed Evida\" \/>\n<meta property=\"og:description\" content=\"Produits pour le contr\u00f4le du poids, les r\u00e9gimes, la glyc\u00e9mie et l\u2019apport en fibres \u2013 en compl\u00e9ment d\u2019une alimentation \u00e9quilibr\u00e9e.\" \/>\n<meta property=\"og:url\" content=\"https:\/\/biomed-evida.ch\/fr\/produits\/\" \/>\n<meta property=\"og:site_name\" content=\"Biomed Evida\" \/>\n<meta property=\"article:publisher\" content=\"https:\/\/www.facebook.com\/biomed.evida\" \/>\n<meta property=\"article:modified_time\" content=\"2026-05-12T07:16:46+00:00\" \/>\n<meta property=\"og:image\" content=\"https:\/\/biomed-evida.ch\/wp-content\/uploads\/2026\/04\/biomed-evida-gewichtskontrolle-weiss.svg\" \/>\n<meta name=\"twitter:card\" content=\"summary_large_image\" \/>\n<meta name=\"twitter:label1\" content=\"Dur\u00e9e de lecture estim\u00e9e\" \/>\n\t<meta name=\"twitter:data1\" content=\"2 minutes\" \/>\n<script type=\"application\/ld+json\" class=\"yoast-schema-graph\">{\"@context\":\"https:\/\/schema.org\",\"@graph\":[{\"@type\":\"WebPage\",\"@id\":\"https:\/\/biomed-evida.ch\/fr\/produits\/\",\"url\":\"https:\/\/biomed-evida.ch\/fr\/produits\/\",\"name\":\"Produits | Biomed Evida\",\"isPartOf\":{\"@id\":\"https:\/\/biomed-evida.ch\/fr\/#website\"},\"primaryImageOfPage\":{\"@id\":\"https:\/\/biomed-evida.ch\/fr\/produits\/#primaryimage\"},\"image\":{\"@id\":\"https:\/\/biomed-evida.ch\/fr\/produits\/#primaryimage\"},\"thumbnailUrl\":\"https:\/\/biomed-evida.ch\/wp-content\/uploads\/2026\/04\/biomed-evida-gewichtskontrolle-weiss.svg\",\"datePublished\":\"2026-02-26T12:04:17+00:00\",\"dateModified\":\"2026-05-12T07:16:46+00:00\",\"description\":\"Produits pour le contr\u00f4le du poids, les r\u00e9gimes, la glyc\u00e9mie et l\u2019apport en fibres \u2013 en compl\u00e9ment d\u2019une alimentation \u00e9quilibr\u00e9e.\",\"breadcrumb\":{\"@id\":\"https:\/\/biomed-evida.ch\/fr\/produits\/#breadcrumb\"},\"inLanguage\":\"fr-FR\",\"potentialAction\":[{\"@type\":\"ReadAction\",\"target\":[\"https:\/\/biomed-evida.ch\/fr\/produits\/\"]}]},{\"@type\":\"ImageObject\",\"inLanguage\":\"fr-FR\",\"@id\":\"https:\/\/biomed-evida.ch\/fr\/produits\/#primaryimage\",\"url\":\"https:\/\/biomed-evida.ch\/wp-content\/uploads\/2026\/04\/biomed-evida-gewichtskontrolle-weiss.svg\",\"contentUrl\":\"https:\/\/biomed-evida.ch\/wp-content\/uploads\/2026\/04\/biomed-evida-gewichtskontrolle-weiss.svg\"},{\"@type\":\"BreadcrumbList\",\"@id\":\"https:\/\/biomed-evida.ch\/fr\/produits\/#breadcrumb\",\"itemListElement\":[{\"@type\":\"ListItem\",\"position\":1,\"name\":\"Home\",\"item\":\"https:\/\/biomed-evida.ch\/fr\/\"},{\"@type\":\"ListItem\",\"position\":2,\"name\":\"Produits\"}]},{\"@type\":\"WebSite\",\"@id\":\"https:\/\/biomed-evida.ch\/fr\/#website\",\"url\":\"https:\/\/biomed-evida.ch\/fr\/\",\"name\":\"Biomed Evida\",\"description\":\"Gut leben \u2013 heute und morgen\",\"publisher\":{\"@id\":\"https:\/\/biomed-evida.ch\/fr\/#organization\"},\"alternateName\":\"Gut leben \u2013 heute und morgen\",\"potentialAction\":[{\"@type\":\"SearchAction\",\"target\":{\"@type\":\"EntryPoint\",\"urlTemplate\":\"https:\/\/biomed-evida.ch\/fr\/?s={search_term_string}\"},\"query-input\":{\"@type\":\"PropertyValueSpecification\",\"valueRequired\":true,\"valueName\":\"search_term_string\"}}],\"inLanguage\":\"fr-FR\"},{\"@type\":\"Organization\",\"@id\":\"https:\/\/biomed-evida.ch\/fr\/#organization\",\"name\":\"Biomed Evida\",\"url\":\"https:\/\/biomed-evida.ch\/fr\/\",\"logo\":{\"@type\":\"ImageObject\",\"inLanguage\":\"fr-FR\",\"@id\":\"https:\/\/biomed-evida.ch\/fr\/#\/schema\/logo\/image\/\",\"url\":\"https:\/\/biomed-evida.ch\/wp-content\/uploads\/2026\/03\/logo.svg\",\"contentUrl\":\"https:\/\/biomed-evida.ch\/wp-content\/uploads\/2026\/03\/logo.svg\",\"width\":143,\"height\":54,\"caption\":\"Biomed Evida\"},\"image\":{\"@id\":\"https:\/\/biomed-evida.ch\/fr\/#\/schema\/logo\/image\/\"},\"sameAs\":[\"https:\/\/www.facebook.com\/biomed.evida\",\"https:\/\/www.instagram.com\/biomed.evida?igsh=OGdrN2hwZjUyMXc5\"]}]}<\/script>\n<!-- \/ Yoast SEO plugin. -->","yoast_head_json":{"title":"Produits | Biomed Evida","description":"Produits pour le contr\u00f4le du poids, les r\u00e9gimes, la glyc\u00e9mie et l\u2019apport en fibres \u2013 en compl\u00e9ment d\u2019une alimentation \u00e9quilibr\u00e9e.","robots":{"index":"index","follow":"follow","max-snippet":"max-snippet:-1","max-image-preview":"max-image-preview:large","max-video-preview":"max-video-preview:-1"},"canonical":"https:\/\/biomed-evida.ch\/fr\/produits\/","og_locale":"fr_FR","og_type":"article","og_title":"Produits | Biomed Evida","og_description":"Produits pour le contr\u00f4le du poids, les r\u00e9gimes, la glyc\u00e9mie et l\u2019apport en fibres \u2013 en compl\u00e9ment d\u2019une alimentation \u00e9quilibr\u00e9e.","og_url":"https:\/\/biomed-evida.ch\/fr\/produits\/","og_site_name":"Biomed Evida","article_publisher":"https:\/\/www.facebook.com\/biomed.evida","article_modified_time":"2026-05-12T07:16:46+00:00","og_image":[{"url":"https:\/\/biomed-evida.ch\/wp-content\/uploads\/2026\/04\/biomed-evida-gewichtskontrolle-weiss.svg","type":"","width":"","height":""}],"twitter_card":"summary_large_image","twitter_misc":{"Dur\u00e9e de lecture estim\u00e9e":"2 minutes"},"schema":{"@context":"https:\/\/schema.org","@graph":[{"@type":"WebPage","@id":"https:\/\/biomed-evida.ch\/fr\/produits\/","url":"https:\/\/biomed-evida.ch\/fr\/produits\/","name":"Produits | Biomed Evida","isPartOf":{"@id":"https:\/\/biomed-evida.ch\/fr\/#website"},"primaryImageOfPage":{"@id":"https:\/\/biomed-evida.ch\/fr\/produits\/#primaryimage"},"image":{"@id":"https:\/\/biomed-evida.ch\/fr\/produits\/#primaryimage"},"thumbnailUrl":"https:\/\/biomed-evida.ch\/wp-content\/uploads\/2026\/04\/biomed-evida-gewichtskontrolle-weiss.svg","datePublished":"2026-02-26T12:04:17+00:00","dateModified":"2026-05-12T07:16:46+00:00","description":"Produits pour le contr\u00f4le du poids, les r\u00e9gimes, la glyc\u00e9mie et l\u2019apport en fibres \u2013 en compl\u00e9ment d\u2019une alimentation \u00e9quilibr\u00e9e.","breadcrumb":{"@id":"https:\/\/biomed-evida.ch\/fr\/produits\/#breadcrumb"},"inLanguage":"fr-FR","potentialAction":[{"@type":"ReadAction","target":["https:\/\/biomed-evida.ch\/fr\/produits\/"]}]},{"@type":"ImageObject","inLanguage":"fr-FR","@id":"https:\/\/biomed-evida.ch\/fr\/produits\/#primaryimage","url":"https:\/\/biomed-evida.ch\/wp-content\/uploads\/2026\/04\/biomed-evida-gewichtskontrolle-weiss.svg","contentUrl":"https:\/\/biomed-evida.ch\/wp-content\/uploads\/2026\/04\/biomed-evida-gewichtskontrolle-weiss.svg"},{"@type":"BreadcrumbList","@id":"https:\/\/biomed-evida.ch\/fr\/produits\/#breadcrumb","itemListElement":[{"@type":"ListItem","position":1,"name":"Home","item":"https:\/\/biomed-evida.ch\/fr\/"},{"@type":"ListItem","position":2,"name":"Produits"}]},{"@type":"WebSite","@id":"https:\/\/biomed-evida.ch\/fr\/#website","url":"https:\/\/biomed-evida.ch\/fr\/","name":"Biomed Evida","description":"Gut leben \u2013 heute und morgen","publisher":{"@id":"https:\/\/biomed-evida.ch\/fr\/#organization"},"alternateName":"Gut leben \u2013 heute und morgen","potentialAction":[{"@type":"SearchAction","target":{"@type":"EntryPoint","urlTemplate":"https:\/\/biomed-evida.ch\/fr\/?s={search_term_string}"},"query-input":{"@type":"PropertyValueSpecification","valueRequired":true,"valueName":"search_term_string"}}],"inLanguage":"fr-FR"},{"@type":"Organization","@id":"https:\/\/biomed-evida.ch\/fr\/#organization","name":"Biomed Evida","url":"https:\/\/biomed-evida.ch\/fr\/","logo":{"@type":"ImageObject","inLanguage":"fr-FR","@id":"https:\/\/biomed-evida.ch\/fr\/#\/schema\/logo\/image\/","url":"https:\/\/biomed-evida.ch\/wp-content\/uploads\/2026\/03\/logo.svg","contentUrl":"https:\/\/biomed-evida.ch\/wp-content\/uploads\/2026\/03\/logo.svg","width":143,"height":54,"caption":"Biomed Evida"},"image":{"@id":"https:\/\/biomed-evida.ch\/fr\/#\/schema\/logo\/image\/"},"sameAs":["https:\/\/www.facebook.com\/biomed.evida","https:\/\/www.instagram.com\/biomed.evida?igsh=OGdrN2hwZjUyMXc5"]}]}},"_links":{"self":[{"href":"https:\/\/biomed-evida.ch\/fr\/wp-json\/wp\/v2\/pages\/698","targetHints":{"allow":["GET"]}}],"collection":[{"href":"https:\/\/biomed-evida.ch\/fr\/wp-json\/wp\/v2\/pages"}],"about":[{"href":"https:\/\/biomed-evida.ch\/fr\/wp-json\/wp\/v2\/types\/page"}],"author":[{"embeddable":true,"href":"https:\/\/biomed-evida.ch\/fr\/wp-json\/wp\/v2\/users\/1"}],"replies":[{"embeddable":true,"href":"https:\/\/biomed-evida.ch\/fr\/wp-json\/wp\/v2\/comments?post=698"}],"version-history":[{"count":18,"href":"https:\/\/biomed-evida.ch\/fr\/wp-json\/wp\/v2\/pages\/698\/revisions"}],"predecessor-version":[{"id":1556,"href":"https:\/\/biomed-evida.ch\/fr\/wp-json\/wp\/v2\/pages\/698\/revisions\/1556"}],"wp:attachment":[{"href":"https:\/\/biomed-evida.ch\/fr\/wp-json\/wp\/v2\/media?parent=698"}],"curies":[{"name":"wp","href":"https:\/\/api.w.org\/{rel}","templated":true}]}}