{"id":705,"date":"2026-03-22T23:02:04","date_gmt":"2026-03-22T23:02:04","guid":{"rendered":"https:\/\/biomed-evida.ch\/?page_id=705"},"modified":"2026-05-12T07:06:52","modified_gmt":"2026-05-12T07:06:52","slug":"informations","status":"publish","type":"page","link":"https:\/\/biomed-evida.ch\/fr\/informations\/","title":{"rendered":"Informations"},"content":{"rendered":"\n<section class=\"wp-block-evida-abschnitt alignfull is-style-diagonal has-background-color has-foreground-background-color has-text-color has-background has-link-color wp-elements-1\" style=\"--image-opacity:0.7;--bg-image:url(https:\/\/biomed-evida.ch\/wp-content\/uploads\/2026\/03\/biomed-evida-wissen.jpg);background-image:url(&apos;https:\/\/biomed-evida.ch\/wp-content\/uploads\/2026\/03\/biomed-evida-wissen.jpg&apos;);background-position:52% 26%;background-size:cover;background-attachment:scroll;\"><div class=\"wp-block-evida-abschnitt__inner wp-block-evida-abschnitt__inner--wide\">\n<div class=\"wp-block-columns is-layout-flex wp-container-core-columns-is-layout-f56f613f wp-block-columns-is-layout-flex\">\n<div class=\"wp-block-column is-layout-flow wp-block-column-is-layout-flow\"><div class=\"yoast-breadcrumbs\"><span><span><a href=\"https:\/\/biomed-evida.ch\/fr\/\">Home<\/a><\/span> <span class=\"breadcrumb_separator\">\/<\/span> <span class=\"breadcrumb_last\" aria-current=\"page\">Informations<\/span><\/span><\/div>\n\n\n<h1 class=\"wp-block-heading\"><strong><strong>Informations<\/strong><\/strong><\/h1>\n<\/div>\n\n\n\n<div class=\"wp-block-column is-layout-flow wp-block-column-is-layout-flow\"><\/div>\n<\/div>\n<\/div><\/section>\n\n\n\n<section class=\"wp-block-evida-abschnitt alignfull is-style-default\"><div class=\"wp-block-evida-abschnitt__inner wp-block-evida-abschnitt__inner--wide\">\n<h2 class=\"wp-block-heading\">Th\u00e8mes<\/h2>\n\n\n\n<p class=\"is-style-subline wp-block-paragraph\">Informations sur le m\u00e9tabolisme, la glyc\u00e9mie, les fibres et la gestion du poids, <br>explications des principales corr\u00e9lations et r\u00e9ponses compr\u00e9hensibles aux questions fr\u00e9quentes.<\/p>\n\n\n\n<div style=\"height:2em\" aria-hidden=\"true\" class=\"wp-block-spacer\"><\/div>\n\n\n\n<div class=\"wp-block-group is-style-themen-3-spaltig is-layout-constrained wp-block-group-is-layout-constrained\"><div class=\"wp-block-evida-thema\">\n\t<div class=\"wp-block-evida-thema__card\">\n\t\t\t\t<div class=\"wp-block-evida-thema__icon-wrap\">\n\t\t\t<img decoding=\"async\" class=\"wp-block-evida-thema__icon\" src=\"https:\/\/biomed-evida.ch\/wp-content\/uploads\/2026\/02\/biomed-evida-stoffwechsel.svg\" alt=\"Biomed Evida Icon Stoffwechsel\">\n\t\t<\/div>\n\t\t\n\t\t\t\t<h3 class=\"wp-block-evida-thema__heading\">Sant\u00e9 m\u00e9tabolique<\/h3>\n\t\t\n\t\t<div class=\"wp-block-evida-thema__content\">\n\t\t\t\n<div class=\"wp-block-evida-thema\">\n<p class=\"wp-block-paragraph\">Caract\u00e9ristiques de la sant\u00e9 m\u00e9tabolique et facteurs ayant une incidence sur le m\u00e9tabolisme.<\/p>\n<\/div>\n\t\t<\/div>\n\n\t\t\t\t<div class=\"wp-block-evida-thema__button-wrap\">\n\t\t\t<a class=\"wp-block-evida-thema__button\" href=\"https:\/\/biomed-evida.ch\/fr\/savoir\/sante-metabolique\/\">En savoir plus<\/a>\n\t\t<\/div>\n\t\t\t<\/div>\n<\/div>\n\n\n<div class=\"wp-block-evida-thema\">\n\t<div class=\"wp-block-evida-thema__card\">\n\t\t\t\t<div class=\"wp-block-evida-thema__icon-wrap\">\n\t\t\t<img decoding=\"async\" class=\"wp-block-evida-thema__icon\" src=\"https:\/\/biomed-evida.ch\/wp-content\/uploads\/2026\/02\/biomed-evida-Blutzucker.svg\" alt=\"Biomed Evida Icon f\u00fcr Blutzucker\">\n\t\t<\/div>\n\t\t\n\t\t\t\t<h3 class=\"wp-block-evida-thema__heading\">Glyc\u00e9mie<\/h3>\n\t\t\n\t\t<div class=\"wp-block-evida-thema__content\">\n\t\t\t\n<div class=\"wp-block-evida-thema\">\n<p class=\"wp-block-paragraph\">Comprendre la glyc\u00e9mie et mieux appr\u00e9hender les fluctuations au quotidien.<\/p>\n<\/div>\n\t\t<\/div>\n\n\t\t\t\t<div class=\"wp-block-evida-thema__button-wrap\">\n\t\t\t<a class=\"wp-block-evida-thema__button\" href=\"https:\/\/biomed-evida.ch\/fr\/savoir\/glycemie\/\">En savoir plus<\/a>\n\t\t<\/div>\n\t\t\t<\/div>\n<\/div>\n\n\n<div class=\"wp-block-evida-thema\">\n\t<div class=\"wp-block-evida-thema__card\">\n\t\t\t\t<div class=\"wp-block-evida-thema__icon-wrap\">\n\t\t\t<img decoding=\"async\" class=\"wp-block-evida-thema__icon\" src=\"https:\/\/biomed-evida.ch\/wp-content\/uploads\/2026\/02\/biomed-evida-Ballaststoffe.svg\" alt=\"Biomed Evida Icon Ballaststoffe\">\n\t\t<\/div>\n\t\t\n\t\t\t\t<h3 class=\"wp-block-evida-thema__heading\">Fibres<\/h3>\n\t\t\n\t\t<div class=\"wp-block-evida-thema__content\">\n\t\t\t\n<div class=\"wp-block-evida-thema\">\n<p class=\"wp-block-paragraph\">Pourquoi les fibres sont importantes pour la digestion, le microbiome et le m\u00e9tabolisme.<\/p>\n<\/div>\n\t\t<\/div>\n\n\t\t\t\t<div class=\"wp-block-evida-thema__button-wrap\">\n\t\t\t<a class=\"wp-block-evida-thema__button\" href=\"https:\/\/biomed-evida.ch\/fr\/savoir\/fibres\/\">En savoir plus<\/a>\n\t\t<\/div>\n\t\t\t<\/div>\n<\/div>\n\n\n<div class=\"wp-block-evida-thema\">\n\t<div class=\"wp-block-evida-thema__card\">\n\t\t\t\t<div class=\"wp-block-evida-thema__icon-wrap\">\n\t\t\t<img decoding=\"async\" class=\"wp-block-evida-thema__icon\" src=\"https:\/\/biomed-evida.ch\/wp-content\/uploads\/2026\/02\/biomed-evida-Gewichtskontrolle.svg\" alt=\"Biomed Evida Icon Gewichtskontrolle\">\n\t\t<\/div>\n\t\t\n\t\t\t\t<h3 class=\"wp-block-evida-thema__heading\">Gestion du poids<\/h3>\n\t\t\n\t\t<div class=\"wp-block-evida-thema__content\">\n\t\t\t\n<div class=\"wp-block-evida-thema\">\n<p class=\"wp-block-paragraph\">Pour contr\u00f4ler durablement son poids, il ne suffit pas de compter les calories.<\/p>\n<\/div>\n\t\t<\/div>\n\n\t\t\t\t<div class=\"wp-block-evida-thema__button-wrap\">\n\t\t\t<a class=\"wp-block-evida-thema__button\" href=\"https:\/\/biomed-evida.ch\/fr\/savoir\/gestion-du-poids\/\">En savoir plus<\/a>\n\t\t<\/div>\n\t\t\t<\/div>\n<\/div>\n<\/div>\n<\/div><\/section>\n\n\n\n<section style=\"background-image:url(&apos;https:\/\/biomed-evida.ch\/wp-content\/uploads\/2026\/04\/biomed-evida-footer-image.jpg&apos;);background-position:35% 44%;background-size:cover;\" class=\"wp-block-evida-abschnitt alignfull is-style-diagonal has-background\"><div class=\"wp-block-evida-abschnitt__inner wp-block-evida-abschnitt__inner--wide\">\n<p class=\"wp-block-paragraph\"><\/p>\n<\/div><\/section>\n","protected":false},"excerpt":{"rendered":"","protected":false},"author":1,"featured_media":0,"parent":0,"menu_order":0,"comment_status":"closed","ping_status":"closed","template":"","meta":{"_acf_changed":false,"inline_featured_image":false,"evida_vote_up":0,"evida_vote_down":0,"footnotes":""},"class_list":["post-705","page","type-page","status-publish","hentry"],"acf":[],"yoast_head":"<!-- This site is optimized with the Yoast SEO plugin v27.2 - https:\/\/yoast.com\/product\/yoast-seo-wordpress\/ -->\n<title>Informations | Biomed Evida<\/title>\n<meta name=\"description\" content=\"Informations sur m\u00e9tabolisme, glyc\u00e9mie, fibres et gestion du poids : corr\u00e9lations cl\u00e9s et r\u00e9ponses claires aux questions fr\u00e9quentes.\" \/>\n<meta name=\"robots\" content=\"index, follow, max-snippet:-1, max-image-preview:large, max-video-preview:-1\" \/>\n<link rel=\"canonical\" href=\"https:\/\/biomed-evida.ch\/fr\/informations\/\" \/>\n<meta property=\"og:locale\" content=\"fr_FR\" \/>\n<meta property=\"og:type\" content=\"article\" \/>\n<meta property=\"og:title\" content=\"Informations | Biomed Evida\" \/>\n<meta property=\"og:description\" content=\"Informations sur m\u00e9tabolisme, glyc\u00e9mie, fibres et gestion du poids : corr\u00e9lations cl\u00e9s et r\u00e9ponses claires aux questions fr\u00e9quentes.\" \/>\n<meta property=\"og:url\" content=\"https:\/\/biomed-evida.ch\/fr\/informations\/\" \/>\n<meta property=\"og:site_name\" content=\"Biomed Evida\" \/>\n<meta property=\"article:publisher\" content=\"https:\/\/www.facebook.com\/biomed.evida\" \/>\n<meta property=\"article:modified_time\" content=\"2026-05-12T07:06:52+00:00\" \/>\n<meta name=\"twitter:card\" content=\"summary_large_image\" \/>\n<meta name=\"twitter:label1\" content=\"Dur\u00e9e de lecture estim\u00e9e\" \/>\n\t<meta name=\"twitter:data1\" content=\"1 minute\" \/>\n<script type=\"application\/ld+json\" class=\"yoast-schema-graph\">{\"@context\":\"https:\/\/schema.org\",\"@graph\":[{\"@type\":\"WebPage\",\"@id\":\"https:\/\/biomed-evida.ch\/fr\/informations\/\",\"url\":\"https:\/\/biomed-evida.ch\/fr\/informations\/\",\"name\":\"Informations | Biomed Evida\",\"isPartOf\":{\"@id\":\"https:\/\/biomed-evida.ch\/fr\/#website\"},\"datePublished\":\"2026-03-22T23:02:04+00:00\",\"dateModified\":\"2026-05-12T07:06:52+00:00\",\"description\":\"Informations sur m\u00e9tabolisme, glyc\u00e9mie, fibres et gestion du poids : corr\u00e9lations cl\u00e9s et r\u00e9ponses claires aux questions fr\u00e9quentes.\",\"breadcrumb\":{\"@id\":\"https:\/\/biomed-evida.ch\/fr\/informations\/#breadcrumb\"},\"inLanguage\":\"fr-FR\",\"potentialAction\":[{\"@type\":\"ReadAction\",\"target\":[\"https:\/\/biomed-evida.ch\/fr\/informations\/\"]}]},{\"@type\":\"BreadcrumbList\",\"@id\":\"https:\/\/biomed-evida.ch\/fr\/informations\/#breadcrumb\",\"itemListElement\":[{\"@type\":\"ListItem\",\"position\":1,\"name\":\"Home\",\"item\":\"https:\/\/biomed-evida.ch\/fr\/\"},{\"@type\":\"ListItem\",\"position\":2,\"name\":\"Informations\"}]},{\"@type\":\"WebSite\",\"@id\":\"https:\/\/biomed-evida.ch\/fr\/#website\",\"url\":\"https:\/\/biomed-evida.ch\/fr\/\",\"name\":\"Biomed Evida\",\"description\":\"Gut leben \u2013 heute und morgen\",\"publisher\":{\"@id\":\"https:\/\/biomed-evida.ch\/fr\/#organization\"},\"alternateName\":\"Gut leben \u2013 heute und morgen\",\"potentialAction\":[{\"@type\":\"SearchAction\",\"target\":{\"@type\":\"EntryPoint\",\"urlTemplate\":\"https:\/\/biomed-evida.ch\/fr\/?s={search_term_string}\"},\"query-input\":{\"@type\":\"PropertyValueSpecification\",\"valueRequired\":true,\"valueName\":\"search_term_string\"}}],\"inLanguage\":\"fr-FR\"},{\"@type\":\"Organization\",\"@id\":\"https:\/\/biomed-evida.ch\/fr\/#organization\",\"name\":\"Biomed Evida\",\"url\":\"https:\/\/biomed-evida.ch\/fr\/\",\"logo\":{\"@type\":\"ImageObject\",\"inLanguage\":\"fr-FR\",\"@id\":\"https:\/\/biomed-evida.ch\/fr\/#\/schema\/logo\/image\/\",\"url\":\"https:\/\/biomed-evida.ch\/wp-content\/uploads\/2026\/03\/logo.svg\",\"contentUrl\":\"https:\/\/biomed-evida.ch\/wp-content\/uploads\/2026\/03\/logo.svg\",\"width\":143,\"height\":54,\"caption\":\"Biomed Evida\"},\"image\":{\"@id\":\"https:\/\/biomed-evida.ch\/fr\/#\/schema\/logo\/image\/\"},\"sameAs\":[\"https:\/\/www.facebook.com\/biomed.evida\",\"https:\/\/www.instagram.com\/biomed.evida?igsh=OGdrN2hwZjUyMXc5\"]}]}<\/script>\n<!-- \/ Yoast SEO plugin. -->","yoast_head_json":{"title":"Informations | Biomed Evida","description":"Informations sur m\u00e9tabolisme, glyc\u00e9mie, fibres et gestion du poids : corr\u00e9lations cl\u00e9s et r\u00e9ponses claires aux questions fr\u00e9quentes.","robots":{"index":"index","follow":"follow","max-snippet":"max-snippet:-1","max-image-preview":"max-image-preview:large","max-video-preview":"max-video-preview:-1"},"canonical":"https:\/\/biomed-evida.ch\/fr\/informations\/","og_locale":"fr_FR","og_type":"article","og_title":"Informations | Biomed Evida","og_description":"Informations sur m\u00e9tabolisme, glyc\u00e9mie, fibres et gestion du poids : corr\u00e9lations cl\u00e9s et r\u00e9ponses claires aux questions fr\u00e9quentes.","og_url":"https:\/\/biomed-evida.ch\/fr\/informations\/","og_site_name":"Biomed Evida","article_publisher":"https:\/\/www.facebook.com\/biomed.evida","article_modified_time":"2026-05-12T07:06:52+00:00","twitter_card":"summary_large_image","twitter_misc":{"Dur\u00e9e de lecture estim\u00e9e":"1 minute"},"schema":{"@context":"https:\/\/schema.org","@graph":[{"@type":"WebPage","@id":"https:\/\/biomed-evida.ch\/fr\/informations\/","url":"https:\/\/biomed-evida.ch\/fr\/informations\/","name":"Informations | Biomed Evida","isPartOf":{"@id":"https:\/\/biomed-evida.ch\/fr\/#website"},"datePublished":"2026-03-22T23:02:04+00:00","dateModified":"2026-05-12T07:06:52+00:00","description":"Informations sur m\u00e9tabolisme, glyc\u00e9mie, fibres et gestion du poids : corr\u00e9lations cl\u00e9s et r\u00e9ponses claires aux questions fr\u00e9quentes.","breadcrumb":{"@id":"https:\/\/biomed-evida.ch\/fr\/informations\/#breadcrumb"},"inLanguage":"fr-FR","potentialAction":[{"@type":"ReadAction","target":["https:\/\/biomed-evida.ch\/fr\/informations\/"]}]},{"@type":"BreadcrumbList","@id":"https:\/\/biomed-evida.ch\/fr\/informations\/#breadcrumb","itemListElement":[{"@type":"ListItem","position":1,"name":"Home","item":"https:\/\/biomed-evida.ch\/fr\/"},{"@type":"ListItem","position":2,"name":"Informations"}]},{"@type":"WebSite","@id":"https:\/\/biomed-evida.ch\/fr\/#website","url":"https:\/\/biomed-evida.ch\/fr\/","name":"Biomed Evida","description":"Gut leben \u2013 heute und morgen","publisher":{"@id":"https:\/\/biomed-evida.ch\/fr\/#organization"},"alternateName":"Gut leben \u2013 heute und morgen","potentialAction":[{"@type":"SearchAction","target":{"@type":"EntryPoint","urlTemplate":"https:\/\/biomed-evida.ch\/fr\/?s={search_term_string}"},"query-input":{"@type":"PropertyValueSpecification","valueRequired":true,"valueName":"search_term_string"}}],"inLanguage":"fr-FR"},{"@type":"Organization","@id":"https:\/\/biomed-evida.ch\/fr\/#organization","name":"Biomed Evida","url":"https:\/\/biomed-evida.ch\/fr\/","logo":{"@type":"ImageObject","inLanguage":"fr-FR","@id":"https:\/\/biomed-evida.ch\/fr\/#\/schema\/logo\/image\/","url":"https:\/\/biomed-evida.ch\/wp-content\/uploads\/2026\/03\/logo.svg","contentUrl":"https:\/\/biomed-evida.ch\/wp-content\/uploads\/2026\/03\/logo.svg","width":143,"height":54,"caption":"Biomed Evida"},"image":{"@id":"https:\/\/biomed-evida.ch\/fr\/#\/schema\/logo\/image\/"},"sameAs":["https:\/\/www.facebook.com\/biomed.evida","https:\/\/www.instagram.com\/biomed.evida?igsh=OGdrN2hwZjUyMXc5"]}]}},"_links":{"self":[{"href":"https:\/\/biomed-evida.ch\/fr\/wp-json\/wp\/v2\/pages\/705","targetHints":{"allow":["GET"]}}],"collection":[{"href":"https:\/\/biomed-evida.ch\/fr\/wp-json\/wp\/v2\/pages"}],"about":[{"href":"https:\/\/biomed-evida.ch\/fr\/wp-json\/wp\/v2\/types\/page"}],"author":[{"embeddable":true,"href":"https:\/\/biomed-evida.ch\/fr\/wp-json\/wp\/v2\/users\/1"}],"replies":[{"embeddable":true,"href":"https:\/\/biomed-evida.ch\/fr\/wp-json\/wp\/v2\/comments?post=705"}],"version-history":[{"count":7,"href":"https:\/\/biomed-evida.ch\/fr\/wp-json\/wp\/v2\/pages\/705\/revisions"}],"predecessor-version":[{"id":1542,"href":"https:\/\/biomed-evida.ch\/fr\/wp-json\/wp\/v2\/pages\/705\/revisions\/1542"}],"wp:attachment":[{"href":"https:\/\/biomed-evida.ch\/fr\/wp-json\/wp\/v2\/media?parent=705"}],"curies":[{"name":"wp","href":"https:\/\/api.w.org\/{rel}","templated":true}]}}