{"id":745,"date":"2026-03-23T21:21:32","date_gmt":"2026-03-23T21:21:32","guid":{"rendered":"https:\/\/biomed-evida.ch\/?page_id=745"},"modified":"2026-05-12T07:13:05","modified_gmt":"2026-05-12T07:13:05","slug":"faq","status":"publish","type":"page","link":"https:\/\/biomed-evida.ch\/fr\/faq\/","title":{"rendered":"FAQ"},"content":{"rendered":"\n<section class=\"wp-block-evida-abschnitt alignfull is-style-diagonal has-background-color has-foreground-background-color has-text-color has-background has-link-color wp-elements-1\" style=\"--image-opacity:0.73;--bg-image:url(https:\/\/biomed-evida.ch\/wp-content\/uploads\/2026\/04\/Biomed_Evida_FAQ-1.jpg);background-image:url(&apos;https:\/\/biomed-evida.ch\/wp-content\/uploads\/2026\/04\/Biomed_Evida_FAQ-1.jpg&apos;);background-position:35% 31%;background-size:cover;background-attachment:scroll;\"><div class=\"wp-block-evida-abschnitt__inner wp-block-evida-abschnitt__inner--wide\">\n<div class=\"wp-block-columns is-layout-flex wp-container-core-columns-is-layout-f56f613f wp-block-columns-is-layout-flex\">\n<div class=\"wp-block-column is-layout-flow wp-block-column-is-layout-flow\"><div class=\"yoast-breadcrumbs\"><span><span><a href=\"https:\/\/biomed-evida.ch\/fr\/\">Home<\/a><\/span> <span class=\"breadcrumb_separator\">\/<\/span> <span class=\"breadcrumb_last\" aria-current=\"page\">FAQ<\/span><\/span><\/div>\n\n\n<h1 class=\"wp-block-heading\"><strong>FAQ<\/strong><\/h1>\n<\/div>\n\n\n\n<div class=\"wp-block-column is-layout-flow wp-block-column-is-layout-flow\"><\/div>\n<\/div>\n<\/div><\/section>\n\n\n<div class=\"wp-block-evida-sticky-nav__sentinel\"><\/div>\n<div style=\"--sticky-nav-link-color: #008B7F;--sticky-nav-bg: #ffffff\" class=\"alignfull wp-block-evida-sticky-nav\">\n\t<nav class=\"wp-block-evida-sticky-nav__inner\">\n\t\t\t\t<a href=\"#fibreplus\" class=\"wp-block-evida-sticky-nav__link\">Biomed Evida FibrePlus<\/a>\n\t\t\t\t<a href=\"#glucobalance\" class=\"wp-block-evida-sticky-nav__link\">Biomed Evida GlucoBalance<\/a>\n\t\t\t\t<a href=\"#reduforte\" class=\"wp-block-evida-sticky-nav__link\">Biomed Evida ReduForte<\/a>\n\t\t\t\t<a href=\"#appcontrol\" class=\"wp-block-evida-sticky-nav__link\">Biomed Evida AppControl<\/a>\n\t\t\t\t<a href=\"#inshape\" class=\"wp-block-evida-sticky-nav__link\">Biomed Evida InShape<\/a>\n\t\t\t<\/nav>\n<\/div>\n\n\n\n<section class=\"wp-block-evida-abschnitt alignfull has-foreground-color has-background-background-color has-text-color has-background has-link-color wp-elements-2\"><div class=\"wp-block-evida-abschnitt__inner wp-block-evida-abschnitt__inner--wide\">\n<div style=\"height:1em\" aria-hidden=\"true\" class=\"wp-block-spacer\"><\/div>\n\n\n\n<div class=\"wp-block-group is-layout-constrained wp-block-group-is-layout-constrained\">\n<h2 class=\"wp-block-heading\">Questions fr\u00e9quentes sur Biomed Evida<\/h2>\n\n\n\n<div data-wp-context=\"{ &quot;autoclose&quot;: false, &quot;accordionItems&quot;: [] }\" data-wp-interactive=\"core\/accordion\" role=\"group\" class=\"wp-block-accordion is-layout-flow wp-block-accordion-is-layout-flow\">\n<div data-wp-class--is-open=\"state.isOpen\" data-wp-context=\"{ &quot;id&quot;: &quot;accordion-item-1&quot;, &quot;openByDefault&quot;: false }\" data-wp-init=\"callbacks.initAccordionItems\" data-wp-on-window--hashchange=\"callbacks.hashChange\" class=\"wp-block-accordion-item is-layout-flow wp-block-accordion-item-is-layout-flow\">\n<h3 class=\"wp-block-accordion-heading\"><button aria-expanded=\"false\" aria-controls=\"accordion-item-1-panel\" data-wp-bind--aria-expanded=\"state.isOpen\" data-wp-on--click=\"actions.toggle\" id=\"accordion-item-1\" type=\"button\" class=\"wp-block-accordion-heading__toggle\"><span class=\"wp-block-accordion-heading__toggle-title\"><strong><strong><strong><strong><strong><strong>Quels sont les produits de Biomed Evida?<\/strong><\/strong><\/strong><\/strong><\/strong><\/strong><\/span><span class=\"wp-block-accordion-heading__toggle-icon\" aria-hidden=\"true\">+<\/span><\/button><\/h3>\n\n\n\n<div aria-labelledby=\"accordion-item-1\" data-wp-bind--hidden=\"state.isHidden\" data-wp-on--beforematch=\"actions.handleBeforeMatch\" id=\"accordion-item-1-panel\" role=\"region\" class=\"wp-block-accordion-panel is-layout-flow wp-block-accordion-panel-is-layout-flow\">\n<p class=\"wp-block-paragraph\">Biomed Evida propose des produits ax\u00e9s sur la gestion du poids, l\u2019accompagnement d\u2019un r\u00e9gime, l\u2019apport en fibres et l\u2019\u00e9quilibre glyc\u00e9mique.<\/p>\n<\/div>\n<\/div>\n\n\n\n<div data-wp-class--is-open=\"state.isOpen\" data-wp-context=\"{ &quot;id&quot;: &quot;accordion-item-2&quot;, &quot;openByDefault&quot;: false }\" data-wp-init=\"callbacks.initAccordionItems\" data-wp-on-window--hashchange=\"callbacks.hashChange\" class=\"wp-block-accordion-item is-layout-flow wp-block-accordion-item-is-layout-flow\">\n<h3 class=\"wp-block-accordion-heading\"><button aria-expanded=\"false\" aria-controls=\"accordion-item-2-panel\" data-wp-bind--aria-expanded=\"state.isOpen\" data-wp-on--click=\"actions.toggle\" id=\"accordion-item-2\" type=\"button\" class=\"wp-block-accordion-heading__toggle\"><span class=\"wp-block-accordion-heading__toggle-title\"><strong><strong><strong><strong><strong><strong>Puis-je combiner plusieurs produits de Biomed Evida?<\/strong><\/strong><\/strong><\/strong><\/strong><\/strong><\/span><span class=\"wp-block-accordion-heading__toggle-icon\" aria-hidden=\"true\">+<\/span><\/button><\/h3>\n\n\n\n<div aria-labelledby=\"accordion-item-2\" data-wp-bind--hidden=\"state.isHidden\" data-wp-on--beforematch=\"actions.handleBeforeMatch\" id=\"accordion-item-2-panel\" role=\"region\" class=\"wp-block-accordion-panel is-layout-flow wp-block-accordion-panel-is-layout-flow\">\n<p class=\"wp-block-paragraph\">Oui, les produits de Biomed Evida peuvent \u00eatre combin\u00e9s en fonction des objectifs individuels. Le mieux est de demander conseil dans une pharmacie ou une droguerie.<\/p>\n<\/div>\n<\/div>\n\n\n\n<div data-wp-class--is-open=\"state.isOpen\" data-wp-context=\"{ &quot;id&quot;: &quot;accordion-item-3&quot;, &quot;openByDefault&quot;: false }\" data-wp-init=\"callbacks.initAccordionItems\" data-wp-on-window--hashchange=\"callbacks.hashChange\" class=\"wp-block-accordion-item is-layout-flow wp-block-accordion-item-is-layout-flow\">\n<h3 class=\"wp-block-accordion-heading\"><button aria-expanded=\"false\" aria-controls=\"accordion-item-3-panel\" data-wp-bind--aria-expanded=\"state.isOpen\" data-wp-on--click=\"actions.toggle\" id=\"accordion-item-3\" type=\"button\" class=\"wp-block-accordion-heading__toggle\"><span class=\"wp-block-accordion-heading__toggle-title\"><strong><strong><strong><strong><strong><strong>O\u00f9 les produits de Biomed Evida sont-ils d\u00e9velopp\u00e9s?<\/strong><\/strong><\/strong><\/strong><\/strong><\/strong><\/span><span class=\"wp-block-accordion-heading__toggle-icon\" aria-hidden=\"true\">+<\/span><\/button><\/h3>\n\n\n\n<div aria-labelledby=\"accordion-item-3\" data-wp-bind--hidden=\"state.isHidden\" data-wp-on--beforematch=\"actions.handleBeforeMatch\" id=\"accordion-item-3-panel\" role=\"region\" class=\"wp-block-accordion-panel is-layout-flow wp-block-accordion-panel-is-layout-flow\">\n<p class=\"wp-block-paragraph\">Les produits de Biomed Evida sont d\u00e9velopp\u00e9s en Suisse.<\/p>\n<\/div>\n<\/div>\n\n\n\n<div data-wp-class--is-open=\"state.isOpen\" data-wp-context=\"{ &quot;id&quot;: &quot;accordion-item-4&quot;, &quot;openByDefault&quot;: false }\" data-wp-init=\"callbacks.initAccordionItems\" data-wp-on-window--hashchange=\"callbacks.hashChange\" class=\"wp-block-accordion-item is-layout-flow wp-block-accordion-item-is-layout-flow\">\n<h3 class=\"wp-block-accordion-heading\"><button aria-expanded=\"false\" aria-controls=\"accordion-item-4-panel\" data-wp-bind--aria-expanded=\"state.isOpen\" data-wp-on--click=\"actions.toggle\" id=\"accordion-item-4\" type=\"button\" class=\"wp-block-accordion-heading__toggle\"><span class=\"wp-block-accordion-heading__toggle-title\"><strong><strong><strong><strong><strong><strong>O\u00f9 puis-je acheter les produits?<\/strong><\/strong><\/strong><\/strong><\/strong><\/strong><\/span><span class=\"wp-block-accordion-heading__toggle-icon\" aria-hidden=\"true\">+<\/span><\/button><\/h3>\n\n\n\n<div aria-labelledby=\"accordion-item-4\" data-wp-bind--hidden=\"state.isHidden\" data-wp-on--beforematch=\"actions.handleBeforeMatch\" id=\"accordion-item-4-panel\" role=\"region\" class=\"wp-block-accordion-panel is-layout-flow wp-block-accordion-panel-is-layout-flow\">\n<p class=\"wp-block-paragraph\">Les produits sont disponibles dans les pharmacies et drogueries suisses ou peuvent \u00eatre command\u00e9s en ligne dans les boutiques partenaires.<\/p>\n<\/div>\n<\/div>\n<\/div>\n<\/div>\n<\/div><\/section>\n\n\n\n<section class=\"wp-block-evida-abschnitt alignfull has-foreground-color has-background-background-color has-text-color has-background has-link-color wp-elements-3\"><div class=\"wp-block-evida-abschnitt__inner wp-block-evida-abschnitt__inner--wide\">\n<div class=\"wp-block-group is-layout-constrained wp-block-group-is-layout-constrained\">\n<h2 class=\"wp-block-heading\" id=\"fibreplus\">Questions fr\u00e9quentes sur Biomed Evida FibrePlus<\/h2>\n\n\n\n<div data-wp-context=\"{ &quot;autoclose&quot;: false, &quot;accordionItems&quot;: [] }\" data-wp-interactive=\"core\/accordion\" role=\"group\" class=\"wp-block-accordion is-layout-flow wp-block-accordion-is-layout-flow\">\n<div data-wp-class--is-open=\"state.isOpen\" data-wp-context=\"{ &quot;id&quot;: &quot;accordion-item-5&quot;, &quot;openByDefault&quot;: false }\" data-wp-init=\"callbacks.initAccordionItems\" data-wp-on-window--hashchange=\"callbacks.hashChange\" class=\"wp-block-accordion-item is-layout-flow wp-block-accordion-item-is-layout-flow\">\n<h3 class=\"wp-block-accordion-heading\"><button aria-expanded=\"false\" aria-controls=\"accordion-item-5-panel\" data-wp-bind--aria-expanded=\"state.isOpen\" data-wp-on--click=\"actions.toggle\" id=\"accordion-item-5\" type=\"button\" class=\"wp-block-accordion-heading__toggle\"><span class=\"wp-block-accordion-heading__toggle-title\">Qu\u2019est-ce que Biomed Evida FibrePlus?<\/span><span class=\"wp-block-accordion-heading__toggle-icon\" aria-hidden=\"true\">+<\/span><\/button><\/h3>\n\n\n\n<div aria-labelledby=\"accordion-item-5\" data-wp-bind--hidden=\"state.isHidden\" data-wp-on--beforematch=\"actions.handleBeforeMatch\" id=\"accordion-item-5-panel\" role=\"region\" class=\"wp-block-accordion-panel is-layout-flow wp-block-accordion-panel-is-layout-flow\">\n<p class=\"wp-block-paragraph\">Biomed Evida FibrePlus est un compl\u00e9ment alimentaire destin\u00e9 \u00e0 compl\u00e9ter l\u2019apport en fibres. Il associe cinq fibres v\u00e9g\u00e9tales et du calcium sous forme de poudre qui se dilue facilement dans de l\u2019eau, des smoothies, des yogourts ou du muesli. Le b\u00eata-glucane d\u2019avoine contribue au maintien d\u2019une cholest\u00e9rol\u00e9mie normale. Le calcium contribue au fonctionnement normal des enzymes digestives.<\/p>\n<\/div>\n<\/div>\n\n\n\n<div data-wp-class--is-open=\"state.isOpen\" data-wp-context=\"{ &quot;id&quot;: &quot;accordion-item-6&quot;, &quot;openByDefault&quot;: false }\" data-wp-init=\"callbacks.initAccordionItems\" data-wp-on-window--hashchange=\"callbacks.hashChange\" class=\"wp-block-accordion-item is-layout-flow wp-block-accordion-item-is-layout-flow\">\n<h3 class=\"wp-block-accordion-heading\"><button aria-expanded=\"false\" aria-controls=\"accordion-item-6-panel\" data-wp-bind--aria-expanded=\"state.isOpen\" data-wp-on--click=\"actions.toggle\" id=\"accordion-item-6\" type=\"button\" class=\"wp-block-accordion-heading__toggle\"><span class=\"wp-block-accordion-heading__toggle-title\">Pour qui Biomed Evida FibrePlus est-il particuli\u00e8rement utile?<\/span><span class=\"wp-block-accordion-heading__toggle-icon\" aria-hidden=\"true\">+<\/span><\/button><\/h3>\n\n\n\n<div aria-labelledby=\"accordion-item-6\" data-wp-bind--hidden=\"state.isHidden\" data-wp-on--beforematch=\"actions.handleBeforeMatch\" id=\"accordion-item-6-panel\" role=\"region\" class=\"wp-block-accordion-panel is-layout-flow wp-block-accordion-panel-is-layout-flow\">\n<p class=\"wp-block-paragraph\">Biomed Evida FibrePlus est particuli\u00e8rement utile pour les personnes qui souhaitent compl\u00e9ter leur apport quotidien en fibres lorsqu\u2019elles manquent de l\u00e9gumes, de c\u00e9r\u00e9ales compl\u00e8tes ou de l\u00e9gumineuses au quotidien. Biomed Evida FibrePlus r\u00e9pond ainsi avant tout aux carences typiques en fibres. L\u2019apport journalier recommand\u00e9 en fibres selon les valeurs de r\u00e9f\u00e9rence suisses pour les apports nutritionnels est d\u2019au moins 30\u2009g. Une dose journali\u00e8re de Biomed Evida FibrePlus contient 11\u2009g de fibres.<\/p>\n<\/div>\n<\/div>\n\n\n\n<div data-wp-class--is-open=\"state.isOpen\" data-wp-context=\"{ &quot;id&quot;: &quot;accordion-item-7&quot;, &quot;openByDefault&quot;: false }\" data-wp-init=\"callbacks.initAccordionItems\" data-wp-on-window--hashchange=\"callbacks.hashChange\" class=\"wp-block-accordion-item is-layout-flow wp-block-accordion-item-is-layout-flow\">\n<h3 class=\"wp-block-accordion-heading\"><button aria-expanded=\"false\" aria-controls=\"accordion-item-7-panel\" data-wp-bind--aria-expanded=\"state.isOpen\" data-wp-on--click=\"actions.toggle\" id=\"accordion-item-7\" type=\"button\" class=\"wp-block-accordion-heading__toggle\"><span class=\"wp-block-accordion-heading__toggle-title\">Est-ce que Biomed Evida FibrePlus peut m\u2019aider si mon cholest\u00e9rol est trop \u00e9lev\u00e9?<\/span><span class=\"wp-block-accordion-heading__toggle-icon\" aria-hidden=\"true\">+<\/span><\/button><\/h3>\n\n\n\n<div aria-labelledby=\"accordion-item-7\" data-wp-bind--hidden=\"state.isHidden\" data-wp-on--beforematch=\"actions.handleBeforeMatch\" id=\"accordion-item-7-panel\" role=\"region\" class=\"wp-block-accordion-panel is-layout-flow wp-block-accordion-panel-is-layout-flow\">\n<p class=\"wp-block-paragraph\">Biomed Evida FibrePlus est un compl\u00e9ment alimentaire \u00e0 base de b\u00eata-glucane d\u2019avoine. Celui-ci contribue au maintien d\u2019une cholest\u00e9rol\u00e9mie normale. Il a \u00e9t\u00e9 d\u00e9montr\u00e9 que le b\u00eata-glucane d\u2019avoine abaissait\/r\u00e9duisait la cholest\u00e9rol\u00e9mie. Une cholest\u00e9rol\u00e9mie \u00e9lev\u00e9e constitue un facteur de risque de d\u00e9veloppement d\u2019une maladie coronarienne. L\u2019effet positif est obtenu par la consommation quotidienne de 3\u2009g de b\u00eata-glucane d\u2019avoine ou d\u2019orge.<\/p>\n<\/div>\n<\/div>\n\n\n\n<div data-wp-class--is-open=\"state.isOpen\" data-wp-context=\"{ &quot;id&quot;: &quot;accordion-item-8&quot;, &quot;openByDefault&quot;: false }\" data-wp-init=\"callbacks.initAccordionItems\" data-wp-on-window--hashchange=\"callbacks.hashChange\" class=\"wp-block-accordion-item is-layout-flow wp-block-accordion-item-is-layout-flow\">\n<h3 class=\"wp-block-accordion-heading\"><button aria-expanded=\"false\" aria-controls=\"accordion-item-8-panel\" data-wp-bind--aria-expanded=\"state.isOpen\" data-wp-on--click=\"actions.toggle\" id=\"accordion-item-8\" type=\"button\" class=\"wp-block-accordion-heading__toggle\"><span class=\"wp-block-accordion-heading__toggle-title\">Quelles sources de fibres Biomed Evida FibrePlus contient-il?<\/span><span class=\"wp-block-accordion-heading__toggle-icon\" aria-hidden=\"true\">+<\/span><\/button><\/h3>\n\n\n\n<div aria-labelledby=\"accordion-item-8\" data-wp-bind--hidden=\"state.isHidden\" data-wp-on--beforematch=\"actions.handleBeforeMatch\" id=\"accordion-item-8-panel\" role=\"region\" class=\"wp-block-accordion-panel is-layout-flow wp-block-accordion-panel-is-layout-flow\">\n<p class=\"wp-block-paragraph\">Biomed Evida FibrePlus contient de la dextrine de ma\u00efs r\u00e9sistante, de l\u2019inuline, de la gomme de guar partiellement hydrolys\u00e9e (PHGG), de la fibre d\u2019acacia et de l\u2019extrait de son d\u2019avoine avec du b\u00eata-glucane. Derri\u00e8re ces composants se trouvent \u00e9galement des mati\u00e8res premi\u00e8res de marque telles que NUTRIOSE\u00ae, Orafti\u00ae, FiBalance\u00ae et Fibregum\u2122.<\/p>\n<\/div>\n<\/div>\n\n\n\n<div data-wp-class--is-open=\"state.isOpen\" data-wp-context=\"{ &quot;id&quot;: &quot;accordion-item-9&quot;, &quot;openByDefault&quot;: false }\" data-wp-init=\"callbacks.initAccordionItems\" data-wp-on-window--hashchange=\"callbacks.hashChange\" class=\"wp-block-accordion-item is-layout-flow wp-block-accordion-item-is-layout-flow\">\n<h3 class=\"wp-block-accordion-heading\"><button aria-expanded=\"false\" aria-controls=\"accordion-item-9-panel\" data-wp-bind--aria-expanded=\"state.isOpen\" data-wp-on--click=\"actions.toggle\" id=\"accordion-item-9\" type=\"button\" class=\"wp-block-accordion-heading__toggle\"><span class=\"wp-block-accordion-heading__toggle-title\">Pourquoi Biomed Evida FibrePlus contient-il aussi du calcium pour les enzymes digestives?<\/span><span class=\"wp-block-accordion-heading__toggle-icon\" aria-hidden=\"true\">+<\/span><\/button><\/h3>\n\n\n\n<div aria-labelledby=\"accordion-item-9\" data-wp-bind--hidden=\"state.isHidden\" data-wp-on--beforematch=\"actions.handleBeforeMatch\" id=\"accordion-item-9-panel\" role=\"region\" class=\"wp-block-accordion-panel is-layout-flow wp-block-accordion-panel-is-layout-flow\">\n<p class=\"wp-block-paragraph\">Les enzymes digestives aident l\u2019organisme \u00e0 d\u00e9composer les nutriments contenus dans l\u2019alimentation. Biomed Evida FibrePlus contient donc du calcium en plus des fibres alimentaires v\u00e9g\u00e9tales. Le calcium contribue au fonctionnement normal des enzymes digestives et est impliqu\u00e9 dans des processus de signalisation physiologiques importants pour la lib\u00e9ration d\u2019enzymes dans le syst\u00e8me digestif.<\/p>\n<\/div>\n<\/div>\n\n\n\n<div data-wp-class--is-open=\"state.isOpen\" data-wp-context=\"{ &quot;id&quot;: &quot;accordion-item-10&quot;, &quot;openByDefault&quot;: false }\" data-wp-init=\"callbacks.initAccordionItems\" data-wp-on-window--hashchange=\"callbacks.hashChange\" class=\"wp-block-accordion-item is-layout-flow wp-block-accordion-item-is-layout-flow\">\n<h3 class=\"wp-block-accordion-heading\"><button aria-expanded=\"false\" aria-controls=\"accordion-item-10-panel\" data-wp-bind--aria-expanded=\"state.isOpen\" data-wp-on--click=\"actions.toggle\" id=\"accordion-item-10\" type=\"button\" class=\"wp-block-accordion-heading__toggle\"><span class=\"wp-block-accordion-heading__toggle-title\">O\u00f9 puis-je acheter Biomed Evida FibrePlus?<\/span><span class=\"wp-block-accordion-heading__toggle-icon\" aria-hidden=\"true\">+<\/span><\/button><\/h3>\n\n\n\n<div aria-labelledby=\"accordion-item-10\" data-wp-bind--hidden=\"state.isHidden\" data-wp-on--beforematch=\"actions.handleBeforeMatch\" id=\"accordion-item-10-panel\" role=\"region\" class=\"wp-block-accordion-panel is-layout-flow wp-block-accordion-panel-is-layout-flow\">\n<p class=\"wp-block-paragraph\">Biomed Evida FibrePlus est disponible en <a href=\"https:\/\/biomed-evida.ch\/fr\/acheter-un-produit\/\">pharmacie<\/a> et en <a href=\"https:\/\/biomed-evida.ch\/fr\/acheter-un-produit\/\">droguerie<\/a>. Si tu souhaites acheter Biomed Evida FibrePlus, n&rsquo;h\u00e9site pas \u00e0 te renseigner aupr\u00e8s des points de vente habituels de Biomed Evida. Il est \u00e9galement possible de le <a href=\"https:\/\/biomed-evida.ch\/fr\/acheter-un-produit\/\">commander en ligne<\/a>.<\/p>\n<\/div>\n<\/div>\n<\/div>\n<\/div>\n<\/div><\/section>\n\n\n\n<section class=\"wp-block-evida-abschnitt alignfull has-foreground-color has-background-background-color has-text-color has-background has-link-color wp-elements-4\"><div class=\"wp-block-evida-abschnitt__inner wp-block-evida-abschnitt__inner--wide\">\n<div id=\"glucobalance\" class=\"wp-block-group is-layout-constrained wp-block-group-is-layout-constrained\">\n<h2 class=\"wp-block-heading\">Questions fr\u00e9quentes sur Biomed Evida GlucoBalance<\/h2>\n\n\n\n<div data-wp-context=\"{ &quot;autoclose&quot;: false, &quot;accordionItems&quot;: [] }\" data-wp-interactive=\"core\/accordion\" role=\"group\" class=\"wp-block-accordion is-layout-flow wp-block-accordion-is-layout-flow\">\n<div data-wp-class--is-open=\"state.isOpen\" data-wp-context=\"{ &quot;id&quot;: &quot;accordion-item-11&quot;, &quot;openByDefault&quot;: false }\" data-wp-init=\"callbacks.initAccordionItems\" data-wp-on-window--hashchange=\"callbacks.hashChange\" class=\"wp-block-accordion-item is-layout-flow wp-block-accordion-item-is-layout-flow\">\n<h3 class=\"wp-block-accordion-heading\"><button aria-expanded=\"false\" aria-controls=\"accordion-item-11-panel\" data-wp-bind--aria-expanded=\"state.isOpen\" data-wp-on--click=\"actions.toggle\" id=\"accordion-item-11\" type=\"button\" class=\"wp-block-accordion-heading__toggle\"><span class=\"wp-block-accordion-heading__toggle-title\">Qu\u2019est-ce que Biomed Evida GlucoBalance?<\/span><span class=\"wp-block-accordion-heading__toggle-icon\" aria-hidden=\"true\">+<\/span><\/button><\/h3>\n\n\n\n<div aria-labelledby=\"accordion-item-11\" data-wp-bind--hidden=\"state.isHidden\" data-wp-on--beforematch=\"actions.handleBeforeMatch\" id=\"accordion-item-11-panel\" role=\"region\" class=\"wp-block-accordion-panel is-layout-flow wp-block-accordion-panel-is-layout-flow\">\n<p class=\"wp-block-paragraph\">Biomed Evida GlucoBalance est un compl\u00e9ment alimentaire qui favorise un comportement alimentaire respectueux de la glyc\u00e9mie. Il associe l\u2019extrait de feuille de m\u00fbrier blanc Reducose\u00ae \u00e0 de l\u2019extrait de melon amer, de l\u2019extrait de cannelle, du chrome et du zinc. Le chrome contribue au maintien d\u2019une glyc\u00e9mie normale et le zinc au m\u00e9tabolisme glucidique normal. Biomed Evida GlucoBalance est sp\u00e9cialement con\u00e7u pour les repas riches en glucides ou en sucre.<\/p>\n<\/div>\n<\/div>\n\n\n\n<div data-wp-class--is-open=\"state.isOpen\" data-wp-context=\"{ &quot;id&quot;: &quot;accordion-item-12&quot;, &quot;openByDefault&quot;: false }\" data-wp-init=\"callbacks.initAccordionItems\" data-wp-on-window--hashchange=\"callbacks.hashChange\" class=\"wp-block-accordion-item is-layout-flow wp-block-accordion-item-is-layout-flow\">\n<h3 class=\"wp-block-accordion-heading\"><button aria-expanded=\"false\" aria-controls=\"accordion-item-12-panel\" data-wp-bind--aria-expanded=\"state.isOpen\" data-wp-on--click=\"actions.toggle\" id=\"accordion-item-12\" type=\"button\" class=\"wp-block-accordion-heading__toggle\"><span class=\"wp-block-accordion-heading__toggle-title\">Biomed Evida GlucoBalance peut-il aider \u00e0 stabiliser la glyc\u00e9mie?<\/span><span class=\"wp-block-accordion-heading__toggle-icon\" aria-hidden=\"true\">+<\/span><\/button><\/h3>\n\n\n\n<div aria-labelledby=\"accordion-item-12\" data-wp-bind--hidden=\"state.isHidden\" data-wp-on--beforematch=\"actions.handleBeforeMatch\" id=\"accordion-item-12-panel\" role=\"region\" class=\"wp-block-accordion-panel is-layout-flow wp-block-accordion-panel-is-layout-flow\">\n<p class=\"wp-block-paragraph\">Biomed Evida GlucoBalance est un compl\u00e9ment alimentaire destin\u00e9 aux personnes qui souhaitent faire attention \u00e0 leur glyc\u00e9mie quotidienne. Le chrome contribue au maintien d\u2019une glyc\u00e9mie normale et le zinc au m\u00e9tabolisme glucidique normal. Les \u00e9tudes sur le Reducose\u00ae, le melon amer et la cannelle portent principalement sur la mani\u00e8re dont l\u2019organisme g\u00e8re le glucose apr\u00e8s les repas.<\/p>\n<\/div>\n<\/div>\n\n\n\n<div data-wp-class--is-open=\"state.isOpen\" data-wp-context=\"{ &quot;id&quot;: &quot;accordion-item-13&quot;, &quot;openByDefault&quot;: false }\" data-wp-init=\"callbacks.initAccordionItems\" data-wp-on-window--hashchange=\"callbacks.hashChange\" class=\"wp-block-accordion-item is-layout-flow wp-block-accordion-item-is-layout-flow\">\n<h3 class=\"wp-block-accordion-heading\"><button aria-expanded=\"false\" aria-controls=\"accordion-item-13-panel\" data-wp-bind--aria-expanded=\"state.isOpen\" data-wp-on--click=\"actions.toggle\" id=\"accordion-item-13\" type=\"button\" class=\"wp-block-accordion-heading__toggle\"><span class=\"wp-block-accordion-heading__toggle-title\">Quand est-il pr\u00e9f\u00e9rable de prendre Biomed Evida GlucoBalance?<\/span><span class=\"wp-block-accordion-heading__toggle-icon\" aria-hidden=\"true\">+<\/span><\/button><\/h3>\n\n\n\n<div aria-labelledby=\"accordion-item-13\" data-wp-bind--hidden=\"state.isHidden\" data-wp-on--beforematch=\"actions.handleBeforeMatch\" id=\"accordion-item-13-panel\" role=\"region\" class=\"wp-block-accordion-panel is-layout-flow wp-block-accordion-panel-is-layout-flow\">\n<p class=\"wp-block-paragraph\">Biomed Evida GlucoBalance se prend de pr\u00e9f\u00e9rence juste avant le repas le plus riche en glucides ou en sucre de la journ\u00e9e. Il s\u2019agit non seulement des desserts, mais aussi des mets comme le pain, le muesli, les p\u00e2tes, le riz ou les p\u00e2tisseries. Ceux-ci fournissent beaucoup de glucides et peuvent influer consid\u00e9rablement sur la glyc\u00e9mie. Biomed Evida GlucoBalance convient donc particuli\u00e8rement aux personnes qui font attention \u00e0 leur glyc\u00e9mie lors de ces repas.<\/p>\n<\/div>\n<\/div>\n\n\n\n<div data-wp-class--is-open=\"state.isOpen\" data-wp-context=\"{ &quot;id&quot;: &quot;accordion-item-14&quot;, &quot;openByDefault&quot;: false }\" data-wp-init=\"callbacks.initAccordionItems\" data-wp-on-window--hashchange=\"callbacks.hashChange\" class=\"wp-block-accordion-item is-layout-flow wp-block-accordion-item-is-layout-flow\">\n<h3 class=\"wp-block-accordion-heading\"><button aria-expanded=\"false\" aria-controls=\"accordion-item-14-panel\" data-wp-bind--aria-expanded=\"state.isOpen\" data-wp-on--click=\"actions.toggle\" id=\"accordion-item-14\" type=\"button\" class=\"wp-block-accordion-heading__toggle\"><span class=\"wp-block-accordion-heading__toggle-title\">Quelle est la diff\u00e9rence entre Biomed Evida GlucoBalance et Biomed Evida ReduForte?<\/span><span class=\"wp-block-accordion-heading__toggle-icon\" aria-hidden=\"true\">+<\/span><\/button><\/h3>\n\n\n\n<div aria-labelledby=\"accordion-item-14\" data-wp-bind--hidden=\"state.isHidden\" data-wp-on--beforematch=\"actions.handleBeforeMatch\" id=\"accordion-item-14-panel\" role=\"region\" class=\"wp-block-accordion-panel is-layout-flow wp-block-accordion-panel-is-layout-flow\">\n<p class=\"wp-block-paragraph\">Biomed Evida GlucoBalance est con\u00e7u pour une gestion g\u00e9n\u00e9rale de la glyc\u00e9mie et des repas riches en sucre. Il contient des extraits de feuille de m\u00fbrier, de melon amer et de cannelle ainsi que du chrome et du zinc. Biomed Evida ReduForte, en revanche, est con\u00e7u pour accompagner un r\u00e9gime alimentaire riche et se concentre davantage sur le m\u00e9tabolisme des graisses et des glucides. Les deux produits ont donc des priorit\u00e9s diff\u00e9rentes.<\/p>\n<\/div>\n<\/div>\n\n\n\n<div data-wp-class--is-open=\"state.isOpen\" data-wp-context=\"{ &quot;id&quot;: &quot;accordion-item-15&quot;, &quot;openByDefault&quot;: false }\" data-wp-init=\"callbacks.initAccordionItems\" data-wp-on-window--hashchange=\"callbacks.hashChange\" class=\"wp-block-accordion-item is-layout-flow wp-block-accordion-item-is-layout-flow\">\n<h3 class=\"wp-block-accordion-heading\"><button aria-expanded=\"false\" aria-controls=\"accordion-item-15-panel\" data-wp-bind--aria-expanded=\"state.isOpen\" data-wp-on--click=\"actions.toggle\" id=\"accordion-item-15\" type=\"button\" class=\"wp-block-accordion-heading__toggle\"><span class=\"wp-block-accordion-heading__toggle-title\">O\u00f9 puis-je acheter Biomed Evida GlucoBalance?<\/span><span class=\"wp-block-accordion-heading__toggle-icon\" aria-hidden=\"true\">+<\/span><\/button><\/h3>\n\n\n\n<div aria-labelledby=\"accordion-item-15\" data-wp-bind--hidden=\"state.isHidden\" data-wp-on--beforematch=\"actions.handleBeforeMatch\" id=\"accordion-item-15-panel\" role=\"region\" class=\"wp-block-accordion-panel is-layout-flow wp-block-accordion-panel-is-layout-flow\">\n<p class=\"wp-block-paragraph\">Biomed Evida GlucoBalance est disponible en <a href=\"https:\/\/biomed-evida.ch\/fr\/acheter-un-produit\/\">pharmacie<\/a> et en <a href=\"https:\/\/biomed-evida.ch\/fr\/acheter-un-produit\/\">droguerie<\/a>. Si tu souhaites acheter Biomed Evida GlucoBalance, n&rsquo;h\u00e9site pas \u00e0 te renseigner aupr\u00e8s des points de vente habituels de Biomed Evida. Il est \u00e9galement possible de le <a href=\"https:\/\/biomed-evida.ch\/fr\/acheter-un-produit\/\">commander en ligne<\/a>.<\/p>\n<\/div>\n<\/div>\n<\/div>\n<\/div>\n<\/div><\/section>\n\n\n\n<section class=\"wp-block-evida-abschnitt alignfull has-foreground-color has-background-background-color has-text-color has-background has-link-color wp-elements-5\"><div class=\"wp-block-evida-abschnitt__inner wp-block-evida-abschnitt__inner--wide\">\n<div id=\"reduforte\" class=\"wp-block-group is-layout-constrained wp-block-group-is-layout-constrained\">\n<h2 class=\"wp-block-heading\">Questions fr\u00e9quentes sur Biomed Evida ReduForte<\/h2>\n\n\n\n<div data-wp-context=\"{ &quot;autoclose&quot;: false, &quot;accordionItems&quot;: [] }\" data-wp-interactive=\"core\/accordion\" role=\"group\" class=\"wp-block-accordion is-layout-flow wp-block-accordion-is-layout-flow\">\n<div data-wp-class--is-open=\"state.isOpen\" data-wp-context=\"{ &quot;id&quot;: &quot;accordion-item-16&quot;, &quot;openByDefault&quot;: false }\" data-wp-init=\"callbacks.initAccordionItems\" data-wp-on-window--hashchange=\"callbacks.hashChange\" class=\"wp-block-accordion-item is-layout-flow wp-block-accordion-item-is-layout-flow\">\n<h3 class=\"wp-block-accordion-heading\"><button aria-expanded=\"false\" aria-controls=\"accordion-item-16-panel\" data-wp-bind--aria-expanded=\"state.isOpen\" data-wp-on--click=\"actions.toggle\" id=\"accordion-item-16\" type=\"button\" class=\"wp-block-accordion-heading__toggle\"><span class=\"wp-block-accordion-heading__toggle-title\">Qu\u2019est-ce que Biomed Evida ReduForte?<\/span><span class=\"wp-block-accordion-heading__toggle-icon\" aria-hidden=\"true\">+<\/span><\/button><\/h3>\n\n\n\n<div aria-labelledby=\"accordion-item-16\" data-wp-bind--hidden=\"state.isHidden\" data-wp-on--beforematch=\"actions.handleBeforeMatch\" id=\"accordion-item-16-panel\" role=\"region\" class=\"wp-block-accordion-panel is-layout-flow wp-block-accordion-panel-is-layout-flow\">\n<p class=\"wp-block-paragraph\">Biomed Evida ReduForte est un compl\u00e9ment alimentaire qui s\u2019utilise en compl\u00e9ment d\u2019un r\u00e9gime. Il contient un complexe v\u00e9g\u00e9tal d\u2019algues brunes et de p\u00e9pins de raisin ainsi que du chrome. Le chrome contribue au m\u00e9tabolisme normal des macronutriments tels que les lipides et les glucides et au maintien d\u2019une glyc\u00e9mie normale. Biomed Evida ReduForte convient particuli\u00e8rement pour les journ\u00e9es de repas riches.<\/p>\n<\/div>\n<\/div>\n\n\n\n<div data-wp-class--is-open=\"state.isOpen\" data-wp-context=\"{ &quot;id&quot;: &quot;accordion-item-17&quot;, &quot;openByDefault&quot;: false }\" data-wp-init=\"callbacks.initAccordionItems\" data-wp-on-window--hashchange=\"callbacks.hashChange\" class=\"wp-block-accordion-item is-layout-flow wp-block-accordion-item-is-layout-flow\">\n<h3 class=\"wp-block-accordion-heading\"><button aria-expanded=\"false\" aria-controls=\"accordion-item-17-panel\" data-wp-bind--aria-expanded=\"state.isOpen\" data-wp-on--click=\"actions.toggle\" id=\"accordion-item-17\" type=\"button\" class=\"wp-block-accordion-heading__toggle\"><span class=\"wp-block-accordion-heading__toggle-title\">Qu\u2019est-ce que ID-alG\u2122?<\/span><span class=\"wp-block-accordion-heading__toggle-icon\" aria-hidden=\"true\">+<\/span><\/button><\/h3>\n\n\n\n<div aria-labelledby=\"accordion-item-17\" data-wp-bind--hidden=\"state.isHidden\" data-wp-on--beforematch=\"actions.handleBeforeMatch\" id=\"accordion-item-17-panel\" role=\"region\" class=\"wp-block-accordion-panel is-layout-flow wp-block-accordion-panel-is-layout-flow\">\n<p class=\"wp-block-paragraph\">ID-alG\u2122 est un complexe v\u00e9g\u00e9tal brevet\u00e9 d\u2019extrait d\u2019algues brunes d\u2019<em>Ascophyllum nodosum<\/em> et d\u2019extrait de p\u00e9pins de raisin, pr\u00e9sent dans Biomed Evida ReduForte. ID-alG\u2122 est une marque de Nexira. Certains indices sugg\u00e8rent que les polyph\u00e9nols contenus inhibent les enzymes digestives responsables de la d\u00e9gradation des glucides \u00e0 longue cha\u00eene et des lipides.<\/p>\n<\/div>\n<\/div>\n\n\n\n<div data-wp-class--is-open=\"state.isOpen\" data-wp-context=\"{ &quot;id&quot;: &quot;accordion-item-18&quot;, &quot;openByDefault&quot;: false }\" data-wp-init=\"callbacks.initAccordionItems\" data-wp-on-window--hashchange=\"callbacks.hashChange\" class=\"wp-block-accordion-item is-layout-flow wp-block-accordion-item-is-layout-flow\">\n<h3 class=\"wp-block-accordion-heading\"><button aria-expanded=\"false\" aria-controls=\"accordion-item-18-panel\" data-wp-bind--aria-expanded=\"state.isOpen\" data-wp-on--click=\"actions.toggle\" id=\"accordion-item-18\" type=\"button\" class=\"wp-block-accordion-heading__toggle\"><span class=\"wp-block-accordion-heading__toggle-title\">Comment Biomed Evida ReduForte m\u2019aide-t-il exactement?<\/span><span class=\"wp-block-accordion-heading__toggle-icon\" aria-hidden=\"true\">+<\/span><\/button><\/h3>\n\n\n\n<div aria-labelledby=\"accordion-item-18\" data-wp-bind--hidden=\"state.isHidden\" data-wp-on--beforematch=\"actions.handleBeforeMatch\" id=\"accordion-item-18-panel\" role=\"region\" class=\"wp-block-accordion-panel is-layout-flow wp-block-accordion-panel-is-layout-flow\">\n<p class=\"wp-block-paragraph\">Biomed Evida ReduForte accompagne un r\u00e9gime, en particulier les jours o\u00f9 les repas sont riches. Il contient le complexe v\u00e9g\u00e9tal ID-alG\u2122 compos\u00e9 d\u2019extrait d\u2019algues brunes et d\u2019extrait de p\u00e9pins de raisin ainsi que de chrome. Les extraits v\u00e9g\u00e9taux riches en polyph\u00e9nols peuvent influer sur l\u2019activit\u00e9 des enzymes digestives telles que l\u2019\u03b1-amylase et la lipase. Le chrome contribue en outre au m\u00e9tabolisme normal des macronutriments tels que les glucides et les lipides.<\/p>\n<\/div>\n<\/div>\n\n\n\n<div data-wp-class--is-open=\"state.isOpen\" data-wp-context=\"{ &quot;id&quot;: &quot;accordion-item-19&quot;, &quot;openByDefault&quot;: false }\" data-wp-init=\"callbacks.initAccordionItems\" data-wp-on-window--hashchange=\"callbacks.hashChange\" class=\"wp-block-accordion-item is-layout-flow wp-block-accordion-item-is-layout-flow\">\n<h3 class=\"wp-block-accordion-heading\"><button aria-expanded=\"false\" aria-controls=\"accordion-item-19-panel\" data-wp-bind--aria-expanded=\"state.isOpen\" data-wp-on--click=\"actions.toggle\" id=\"accordion-item-19\" type=\"button\" class=\"wp-block-accordion-heading__toggle\"><span class=\"wp-block-accordion-heading__toggle-title\">Quand la prise de Biomed Evida ReduForte est-elle judicieuse?<\/span><span class=\"wp-block-accordion-heading__toggle-icon\" aria-hidden=\"true\">+<\/span><\/button><\/h3>\n\n\n\n<div aria-labelledby=\"accordion-item-19\" data-wp-bind--hidden=\"state.isHidden\" data-wp-on--beforematch=\"actions.handleBeforeMatch\" id=\"accordion-item-19-panel\" role=\"region\" class=\"wp-block-accordion-panel is-layout-flow wp-block-accordion-panel-is-layout-flow\">\n<p class=\"wp-block-paragraph\">Le compl\u00e9ment alimentaire Biomed Evida ReduForte se prend id\u00e9alement 15 \u00e0 30&nbsp;minutes avant les deux repas les plus riches de la journ\u00e9e. Il convient particuli\u00e8rement aux repas contenant plus de glucides \u00e0 longue cha\u00eene et de lipides, comme les p\u00e2tes, les plats \u00e0 base de riz, les pizzas, les lasagnes, les burgers, les frites ou les plats \u00e0 la cr\u00e8me. Prendre 2&nbsp;comprim\u00e9s avec suffisamment de liquide. Ne pas d\u00e9passer 4&nbsp;comprim\u00e9s par jour.<\/p>\n<\/div>\n<\/div>\n\n\n\n<div data-wp-class--is-open=\"state.isOpen\" data-wp-context=\"{ &quot;id&quot;: &quot;accordion-item-20&quot;, &quot;openByDefault&quot;: false }\" data-wp-init=\"callbacks.initAccordionItems\" data-wp-on-window--hashchange=\"callbacks.hashChange\" class=\"wp-block-accordion-item is-layout-flow wp-block-accordion-item-is-layout-flow\">\n<h3 class=\"wp-block-accordion-heading\"><button aria-expanded=\"false\" aria-controls=\"accordion-item-20-panel\" data-wp-bind--aria-expanded=\"state.isOpen\" data-wp-on--click=\"actions.toggle\" id=\"accordion-item-20\" type=\"button\" class=\"wp-block-accordion-heading__toggle\"><span class=\"wp-block-accordion-heading__toggle-title\">Puis-je combiner Biomed Evida ReduForte avec Biomed Evida AppControl?<\/span><span class=\"wp-block-accordion-heading__toggle-icon\" aria-hidden=\"true\">+<\/span><\/button><\/h3>\n\n\n\n<div aria-labelledby=\"accordion-item-20\" data-wp-bind--hidden=\"state.isHidden\" data-wp-on--beforematch=\"actions.handleBeforeMatch\" id=\"accordion-item-20-panel\" role=\"region\" class=\"wp-block-accordion-panel is-layout-flow wp-block-accordion-panel-is-layout-flow\">\n<p class=\"wp-block-paragraph\">Oui, une combinaison le m\u00eame jour est possible. Biomed Evida AppControl et Biomed Evida ReduForte ne doivent toutefois pas \u00eatre pris avant le m\u00eame repas.<\/p>\n<\/div>\n<\/div>\n\n\n\n<div data-wp-class--is-open=\"state.isOpen\" data-wp-context=\"{ &quot;id&quot;: &quot;accordion-item-21&quot;, &quot;openByDefault&quot;: false }\" data-wp-init=\"callbacks.initAccordionItems\" data-wp-on-window--hashchange=\"callbacks.hashChange\" class=\"wp-block-accordion-item is-layout-flow wp-block-accordion-item-is-layout-flow\">\n<h3 class=\"wp-block-accordion-heading\"><button aria-expanded=\"false\" aria-controls=\"accordion-item-21-panel\" data-wp-bind--aria-expanded=\"state.isOpen\" data-wp-on--click=\"actions.toggle\" id=\"accordion-item-21\" type=\"button\" class=\"wp-block-accordion-heading__toggle\"><span class=\"wp-block-accordion-heading__toggle-title\">O\u00f9 puis-je acheter Biomed Evida ReduForte?<\/span><span class=\"wp-block-accordion-heading__toggle-icon\" aria-hidden=\"true\">+<\/span><\/button><\/h3>\n\n\n\n<div aria-labelledby=\"accordion-item-21\" data-wp-bind--hidden=\"state.isHidden\" data-wp-on--beforematch=\"actions.handleBeforeMatch\" id=\"accordion-item-21-panel\" role=\"region\" class=\"wp-block-accordion-panel is-layout-flow wp-block-accordion-panel-is-layout-flow\">\n<p class=\"wp-block-paragraph\">Biomed Evida ReduForte est disponible en <a href=\"https:\/\/biomed-evida.ch\/fr\/acheter-un-produit\/\">pharmacie<\/a> et en <a href=\"https:\/\/biomed-evida.ch\/fr\/acheter-un-produit\/\">droguerie<\/a>. Si tu souhaites acheter Biomed Evida ReduForte, n&rsquo;h\u00e9site pas \u00e0 te renseigner aupr\u00e8s des points de vente habituels de Biomed Evida. Il est \u00e9galement possible de le <a href=\"https:\/\/biomed-evida.ch\/fr\/acheter-un-produit\/\">commander en ligne<\/a>.<\/p>\n<\/div>\n<\/div>\n<\/div>\n<\/div>\n<\/div><\/section>\n\n\n\n<section class=\"wp-block-evida-abschnitt alignfull has-foreground-color has-background-background-color has-text-color has-background has-link-color wp-elements-6\"><div class=\"wp-block-evida-abschnitt__inner wp-block-evida-abschnitt__inner--wide\">\n<div id=\"appcontrol\" class=\"wp-block-group is-layout-constrained wp-block-group-is-layout-constrained\">\n<h2 class=\"wp-block-heading\">Questions fr\u00e9quentes sur Biomed Evida AppControl<\/h2>\n\n\n\n<div data-wp-context=\"{ &quot;autoclose&quot;: false, &quot;accordionItems&quot;: [] }\" data-wp-interactive=\"core\/accordion\" role=\"group\" class=\"wp-block-accordion is-layout-flow wp-block-accordion-is-layout-flow\">\n<div data-wp-class--is-open=\"state.isOpen\" data-wp-context=\"{ &quot;id&quot;: &quot;accordion-item-22&quot;, &quot;openByDefault&quot;: false }\" data-wp-init=\"callbacks.initAccordionItems\" data-wp-on-window--hashchange=\"callbacks.hashChange\" class=\"wp-block-accordion-item is-layout-flow wp-block-accordion-item-is-layout-flow\">\n<h3 class=\"wp-block-accordion-heading\"><button aria-expanded=\"false\" aria-controls=\"accordion-item-22-panel\" data-wp-bind--aria-expanded=\"state.isOpen\" data-wp-on--click=\"actions.toggle\" id=\"accordion-item-22\" type=\"button\" class=\"wp-block-accordion-heading__toggle\"><span class=\"wp-block-accordion-heading__toggle-title\">Qu\u2019est-ce que Biomed Evida AppControl?<\/span><span class=\"wp-block-accordion-heading__toggle-icon\" aria-hidden=\"true\">+<\/span><\/button><\/h3>\n\n\n\n<div aria-labelledby=\"accordion-item-22\" data-wp-bind--hidden=\"state.isHidden\" data-wp-on--beforematch=\"actions.handleBeforeMatch\" id=\"accordion-item-22-panel\" role=\"region\" class=\"wp-block-accordion-panel is-layout-flow wp-block-accordion-panel-is-layout-flow\">\n<p class=\"wp-block-paragraph\">Biomed Evida AppControl est un compl\u00e9ment alimentaire contenant du glucomannane issu de la racine de konjac. Il contribue \u00e0 la perte de poids dans le cadre d\u2019une alimentation pauvre en calories. En tant que fibre soluble, il gonfle fortement dans l\u2019estomac et peut retarder la vidange gastrique. Cela peut favoriser la sati\u00e9t\u00e9. Biomed Evida AppControl s\u2019adresse \u00e0 tous ceux qui souhaitent perdre du poids et contribuer de mani\u00e8re cibl\u00e9e \u00e0 la gestion de leur poids au quotidien.<\/p>\n<\/div>\n<\/div>\n\n\n\n<div data-wp-class--is-open=\"state.isOpen\" data-wp-context=\"{ &quot;id&quot;: &quot;accordion-item-23&quot;, &quot;openByDefault&quot;: false }\" data-wp-init=\"callbacks.initAccordionItems\" data-wp-on-window--hashchange=\"callbacks.hashChange\" class=\"wp-block-accordion-item is-layout-flow wp-block-accordion-item-is-layout-flow\">\n<h3 class=\"wp-block-accordion-heading\"><button aria-expanded=\"false\" aria-controls=\"accordion-item-23-panel\" data-wp-bind--aria-expanded=\"state.isOpen\" data-wp-on--click=\"actions.toggle\" id=\"accordion-item-23\" type=\"button\" class=\"wp-block-accordion-heading__toggle\"><span class=\"wp-block-accordion-heading__toggle-title\">Biomed Evida AppControl est-elle un coupe-faim ou mod\u00e9rateur d\u2019app\u00e9tit?<\/span><span class=\"wp-block-accordion-heading__toggle-icon\" aria-hidden=\"true\">+<\/span><\/button><\/h3>\n\n\n\n<div aria-labelledby=\"accordion-item-23\" data-wp-bind--hidden=\"state.isHidden\" data-wp-on--beforematch=\"actions.handleBeforeMatch\" id=\"accordion-item-23-panel\" role=\"region\" class=\"wp-block-accordion-panel is-layout-flow wp-block-accordion-panel-is-layout-flow\">\n<p class=\"wp-block-paragraph\">Biomed Evida AppControl est un compl\u00e9ment alimentaire contenant du glucomannane. Ses fibres solubles gonflent fortement dans l\u2019estomac et peuvent ainsi favoriser la sensation de sati\u00e9t\u00e9. Il contribue \u00e0 la perte de poids dans le cadre d\u2019une alimentation pauvre en calories.<\/p>\n<\/div>\n<\/div>\n\n\n\n<div data-wp-class--is-open=\"state.isOpen\" data-wp-context=\"{ &quot;id&quot;: &quot;accordion-item-24&quot;, &quot;openByDefault&quot;: false }\" data-wp-init=\"callbacks.initAccordionItems\" data-wp-on-window--hashchange=\"callbacks.hashChange\" class=\"wp-block-accordion-item is-layout-flow wp-block-accordion-item-is-layout-flow\">\n<h3 class=\"wp-block-accordion-heading\"><button aria-expanded=\"false\" aria-controls=\"accordion-item-24-panel\" data-wp-bind--aria-expanded=\"state.isOpen\" data-wp-on--click=\"actions.toggle\" id=\"accordion-item-24\" type=\"button\" class=\"wp-block-accordion-heading__toggle\"><span class=\"wp-block-accordion-heading__toggle-title\">\u00c0 quoi dois-je faire attention lors de la prise de Biomed Evida AppControl<\/span><span class=\"wp-block-accordion-heading__toggle-icon\" aria-hidden=\"true\">+<\/span><\/button><\/h3>\n\n\n\n<div aria-labelledby=\"accordion-item-24\" data-wp-bind--hidden=\"state.isHidden\" data-wp-on--beforematch=\"actions.handleBeforeMatch\" id=\"accordion-item-24-panel\" role=\"region\" class=\"wp-block-accordion-panel is-layout-flow wp-block-accordion-panel-is-layout-flow\">\n<p class=\"wp-block-paragraph\">Biomed Evida AppControl avec suffisamment d\u2019eau pour que le glucomannane puisse atteindre l\u2019estomac et y gonfler. Avaler les capsules sans les croquer ni les ouvrir afin qu\u2019elles ne gonflent pas d\u00e9j\u00e0 dans la bouche ou dans l\u2019\u0153sophage. Respecter le moment de la prise avant les repas, car la capacit\u00e9 de gonflement peut contribuer \u00e0 renforcer la sensation de sati\u00e9t\u00e9.<\/p>\n<\/div>\n<\/div>\n\n\n\n<div data-wp-class--is-open=\"state.isOpen\" data-wp-context=\"{ &quot;id&quot;: &quot;accordion-item-25&quot;, &quot;openByDefault&quot;: false }\" data-wp-init=\"callbacks.initAccordionItems\" data-wp-on-window--hashchange=\"callbacks.hashChange\" class=\"wp-block-accordion-item is-layout-flow wp-block-accordion-item-is-layout-flow\">\n<h3 class=\"wp-block-accordion-heading\"><button aria-expanded=\"false\" aria-controls=\"accordion-item-25-panel\" data-wp-bind--aria-expanded=\"state.isOpen\" data-wp-on--click=\"actions.toggle\" id=\"accordion-item-25\" type=\"button\" class=\"wp-block-accordion-heading__toggle\"><span class=\"wp-block-accordion-heading__toggle-title\">Pendant combien de temps puis-je prendre Biomed Evida AppControl?<\/span><span class=\"wp-block-accordion-heading__toggle-icon\" aria-hidden=\"true\">+<\/span><\/button><\/h3>\n\n\n\n<div aria-labelledby=\"accordion-item-25\" data-wp-bind--hidden=\"state.isHidden\" data-wp-on--beforematch=\"actions.handleBeforeMatch\" id=\"accordion-item-25-panel\" role=\"region\" class=\"wp-block-accordion-panel is-layout-flow wp-block-accordion-panel-is-layout-flow\">\n<p class=\"wp-block-paragraph\">Biomed Evida AppControl est un compl\u00e9ment alimentaire riche en fibres qui peut en principe \u00eatre pris sur une p\u00e9riode prolong\u00e9e, \u00e0 condition que la dose journali\u00e8re recommand\u00e9e soit respect\u00e9e. Il est important d\u2019avoir des apports hydriques suffisants. En cas de prise r\u00e9guli\u00e8re de m\u00e9dicaments ou de doutes, demander conseil \u00e0 un professionnel de la sant\u00e9.<\/p>\n<\/div>\n<\/div>\n\n\n\n<div data-wp-class--is-open=\"state.isOpen\" data-wp-context=\"{ &quot;id&quot;: &quot;accordion-item-26&quot;, &quot;openByDefault&quot;: false }\" data-wp-init=\"callbacks.initAccordionItems\" data-wp-on-window--hashchange=\"callbacks.hashChange\" class=\"wp-block-accordion-item is-layout-flow wp-block-accordion-item-is-layout-flow\">\n<h3 class=\"wp-block-accordion-heading\"><button aria-expanded=\"false\" aria-controls=\"accordion-item-26-panel\" data-wp-bind--aria-expanded=\"state.isOpen\" data-wp-on--click=\"actions.toggle\" id=\"accordion-item-26\" type=\"button\" class=\"wp-block-accordion-heading__toggle\"><span class=\"wp-block-accordion-heading__toggle-title\">Comment Biomed Evida AppControl peut-il aider \u00e0 mieux r\u00e9guler l\u2019app\u00e9tit?<\/span><span class=\"wp-block-accordion-heading__toggle-icon\" aria-hidden=\"true\">+<\/span><\/button><\/h3>\n\n\n\n<div aria-labelledby=\"accordion-item-26\" data-wp-bind--hidden=\"state.isHidden\" data-wp-on--beforematch=\"actions.handleBeforeMatch\" id=\"accordion-item-26-panel\" role=\"region\" class=\"wp-block-accordion-panel is-layout-flow wp-block-accordion-panel-is-layout-flow\">\n<p class=\"wp-block-paragraph\">Biomed Evida AppControl ne peut pas couper directement l\u2019app\u00e9tit, mais il peut aider \u00e0 mieux cibler l\u2019apport \u00e9nerg\u00e9tique. Le glucomannane gonfle fortement dans l\u2019estomac et peut donc favoriser la sensation de sati\u00e9t\u00e9. Cela peut aider \u00e0 mieux g\u00e9rer les p\u00e9riodes de faim au quotidien. Il est important de le prendre dans le cadre d\u2019une alimentation pauvre en calories.<\/p>\n<\/div>\n<\/div>\n\n\n\n<div data-wp-class--is-open=\"state.isOpen\" data-wp-context=\"{ &quot;id&quot;: &quot;accordion-item-27&quot;, &quot;openByDefault&quot;: false }\" data-wp-init=\"callbacks.initAccordionItems\" data-wp-on-window--hashchange=\"callbacks.hashChange\" class=\"wp-block-accordion-item is-layout-flow wp-block-accordion-item-is-layout-flow\">\n<h3 class=\"wp-block-accordion-heading\"><button aria-expanded=\"false\" aria-controls=\"accordion-item-27-panel\" data-wp-bind--aria-expanded=\"state.isOpen\" data-wp-on--click=\"actions.toggle\" id=\"accordion-item-27\" type=\"button\" class=\"wp-block-accordion-heading__toggle\"><span class=\"wp-block-accordion-heading__toggle-title\">O\u00f9 puis-je acheter Biomed Evida AppControl?<\/span><span class=\"wp-block-accordion-heading__toggle-icon\" aria-hidden=\"true\">+<\/span><\/button><\/h3>\n\n\n\n<div aria-labelledby=\"accordion-item-27\" data-wp-bind--hidden=\"state.isHidden\" data-wp-on--beforematch=\"actions.handleBeforeMatch\" id=\"accordion-item-27-panel\" role=\"region\" class=\"wp-block-accordion-panel is-layout-flow wp-block-accordion-panel-is-layout-flow\">\n<p class=\"wp-block-paragraph\">Biomed Evida AppControl est disponible en <a href=\"https:\/\/biomed-evida.ch\/fr\/acheter-un-produit\/\">pharmacie<\/a> et en <a href=\"https:\/\/biomed-evida.ch\/fr\/acheter-un-produit\/\">droguerie<\/a>. Si tu souhaites acheter Biomed Evida AppControl, n&rsquo;h\u00e9site pas \u00e0 te renseigner aupr\u00e8s des points de vente habituels de Biomed Evida. Il est \u00e9galement possible de le <a href=\"https:\/\/biomed-evida.ch\/fr\/acheter-un-produit\/\">commander en ligne<\/a>.<\/p>\n<\/div>\n<\/div>\n<\/div>\n<\/div>\n<\/div><\/section>\n\n\n\n<section class=\"wp-block-evida-abschnitt alignfull has-foreground-color has-background-background-color has-text-color has-background has-link-color wp-elements-7\"><div class=\"wp-block-evida-abschnitt__inner wp-block-evida-abschnitt__inner--wide\">\n<div id=\"inshape\" class=\"wp-block-group is-layout-constrained wp-block-group-is-layout-constrained\">\n<h2 class=\"wp-block-heading\">Questions fr\u00e9quentes sur Biomed Evida InShape<\/h2>\n\n\n\n<div data-wp-context=\"{ &quot;autoclose&quot;: false, &quot;accordionItems&quot;: [] }\" data-wp-interactive=\"core\/accordion\" role=\"group\" class=\"wp-block-accordion is-layout-flow wp-block-accordion-is-layout-flow\">\n<div data-wp-class--is-open=\"state.isOpen\" data-wp-context=\"{ &quot;id&quot;: &quot;accordion-item-28&quot;, &quot;openByDefault&quot;: false }\" data-wp-init=\"callbacks.initAccordionItems\" data-wp-on-window--hashchange=\"callbacks.hashChange\" class=\"wp-block-accordion-item is-layout-flow wp-block-accordion-item-is-layout-flow\">\n<h3 class=\"wp-block-accordion-heading\"><button aria-expanded=\"false\" aria-controls=\"accordion-item-28-panel\" data-wp-bind--aria-expanded=\"state.isOpen\" data-wp-on--click=\"actions.toggle\" id=\"accordion-item-28\" type=\"button\" class=\"wp-block-accordion-heading__toggle\"><span class=\"wp-block-accordion-heading__toggle-title\">Qu\u2019est-ce que Biomed Evida InShape?<\/span><span class=\"wp-block-accordion-heading__toggle-icon\" aria-hidden=\"true\">+<\/span><\/button><\/h3>\n\n\n\n<div aria-labelledby=\"accordion-item-28\" data-wp-bind--hidden=\"state.isHidden\" data-wp-on--beforematch=\"actions.handleBeforeMatch\" id=\"accordion-item-28-panel\" role=\"region\" class=\"wp-block-accordion-panel is-layout-flow wp-block-accordion-panel-is-layout-flow\">\n<p class=\"wp-block-paragraph\">Biomed Evida InShape est un substitut de repas pour le contr\u00f4le du poids. Un shake remplace un repas principal et fournit des quantit\u00e9s d\u00e9finies d\u2019\u00e9nergie et de nutriments. Ainsi, Biomed Evida InShape propose une solution pratique pour le quotidien aux personnes qui souhaitent perdre du poids ou maintenir leur poids. Les quatre saveurs Biomed Evida InShape Vanille, Choco, Caf\u00e9 et Berry apportent de la vari\u00e9t\u00e9.<\/p>\n<\/div>\n<\/div>\n\n\n\n<div data-wp-class--is-open=\"state.isOpen\" data-wp-context=\"{ &quot;id&quot;: &quot;accordion-item-29&quot;, &quot;openByDefault&quot;: false }\" data-wp-init=\"callbacks.initAccordionItems\" data-wp-on-window--hashchange=\"callbacks.hashChange\" class=\"wp-block-accordion-item is-layout-flow wp-block-accordion-item-is-layout-flow\">\n<h3 class=\"wp-block-accordion-heading\"><button aria-expanded=\"false\" aria-controls=\"accordion-item-29-panel\" data-wp-bind--aria-expanded=\"state.isOpen\" data-wp-on--click=\"actions.toggle\" id=\"accordion-item-29\" type=\"button\" class=\"wp-block-accordion-heading__toggle\"><span class=\"wp-block-accordion-heading__toggle-title\">Comment utiliser correctement Biomed Evida InShape pour perdre du poids?<\/span><span class=\"wp-block-accordion-heading__toggle-icon\" aria-hidden=\"true\">+<\/span><\/button><\/h3>\n\n\n\n<div aria-labelledby=\"accordion-item-29\" data-wp-bind--hidden=\"state.isHidden\" data-wp-on--beforematch=\"actions.handleBeforeMatch\" id=\"accordion-item-29-panel\" role=\"region\" class=\"wp-block-accordion-panel is-layout-flow wp-block-accordion-panel-is-layout-flow\">\n<p class=\"wp-block-paragraph\">Si tu souhaites perdre du poids avec Biomed Evida InShape, remplace deux repas principaux par jour par un shake Biomed Evida InShape dans le cadre d\u2019une alimentation pauvre en calories. Un shake est pr\u00e9par\u00e9 avec 30\u2009g de poudre et 250\u2009ml de lait \u00e9cr\u00e9m\u00e9. L&rsquo;important reste de faire en sorte que les autres repas soient \u00e9quilibr\u00e9s, de boire suffisamment et de veiller \u00e0 adopter un mode de vie sain, avec une activit\u00e9 physique suffisante.<\/p>\n<\/div>\n<\/div>\n\n\n\n<div data-wp-class--is-open=\"state.isOpen\" data-wp-context=\"{ &quot;id&quot;: &quot;accordion-item-30&quot;, &quot;openByDefault&quot;: false }\" data-wp-init=\"callbacks.initAccordionItems\" data-wp-on-window--hashchange=\"callbacks.hashChange\" class=\"wp-block-accordion-item is-layout-flow wp-block-accordion-item-is-layout-flow\">\n<h3 class=\"wp-block-accordion-heading\"><button aria-expanded=\"false\" aria-controls=\"accordion-item-30-panel\" data-wp-bind--aria-expanded=\"state.isOpen\" data-wp-on--click=\"actions.toggle\" id=\"accordion-item-30\" type=\"button\" class=\"wp-block-accordion-heading__toggle\"><span class=\"wp-block-accordion-heading__toggle-title\">Biomed Evida InShape pr\u00e9sente-t-il aussi des avantages si on ne veut pas perdre du poids?<\/span><span class=\"wp-block-accordion-heading__toggle-icon\" aria-hidden=\"true\">+<\/span><\/button><\/h3>\n\n\n\n<div aria-labelledby=\"accordion-item-30\" data-wp-bind--hidden=\"state.isHidden\" data-wp-on--beforematch=\"actions.handleBeforeMatch\" id=\"accordion-item-30-panel\" role=\"region\" class=\"wp-block-accordion-panel is-layout-flow wp-block-accordion-panel-is-layout-flow\">\n<p class=\"wp-block-paragraph\">Oui. Biomed Evida InShape peut aussi convenir si l\u2019objectif n\u2019est pas la perte de poids, mais un repas pratique, \u00e9quilibr\u00e9 et peu calorique. Le shake est rapide \u00e0 pr\u00e9parer et fournit des quantit\u00e9s d\u00e9finies d\u2019\u00e9nergie et de nutriments. Avec 20\u2009g de prot\u00e9ines de lait, des fibres, des vitamines et des min\u00e9raux, Biomed Evida InShape est bien plus qu\u2019une boisson prot\u00e9in\u00e9e classique. Biomed Evida InShape peut \u00e9galement constituer une source de prot\u00e9ines int\u00e9ressante pour le sport.<\/p>\n<\/div>\n<\/div>\n\n\n\n<div data-wp-class--is-open=\"state.isOpen\" data-wp-context=\"{ &quot;id&quot;: &quot;accordion-item-31&quot;, &quot;openByDefault&quot;: false }\" data-wp-init=\"callbacks.initAccordionItems\" data-wp-on-window--hashchange=\"callbacks.hashChange\" class=\"wp-block-accordion-item is-layout-flow wp-block-accordion-item-is-layout-flow\">\n<h3 class=\"wp-block-accordion-heading\"><button aria-expanded=\"false\" aria-controls=\"accordion-item-31-panel\" data-wp-bind--aria-expanded=\"state.isOpen\" data-wp-on--click=\"actions.toggle\" id=\"accordion-item-31\" type=\"button\" class=\"wp-block-accordion-heading__toggle\"><span class=\"wp-block-accordion-heading__toggle-title\">Quelle est la diff\u00e9rence entre Biomed Evida InShape et une boisson prot\u00e9in\u00e9e classique?<\/span><span class=\"wp-block-accordion-heading__toggle-icon\" aria-hidden=\"true\">+<\/span><\/button><\/h3>\n\n\n\n<div aria-labelledby=\"accordion-item-31\" data-wp-bind--hidden=\"state.isHidden\" data-wp-on--beforematch=\"actions.handleBeforeMatch\" id=\"accordion-item-31-panel\" role=\"region\" class=\"wp-block-accordion-panel is-layout-flow wp-block-accordion-panel-is-layout-flow\">\n<p class=\"wp-block-paragraph\">Biomed Evida InShape est plus qu\u2019une boisson prot\u00e9in\u00e9e. En tant que substitut de repas, un shake pr\u00e9par\u00e9 fournit des quantit\u00e9s d\u00e9finies d\u2019\u00e9nergie et de nutriments et est donc sp\u00e9cialement con\u00e7u pour le contr\u00f4le du poids. Outre 20\u2009g de prot\u00e9ines de lait par shake, Biomed Evida InShape contient \u00e9galement des fibres, 13 vitamines et 11\u00a0min\u00e9raux. Biomed Evida InShape offre les avantages d\u2019un substitut de repas, mais peut aussi \u00eatre utilis\u00e9 comme source de prot\u00e9ines, par exemple pour le sport.<\/p>\n<\/div>\n<\/div>\n\n\n\n<div data-wp-class--is-open=\"state.isOpen\" data-wp-context=\"{ &quot;id&quot;: &quot;accordion-item-32&quot;, &quot;openByDefault&quot;: false }\" data-wp-init=\"callbacks.initAccordionItems\" data-wp-on-window--hashchange=\"callbacks.hashChange\" class=\"wp-block-accordion-item is-layout-flow wp-block-accordion-item-is-layout-flow\">\n<h3 class=\"wp-block-accordion-heading\"><button aria-expanded=\"false\" aria-controls=\"accordion-item-32-panel\" data-wp-bind--aria-expanded=\"state.isOpen\" data-wp-on--click=\"actions.toggle\" id=\"accordion-item-32\" type=\"button\" class=\"wp-block-accordion-heading__toggle\"><span class=\"wp-block-accordion-heading__toggle-title\">Puis-je aussi pr\u00e9parer Biomed Evida InShape avec de l\u2019eau?<\/span><span class=\"wp-block-accordion-heading__toggle-icon\" aria-hidden=\"true\">+<\/span><\/button><\/h3>\n\n\n\n<div aria-labelledby=\"accordion-item-32\" data-wp-bind--hidden=\"state.isHidden\" data-wp-on--beforematch=\"actions.handleBeforeMatch\" id=\"accordion-item-32-panel\" role=\"region\" class=\"wp-block-accordion-panel is-layout-flow wp-block-accordion-panel-is-layout-flow\">\n<p class=\"wp-block-paragraph\">Biomed Evida InShape se pr\u00e9pare id\u00e9alement avec 30\u2009g de poudre et 250\u2009ml de lait \u00e9cr\u00e9m\u00e9. Ainsi, le shake Biomed Evida InShape est con\u00e7u comme substitut de repas et adapt\u00e9 \u00e0 la composition nutritionnelle d\u00e9finie. On peut aussi le m\u00e9langer avec de l\u2019eau, ce qui modifie le go\u00fbt; cependant, la sati\u00e9t\u00e9 et le profil nutritionnel, ainsi que les teneurs en macronutriments et en micronutriments ne correspondent plus alors aux valeurs indiqu\u00e9es sur la bo\u00eete.<\/p>\n<\/div>\n<\/div>\n\n\n\n<div data-wp-class--is-open=\"state.isOpen\" data-wp-context=\"{ &quot;id&quot;: &quot;accordion-item-33&quot;, &quot;openByDefault&quot;: false }\" data-wp-init=\"callbacks.initAccordionItems\" data-wp-on-window--hashchange=\"callbacks.hashChange\" class=\"wp-block-accordion-item is-layout-flow wp-block-accordion-item-is-layout-flow\">\n<h3 class=\"wp-block-accordion-heading\"><button aria-expanded=\"false\" aria-controls=\"accordion-item-33-panel\" data-wp-bind--aria-expanded=\"state.isOpen\" data-wp-on--click=\"actions.toggle\" id=\"accordion-item-33\" type=\"button\" class=\"wp-block-accordion-heading__toggle\"><span class=\"wp-block-accordion-heading__toggle-title\">O\u00f9 puis-je acheter Biomed Evida InShape ?<\/span><span class=\"wp-block-accordion-heading__toggle-icon\" aria-hidden=\"true\">+<\/span><\/button><\/h3>\n\n\n\n<div aria-labelledby=\"accordion-item-33\" data-wp-bind--hidden=\"state.isHidden\" data-wp-on--beforematch=\"actions.handleBeforeMatch\" id=\"accordion-item-33-panel\" role=\"region\" class=\"wp-block-accordion-panel is-layout-flow wp-block-accordion-panel-is-layout-flow\">\n<p class=\"wp-block-paragraph\">Biomed Evida InShape est disponible en <a href=\"https:\/\/biomed-evida.ch\/fr\/acheter-un-produit\/\">pharmacie<\/a> et en <a href=\"https:\/\/biomed-evida.ch\/fr\/acheter-un-produit\/\">droguerie<\/a>. Si tu souhaites acheter Biomed Evida InShape, n&rsquo;h\u00e9site pas \u00e0 te renseigner aupr\u00e8s des points de vente habituels de Biomed Evida. Il est \u00e9galement possible de le <a href=\"https:\/\/biomed-evida.ch\/fr\/acheter-un-produit\/\">commander en ligne<\/a>.<\/p>\n<\/div>\n<\/div>\n<\/div>\n<\/div>\n<\/div><\/section>\n\n\n\n<section style=\"background-image:url(&apos;https:\/\/biomed-evida.ch\/wp-content\/uploads\/2026\/04\/biomed-evida-footer-image.jpg&apos;);background-position:35% 44%;background-size:cover;\" class=\"wp-block-evida-abschnitt alignfull is-style-diagonal has-background\"><div class=\"wp-block-evida-abschnitt__inner wp-block-evida-abschnitt__inner--wide\">\n<p class=\"wp-block-paragraph\"><\/p>\n<\/div><\/section>\n","protected":false},"excerpt":{"rendered":"","protected":false},"author":1,"featured_media":0,"parent":0,"menu_order":0,"comment_status":"closed","ping_status":"closed","template":"","meta":{"_acf_changed":false,"inline_featured_image":false,"evida_vote_up":0,"evida_vote_down":0,"footnotes":""},"class_list":["post-745","page","type-page","status-publish","hentry"],"acf":[],"yoast_head":"<!-- This site is optimized with the Yoast SEO plugin v27.2 - https:\/\/yoast.com\/product\/yoast-seo-wordpress\/ -->\n<title>FAQ sur Biomed Evida<\/title>\n<meta name=\"description\" content=\"Questions fr\u00e9quentes sur Biomed Evida : r\u00e9ponses claires sur les produits, leurs ingr\u00e9dients, leur utilisation et leurs bienfaits.\" \/>\n<meta name=\"robots\" content=\"index, follow, max-snippet:-1, max-image-preview:large, max-video-preview:-1\" \/>\n<link rel=\"canonical\" href=\"https:\/\/biomed-evida.ch\/fr\/faq\/\" \/>\n<meta property=\"og:locale\" content=\"fr_FR\" \/>\n<meta property=\"og:type\" content=\"article\" \/>\n<meta property=\"og:title\" content=\"FAQ sur Biomed Evida\" \/>\n<meta property=\"og:description\" content=\"Questions fr\u00e9quentes sur Biomed Evida : r\u00e9ponses claires sur les produits, leurs ingr\u00e9dients, leur utilisation et leurs bienfaits.\" \/>\n<meta property=\"og:url\" content=\"https:\/\/biomed-evida.ch\/fr\/faq\/\" \/>\n<meta property=\"og:site_name\" content=\"Biomed Evida\" \/>\n<meta property=\"article:publisher\" content=\"https:\/\/www.facebook.com\/biomed.evida\" \/>\n<meta property=\"article:modified_time\" content=\"2026-05-12T07:13:05+00:00\" \/>\n<meta name=\"twitter:card\" content=\"summary_large_image\" \/>\n<meta name=\"twitter:label1\" content=\"Dur\u00e9e de lecture estim\u00e9e\" \/>\n\t<meta name=\"twitter:data1\" content=\"3 minutes\" \/>\n<script type=\"application\/ld+json\" class=\"yoast-schema-graph\">{\"@context\":\"https:\/\/schema.org\",\"@graph\":[{\"@type\":\"WebPage\",\"@id\":\"https:\/\/biomed-evida.ch\/fr\/faq\/\",\"url\":\"https:\/\/biomed-evida.ch\/fr\/faq\/\",\"name\":\"FAQ sur Biomed Evida\",\"isPartOf\":{\"@id\":\"https:\/\/biomed-evida.ch\/fr\/#website\"},\"datePublished\":\"2026-03-23T21:21:32+00:00\",\"dateModified\":\"2026-05-12T07:13:05+00:00\",\"description\":\"Questions fr\u00e9quentes sur Biomed Evida : r\u00e9ponses claires sur les produits, leurs ingr\u00e9dients, leur utilisation et leurs bienfaits.\",\"breadcrumb\":{\"@id\":\"https:\/\/biomed-evida.ch\/fr\/faq\/#breadcrumb\"},\"inLanguage\":\"fr-FR\",\"potentialAction\":[{\"@type\":\"ReadAction\",\"target\":[\"https:\/\/biomed-evida.ch\/fr\/faq\/\"]}]},{\"@type\":\"BreadcrumbList\",\"@id\":\"https:\/\/biomed-evida.ch\/fr\/faq\/#breadcrumb\",\"itemListElement\":[{\"@type\":\"ListItem\",\"position\":1,\"name\":\"Home\",\"item\":\"https:\/\/biomed-evida.ch\/fr\/\"},{\"@type\":\"ListItem\",\"position\":2,\"name\":\"FAQ\"}]},{\"@type\":\"WebSite\",\"@id\":\"https:\/\/biomed-evida.ch\/fr\/#website\",\"url\":\"https:\/\/biomed-evida.ch\/fr\/\",\"name\":\"Biomed Evida\",\"description\":\"Gut leben \u2013 heute und morgen\",\"publisher\":{\"@id\":\"https:\/\/biomed-evida.ch\/fr\/#organization\"},\"alternateName\":\"Gut leben \u2013 heute und morgen\",\"potentialAction\":[{\"@type\":\"SearchAction\",\"target\":{\"@type\":\"EntryPoint\",\"urlTemplate\":\"https:\/\/biomed-evida.ch\/fr\/?s={search_term_string}\"},\"query-input\":{\"@type\":\"PropertyValueSpecification\",\"valueRequired\":true,\"valueName\":\"search_term_string\"}}],\"inLanguage\":\"fr-FR\"},{\"@type\":\"Organization\",\"@id\":\"https:\/\/biomed-evida.ch\/fr\/#organization\",\"name\":\"Biomed Evida\",\"url\":\"https:\/\/biomed-evida.ch\/fr\/\",\"logo\":{\"@type\":\"ImageObject\",\"inLanguage\":\"fr-FR\",\"@id\":\"https:\/\/biomed-evida.ch\/fr\/#\/schema\/logo\/image\/\",\"url\":\"https:\/\/biomed-evida.ch\/wp-content\/uploads\/2026\/03\/logo.svg\",\"contentUrl\":\"https:\/\/biomed-evida.ch\/wp-content\/uploads\/2026\/03\/logo.svg\",\"width\":143,\"height\":54,\"caption\":\"Biomed Evida\"},\"image\":{\"@id\":\"https:\/\/biomed-evida.ch\/fr\/#\/schema\/logo\/image\/\"},\"sameAs\":[\"https:\/\/www.facebook.com\/biomed.evida\",\"https:\/\/www.instagram.com\/biomed.evida?igsh=OGdrN2hwZjUyMXc5\"]}]}<\/script>\n<!-- \/ Yoast SEO plugin. -->","yoast_head_json":{"title":"FAQ sur Biomed Evida","description":"Questions fr\u00e9quentes sur Biomed Evida : r\u00e9ponses claires sur les produits, leurs ingr\u00e9dients, leur utilisation et leurs bienfaits.","robots":{"index":"index","follow":"follow","max-snippet":"max-snippet:-1","max-image-preview":"max-image-preview:large","max-video-preview":"max-video-preview:-1"},"canonical":"https:\/\/biomed-evida.ch\/fr\/faq\/","og_locale":"fr_FR","og_type":"article","og_title":"FAQ sur Biomed Evida","og_description":"Questions fr\u00e9quentes sur Biomed Evida : r\u00e9ponses claires sur les produits, leurs ingr\u00e9dients, leur utilisation et leurs bienfaits.","og_url":"https:\/\/biomed-evida.ch\/fr\/faq\/","og_site_name":"Biomed Evida","article_publisher":"https:\/\/www.facebook.com\/biomed.evida","article_modified_time":"2026-05-12T07:13:05+00:00","twitter_card":"summary_large_image","twitter_misc":{"Dur\u00e9e de lecture estim\u00e9e":"3 minutes"},"schema":{"@context":"https:\/\/schema.org","@graph":[{"@type":"WebPage","@id":"https:\/\/biomed-evida.ch\/fr\/faq\/","url":"https:\/\/biomed-evida.ch\/fr\/faq\/","name":"FAQ sur Biomed Evida","isPartOf":{"@id":"https:\/\/biomed-evida.ch\/fr\/#website"},"datePublished":"2026-03-23T21:21:32+00:00","dateModified":"2026-05-12T07:13:05+00:00","description":"Questions fr\u00e9quentes sur Biomed Evida : r\u00e9ponses claires sur les produits, leurs ingr\u00e9dients, leur utilisation et leurs bienfaits.","breadcrumb":{"@id":"https:\/\/biomed-evida.ch\/fr\/faq\/#breadcrumb"},"inLanguage":"fr-FR","potentialAction":[{"@type":"ReadAction","target":["https:\/\/biomed-evida.ch\/fr\/faq\/"]}]},{"@type":"BreadcrumbList","@id":"https:\/\/biomed-evida.ch\/fr\/faq\/#breadcrumb","itemListElement":[{"@type":"ListItem","position":1,"name":"Home","item":"https:\/\/biomed-evida.ch\/fr\/"},{"@type":"ListItem","position":2,"name":"FAQ"}]},{"@type":"WebSite","@id":"https:\/\/biomed-evida.ch\/fr\/#website","url":"https:\/\/biomed-evida.ch\/fr\/","name":"Biomed Evida","description":"Gut leben \u2013 heute und morgen","publisher":{"@id":"https:\/\/biomed-evida.ch\/fr\/#organization"},"alternateName":"Gut leben \u2013 heute und morgen","potentialAction":[{"@type":"SearchAction","target":{"@type":"EntryPoint","urlTemplate":"https:\/\/biomed-evida.ch\/fr\/?s={search_term_string}"},"query-input":{"@type":"PropertyValueSpecification","valueRequired":true,"valueName":"search_term_string"}}],"inLanguage":"fr-FR"},{"@type":"Organization","@id":"https:\/\/biomed-evida.ch\/fr\/#organization","name":"Biomed Evida","url":"https:\/\/biomed-evida.ch\/fr\/","logo":{"@type":"ImageObject","inLanguage":"fr-FR","@id":"https:\/\/biomed-evida.ch\/fr\/#\/schema\/logo\/image\/","url":"https:\/\/biomed-evida.ch\/wp-content\/uploads\/2026\/03\/logo.svg","contentUrl":"https:\/\/biomed-evida.ch\/wp-content\/uploads\/2026\/03\/logo.svg","width":143,"height":54,"caption":"Biomed Evida"},"image":{"@id":"https:\/\/biomed-evida.ch\/fr\/#\/schema\/logo\/image\/"},"sameAs":["https:\/\/www.facebook.com\/biomed.evida","https:\/\/www.instagram.com\/biomed.evida?igsh=OGdrN2hwZjUyMXc5"]}]}},"_links":{"self":[{"href":"https:\/\/biomed-evida.ch\/fr\/wp-json\/wp\/v2\/pages\/745","targetHints":{"allow":["GET"]}}],"collection":[{"href":"https:\/\/biomed-evida.ch\/fr\/wp-json\/wp\/v2\/pages"}],"about":[{"href":"https:\/\/biomed-evida.ch\/fr\/wp-json\/wp\/v2\/types\/page"}],"author":[{"embeddable":true,"href":"https:\/\/biomed-evida.ch\/fr\/wp-json\/wp\/v2\/users\/1"}],"replies":[{"embeddable":true,"href":"https:\/\/biomed-evida.ch\/fr\/wp-json\/wp\/v2\/comments?post=745"}],"version-history":[{"count":11,"href":"https:\/\/biomed-evida.ch\/fr\/wp-json\/wp\/v2\/pages\/745\/revisions"}],"predecessor-version":[{"id":1265,"href":"https:\/\/biomed-evida.ch\/fr\/wp-json\/wp\/v2\/pages\/745\/revisions\/1265"}],"wp:attachment":[{"href":"https:\/\/biomed-evida.ch\/fr\/wp-json\/wp\/v2\/media?parent=745"}],"curies":[{"name":"wp","href":"https:\/\/api.w.org\/{rel}","templated":true}]}}