{"id":398,"date":"2026-02-25T23:13:31","date_gmt":"2026-02-25T23:13:31","guid":{"rendered":"https:\/\/biomed-evida.ch\/?post_type=wissen&#038;p=398"},"modified":"2026-05-05T09:29:53","modified_gmt":"2026-05-05T09:29:53","slug":"gestion-du-poids","status":"publish","type":"wissen","link":"https:\/\/biomed-evida.ch\/fr\/savoir\/gestion-du-poids\/","title":{"rendered":"Gestion du poids"},"content":{"rendered":"\n<section class=\"wp-block-evida-abschnitt alignfull is-style-diagonal has-background-color has-primary-background-color has-text-color has-background has-link-color wp-elements-1\"><div class=\"wp-block-evida-abschnitt__inner wp-block-evida-abschnitt__inner--wide\">\n<div class=\"wp-block-columns is-layout-flex wp-container-core-columns-is-layout-f56f613f wp-block-columns-is-layout-flex\">\n<div class=\"wp-block-column is-layout-flow wp-block-column-is-layout-flow\"><div class=\"yoast-breadcrumbs\"><span><span><a href=\"https:\/\/biomed-evida.ch\/fr\/\">Home<\/a><\/span> <span class=\"breadcrumb_separator\">\/<\/span> <span class=\"breadcrumb_last\" aria-current=\"page\">Gestion du poids<\/span><\/span><\/div>\n\n\n<h1 class=\"wp-block-heading\">Contr\u00f4le du poids et sati\u00e9t\u00e9<\/h1>\n\n\n\n<p class=\"is-style-subline wp-block-paragraph\">Pour contr\u00f4ler durablement son poids, il ne suffit pas de compter les calories. La sati\u00e9t\u00e9, une alimentation \u00e9quilibr\u00e9e, l\u2019activit\u00e9 physique et des habitudes adapt\u00e9es au quotidien sont aussi d\u00e9cisives.<\/p>\n<\/div>\n\n\n\n<div class=\"wp-block-column is-layout-flow wp-block-column-is-layout-flow\"><\/div>\n<\/div>\n<\/div><\/section>\n\n\n\n<section class=\"wp-block-evida-abschnitt alignfull\"><div class=\"wp-block-evida-abschnitt__inner wp-block-evida-abschnitt__inner--wide\">\n<div class=\"wp-block-group is-layout-constrained wp-block-group-is-layout-constrained\">\n<h2 class=\"wp-block-heading\">Pourquoi la gestion du poids va au-del\u00e0 de la perte de poids<\/h2>\n\n\n\n<p class=\"wp-block-paragraph\">On consid\u00e8re souvent le poids corporel de mani\u00e8re isol\u00e9e. Mais le m\u00e9tabolisme global est \u00e9galement d\u00e9cisif pour la sant\u00e9. Une augmentation prolong\u00e9e du poids corporel peut aller de pair avec des modifications du m\u00e9tabolisme du sucre et des lipides. Le tissu adipeux de la r\u00e9gion abdominale en particulier est \u00e9troitement li\u00e9 aux processus m\u00e9taboliques. La gestion du poids est donc non seulement une question d\u2019esth\u00e9tique, mais aussi une question de sant\u00e9 m\u00e9tabolique.<\/p>\n\n\n\n<div style=\"height:1em\" aria-hidden=\"true\" class=\"wp-block-spacer\"><\/div>\n\n\n\n<h2 class=\"wp-block-heading\">Qu\u2019est-ce qu\u2019une gestion durable du poids?<\/h2>\n\n\n\n<p class=\"wp-block-paragraph\">La gestion durable du poids ne repose pas sur le renoncement \u00e0 tout prix. L\u2019accent est plut\u00f4t mis sur un comportement alimentaire et un mode de vie pouvant \u00eatre adopt\u00e9s r\u00e9guli\u00e8rement et durablement. Il s\u2019agit notamment des \u00e9l\u00e9ments suivants:<\/p>\n\n\n\n<ul class=\"wp-block-list\">\n<li>une alimentation \u00e9quilibr\u00e9e et respectueuse de l\u2019\u00e9nergie<\/li>\n\n\n\n<li>une structure des repas adapt\u00e9e au quotidien et aux besoins<\/li>\n\n\n\n<li>une activit\u00e9 physique r\u00e9guli\u00e8re<\/li>\n\n\n\n<li>suffisamment de sommeil<\/li>\n\n\n\n<li>une gestion judicieuse du stress<\/li>\n\n\n\n<li>des objectifs r\u00e9alistes au lieu de strat\u00e9gies extr\u00eames \u00e0 court terme<\/li>\n<\/ul>\n\n\n\n<p class=\"wp-block-paragraph\">Les r\u00e9gimes stricts peuvent donner des r\u00e9sultats \u00e0 court terme, mais ils sont souvent difficiles \u00e0 tenir au quotidien. Une approche qui peut \u00eatre mise en \u0153uvre \u00e9tape par \u00e9tape et qui favorise des routines stables est g\u00e9n\u00e9ralement plus judicieuse.<\/p>\n\n\n\n<div style=\"height:1em\" aria-hidden=\"true\" class=\"wp-block-spacer\"><\/div>\n\n\n\n<h3 class=\"wp-block-heading\">Alimentation, sati\u00e9t\u00e9 et sensation de sati\u00e9t\u00e9<\/h3>\n\n\n\n<p class=\"wp-block-paragraph\">Pour la gestion du poids, ce n\u2019est pas seulement la quantit\u00e9 que l\u2019on mange qui est d\u00e9terminante, mais aussi ce que l\u2019on mange et comment. Une alimentation riche en nutriments, rassasiante et avec des portions adapt\u00e9es peut aider \u00e0 mieux contr\u00f4ler les apports \u00e9nerg\u00e9tiques, sans pour autant se priver en permanence.<\/p>\n\n\n\n<p class=\"wp-block-paragraph\">Les l\u00e9gumes, les produits \u00e0 base de c\u00e9r\u00e9ales compl\u00e8tes, les l\u00e9gumineuses, les fruits, les sources de prot\u00e9ines de grande qualit\u00e9 et les graisses s\u00e9lectionn\u00e9es contribuent \u00e0 ce que les repas soient \u00e9quilibr\u00e9s et rassasient plus longtemps. Les fibres, en particulier, peuvent jouer un r\u00f4le important dans ce contexte. Elles fixent l\u2019eau, peuvent augmenter le volume dans l\u2019estomac et favoriser ainsi la sensation de sati\u00e9t\u00e9.<\/p>\n\n\n\n<p class=\"wp-block-paragraph\">Une bonne sensation de sati\u00e9t\u00e9 peut aider \u00e0 r\u00e9duire les prises alimentaires spontan\u00e9es ou suppl\u00e9mentaires. Outre la quantit\u00e9 de calories, la qualit\u00e9 et la composition des repas sont \u00e9galement d\u00e9terminantes.<em><\/em><\/p>\n\n\n\n<div style=\"height:1em\" aria-hidden=\"true\" class=\"wp-block-spacer\"><\/div>\n\n\n\n<h3 class=\"wp-block-heading\">Facteurs d\u2019influence: activit\u00e9 physique, sommeil et stress<\/h3>\n\n\n\n<p class=\"wp-block-paragraph\">La gestion du poids ne peut pas \u00eatre contr\u00f4l\u00e9e uniquement par l&rsquo;alimentation.  L\u2019activit\u00e9 physique favorise la d\u00e9pense d\u2019\u00e9nergie, le maintien de la masse musculaire et la r\u00e9gulation m\u00e9tabolique. Parall\u00e8lement, elle a un effet positif sur le quotidien, le bien-\u00eatre et la stabilit\u00e9 \u00e0 long terme.<\/p>\n\n\n\n<p class=\"wp-block-paragraph\">Le sommeil est \u00e9galement important. Un manque de sommeil peut avoir une influence n\u00e9gative sur la faim, l\u2019app\u00e9tit et la sensation de sati\u00e9t\u00e9. Il en va de m\u00eame pour le stress. Le stress durable peut modifier le comportement alimentaire, les habitudes et la r\u00e9gulation physique, ce qui complique la gestion du poids.<\/p>\n<\/div>\n<\/div><\/section>\n\n\n\n<section class=\"wp-block-evida-abschnitt alignfull is-style-diagonal has-background-color has-primary-background-color has-text-color has-background has-link-color wp-elements-2\"><div class=\"wp-block-evida-abschnitt__inner wp-block-evida-abschnitt__inner--wide\">\n<div style=\"height:1em\" aria-hidden=\"true\" class=\"wp-block-spacer\"><\/div>\n\n\n\n<div class=\"wp-block-group is-layout-constrained wp-block-group-is-layout-constrained\">\n<h2 class=\"wp-block-heading\">FAQ<\/h2>\n\n\n\n<div data-wp-context=\"{ &quot;autoclose&quot;: false, &quot;accordionItems&quot;: [] }\" data-wp-interactive=\"core\/accordion\" role=\"group\" class=\"wp-block-accordion is-layout-flow wp-block-accordion-is-layout-flow\">\n<div data-wp-class--is-open=\"state.isOpen\" data-wp-context=\"{ &quot;id&quot;: &quot;accordion-item-1&quot;, &quot;openByDefault&quot;: false }\" data-wp-init=\"callbacks.initAccordionItems\" data-wp-on-window--hashchange=\"callbacks.hashChange\" class=\"wp-block-accordion-item is-layout-flow wp-block-accordion-item-is-layout-flow\">\n<h3 class=\"wp-block-accordion-heading\"><button aria-expanded=\"false\" aria-controls=\"accordion-item-1-panel\" data-wp-bind--aria-expanded=\"state.isOpen\" data-wp-on--click=\"actions.toggle\" id=\"accordion-item-1\" type=\"button\" class=\"wp-block-accordion-heading__toggle\"><span class=\"wp-block-accordion-heading__toggle-title\"><strong><strong><strong><strong><strong>Pourquoi la sati\u00e9t\u00e9 est-elle importante dans la gestion du poids?<\/strong><\/strong><\/strong><\/strong><\/strong><\/span><span class=\"wp-block-accordion-heading__toggle-icon\" aria-hidden=\"true\">+<\/span><\/button><\/h3>\n\n\n\n<div aria-labelledby=\"accordion-item-1\" data-wp-bind--hidden=\"state.isHidden\" data-wp-on--beforematch=\"actions.handleBeforeMatch\" id=\"accordion-item-1-panel\" role=\"region\" class=\"wp-block-accordion-panel is-layout-flow wp-block-accordion-panel-is-layout-flow\">\n<p class=\"wp-block-paragraph\">Une bonne sati\u00e9t\u00e9 peut aider \u00e0 mieux contr\u00f4ler les apports \u00e9nerg\u00e9tiques et \u00e0 r\u00e9duire les prises alimentaires spontan\u00e9es ou suppl\u00e9mentaires. La gestion du poids d\u00e9pend donc non seulement de la quantit\u00e9 de calories, mais aussi du caract\u00e8re rassasiant d\u2019un repas. Le volume, la teneur en fibres, la teneur en prot\u00e9ines et la composition des repas jouent notamment un r\u00f4le.<\/p>\n<\/div>\n<\/div>\n\n\n\n<div data-wp-class--is-open=\"state.isOpen\" data-wp-context=\"{ &quot;id&quot;: &quot;accordion-item-2&quot;, &quot;openByDefault&quot;: false }\" data-wp-init=\"callbacks.initAccordionItems\" data-wp-on-window--hashchange=\"callbacks.hashChange\" class=\"wp-block-accordion-item is-layout-flow wp-block-accordion-item-is-layout-flow\">\n<h3 class=\"wp-block-accordion-heading\"><button aria-expanded=\"false\" aria-controls=\"accordion-item-2-panel\" data-wp-bind--aria-expanded=\"state.isOpen\" data-wp-on--click=\"actions.toggle\" id=\"accordion-item-2\" type=\"button\" class=\"wp-block-accordion-heading__toggle\"><span class=\"wp-block-accordion-heading__toggle-title\"><strong><strong><strong><strong><strong>Quel est le rapport entre la gestion du poids et la sant\u00e9 m\u00e9tabolique?<\/strong><\/strong><\/strong><\/strong><\/strong><\/span><span class=\"wp-block-accordion-heading__toggle-icon\" aria-hidden=\"true\">+<\/span><\/button><\/h3>\n\n\n\n<div aria-labelledby=\"accordion-item-2\" data-wp-bind--hidden=\"state.isHidden\" data-wp-on--beforematch=\"actions.handleBeforeMatch\" id=\"accordion-item-2-panel\" role=\"region\" class=\"wp-block-accordion-panel is-layout-flow wp-block-accordion-panel-is-layout-flow\">\n<p class=\"wp-block-paragraph\">Une augmentation prolong\u00e9e du poids corporel peut aller de pair avec des modifications du m\u00e9tabolisme du sucre et des lipides. La gestion durable du poids ne cible donc pas seulement la balance, mais aussi une r\u00e9gulation du m\u00e9tabolisme plus favorable.<\/p>\n<\/div>\n<\/div>\n\n\n\n<div data-wp-class--is-open=\"state.isOpen\" data-wp-context=\"{ &quot;id&quot;: &quot;accordion-item-3&quot;, &quot;openByDefault&quot;: false }\" data-wp-init=\"callbacks.initAccordionItems\" data-wp-on-window--hashchange=\"callbacks.hashChange\" class=\"wp-block-accordion-item is-layout-flow wp-block-accordion-item-is-layout-flow\">\n<h3 class=\"wp-block-accordion-heading\"><button aria-expanded=\"false\" aria-controls=\"accordion-item-3-panel\" data-wp-bind--aria-expanded=\"state.isOpen\" data-wp-on--click=\"actions.toggle\" id=\"accordion-item-3\" type=\"button\" class=\"wp-block-accordion-heading__toggle\"><span class=\"wp-block-accordion-heading__toggle-title\"><strong><strong><strong><strong><strong>La composition d\u2019un repas peut-elle influer sur la sati\u00e9t\u00e9?<\/strong><\/strong><\/strong><\/strong><\/strong><\/span><span class=\"wp-block-accordion-heading__toggle-icon\" aria-hidden=\"true\">+<\/span><\/button><\/h3>\n\n\n\n<div aria-labelledby=\"accordion-item-3\" data-wp-bind--hidden=\"state.isHidden\" data-wp-on--beforematch=\"actions.handleBeforeMatch\" id=\"accordion-item-3-panel\" role=\"region\" class=\"wp-block-accordion-panel is-layout-flow wp-block-accordion-panel-is-layout-flow\">\n<p class=\"wp-block-paragraph\">Oui. Le degr\u00e9 de sati\u00e9t\u00e9 d\u2019un repas ne d\u00e9pend pas seulement du nombre de calories qu\u2019il contient, mais aussi de sa composition. Les repas contenant des fibres, des prot\u00e9ines et un volume appropri\u00e9 peuvent souvent rassasier plus longtemps et davantage que les aliments ultra transform\u00e9s et riches en calories.<\/p>\n<\/div>\n<\/div>\n\n\n\n<div data-wp-class--is-open=\"state.isOpen\" data-wp-context=\"{ &quot;id&quot;: &quot;accordion-item-4&quot;, &quot;openByDefault&quot;: false }\" data-wp-init=\"callbacks.initAccordionItems\" data-wp-on-window--hashchange=\"callbacks.hashChange\" class=\"wp-block-accordion-item is-layout-flow wp-block-accordion-item-is-layout-flow\">\n<h3 class=\"wp-block-accordion-heading\"><button aria-expanded=\"false\" aria-controls=\"accordion-item-4-panel\" data-wp-bind--aria-expanded=\"state.isOpen\" data-wp-on--click=\"actions.toggle\" id=\"accordion-item-4\" type=\"button\" class=\"wp-block-accordion-heading__toggle\"><span class=\"wp-block-accordion-heading__toggle-title\"><strong><strong><strong><strong><strong>Quel r\u00f4le jouent les fibres dans la gestion du poids?<\/strong><\/strong><\/strong><\/strong><\/strong><\/span><span class=\"wp-block-accordion-heading__toggle-icon\" aria-hidden=\"true\">+<\/span><\/button><\/h3>\n\n\n\n<div aria-labelledby=\"accordion-item-4\" data-wp-bind--hidden=\"state.isHidden\" data-wp-on--beforematch=\"actions.handleBeforeMatch\" id=\"accordion-item-4-panel\" role=\"region\" class=\"wp-block-accordion-panel is-layout-flow wp-block-accordion-panel-is-layout-flow\">\n<p class=\"wp-block-paragraph\">Les fibres peuvent favoriser la sensation de sati\u00e9t\u00e9, car elles se lient \u00e0 l\u2019eau, augmentent le volume dans le tube digestif et ralentissent parfois la vidange gastrique. Les repas peuvent donc rassasier plus longtemps. Une alimentation riche en fibres est donc un \u00e9l\u00e9ment judicieux d\u2019un contr\u00f4le du poids \u00e0 long terme.<\/p>\n<\/div>\n<\/div>\n\n\n\n<div data-wp-class--is-open=\"state.isOpen\" data-wp-context=\"{ &quot;id&quot;: &quot;accordion-item-5&quot;, &quot;openByDefault&quot;: false }\" data-wp-init=\"callbacks.initAccordionItems\" data-wp-on-window--hashchange=\"callbacks.hashChange\" class=\"wp-block-accordion-item is-layout-flow wp-block-accordion-item-is-layout-flow\">\n<h3 class=\"wp-block-accordion-heading\"><button aria-expanded=\"false\" aria-controls=\"accordion-item-5-panel\" data-wp-bind--aria-expanded=\"state.isOpen\" data-wp-on--click=\"actions.toggle\" id=\"accordion-item-5\" type=\"button\" class=\"wp-block-accordion-heading__toggle\"><span class=\"wp-block-accordion-heading__toggle-title\"><strong><strong><strong><strong><strong>Qu\u2019est-ce que le glucomannane?<\/strong><\/strong><\/strong><\/strong><\/strong><\/span><span class=\"wp-block-accordion-heading__toggle-icon\" aria-hidden=\"true\">+<\/span><\/button><\/h3>\n\n\n\n<div aria-labelledby=\"accordion-item-5\" data-wp-bind--hidden=\"state.isHidden\" data-wp-on--beforematch=\"actions.handleBeforeMatch\" id=\"accordion-item-5-panel\" role=\"region\" class=\"wp-block-accordion-panel is-layout-flow wp-block-accordion-panel-is-layout-flow\">\n<p class=\"wp-block-paragraph\">Le glucomannane est une fibre alimentaire soluble, ayant une haute capacit\u00e9 de gonflement, issue de la racine de konjac. Il retient l\u2019eau et peut ainsi augmenter le volume dans l\u2019estomac. Dans le cadre d\u2019une alimentation pauvre en calories, le glucomannane peut donc contribuer \u00e0 la perte de poids. Il est important d\u2019avoir des apports hydriques suffisants.<\/p>\n<\/div>\n<\/div>\n\n\n\n<div data-wp-class--is-open=\"state.isOpen\" data-wp-context=\"{ &quot;id&quot;: &quot;accordion-item-6&quot;, &quot;openByDefault&quot;: false }\" data-wp-init=\"callbacks.initAccordionItems\" data-wp-on-window--hashchange=\"callbacks.hashChange\" class=\"wp-block-accordion-item is-layout-flow wp-block-accordion-item-is-layout-flow\">\n<h3 class=\"wp-block-accordion-heading\"><button aria-expanded=\"false\" aria-controls=\"accordion-item-6-panel\" data-wp-bind--aria-expanded=\"state.isOpen\" data-wp-on--click=\"actions.toggle\" id=\"accordion-item-6\" type=\"button\" class=\"wp-block-accordion-heading__toggle\"><span class=\"wp-block-accordion-heading__toggle-title\"><strong><strong><strong><strong><strong><strong>Quel r\u00f4le les prot\u00e9ines jouent-elles dans la gestion du poids?<\/strong><\/strong><\/strong><\/strong><\/strong><\/strong><\/span><span class=\"wp-block-accordion-heading__toggle-icon\" aria-hidden=\"true\">+<\/span><\/button><\/h3>\n\n\n\n<div aria-labelledby=\"accordion-item-6\" data-wp-bind--hidden=\"state.isHidden\" data-wp-on--beforematch=\"actions.handleBeforeMatch\" id=\"accordion-item-6-panel\" role=\"region\" class=\"wp-block-accordion-panel is-layout-flow wp-block-accordion-panel-is-layout-flow\">\n<p class=\"wp-block-paragraph\">Les prot\u00e9ines sont particuli\u00e8rement importantes dans une alimentation pauvre en calories, car elles contribuent au maintien de la masse musculaire. C\u2019est important, car la masse musculaire contribue \u00e0 d\u00e9terminer la consommation d\u2019\u00e9nergie de l\u2019organisme. Parall\u00e8lement, des repas riches en prot\u00e9ines peuvent favoriser la sati\u00e9t\u00e9.<\/p>\n<\/div>\n<\/div>\n<\/div>\n\n\n\n<div class=\"wp-block-group is-layout-constrained wp-block-group-is-layout-constrained\">\n<div style=\"height:2vw\" aria-hidden=\"true\" class=\"wp-block-spacer\"><\/div>\n\n\n<div class=\"wp-block-evida-vote\" data-post-id=\"398\">\n\t<h3 class=\"wp-block-evida-vote__heading\"><strong>Votre avis est important pour nous<\/strong><\/h3>\n\t<hr class=\"wp-block-evida-vote__separator\">\n\t<p class=\"wp-block-evida-vote__label\">Ces informations m&rsquo;ont \u00e9t\u00e9 utiles:<\/p>\n\t<div class=\"wp-block-evida-vote__buttons\">\n\t\t<button class=\"wp-block-evida-vote__btn\" data-vote=\"up\" aria-label=\"Hilfreich\">\n\t\t\t<svg xmlns=\"http:\/\/www.w3.org\/2000\/svg\" width=\"33\" height=\"30\" viewBox=\"0 0 33 30\" fill=\"none\">\n\t\t\t\t<path d=\"M18.8384 29.3011H18.8397C18.9658 29.2986 20.008 29.2886 28.1404 29.2886C29.5059 29.2886 30.6531 28.4248 31.065 27.0854C31.3059 26.3015 31.231 25.5176 30.8927 24.9272C31.437 24.3855 31.7852 23.6615 31.8252 22.9363C31.8539 22.4095 31.7266 21.9227 31.4582 21.5083C32.297 20.7718 32.7439 19.8306 32.7014 18.8395C32.6765 18.2603 32.4818 17.7161 32.1659 17.2929C32.6715 16.7662 32.9998 16.0385 32.9998 15.3494V14.9263C32.9998 13.1513 31.5543 11.7058 29.7781 11.7058H24.7813C24.9511 11.2677 25.1945 10.7721 25.5265 10.3939C26.5813 9.19309 27.696 6.12615 27.0481 3.48986C26.615 1.73358 25.7013 0.465365 24.6028 0.0996292C24.0049 -0.10009 23.397 0.00351435 22.9339 0.382981C22.4009 0.818618 22.1725 1.67491 21.8854 2.75839C21.5434 4.04408 21.1177 5.64433 20.1154 6.58426C19.0793 7.55539 18.0233 8.98838 17.0909 10.2529C16.4842 11.0754 15.7453 12.0778 15.3633 12.4111H10.5039V28.29H14.6056C15.095 28.6545 16.3182 29.2998 18.8372 29.2998L18.8384 29.3011ZM11.8632 13.7717H15.759L15.9138 13.6843C16.4668 13.3722 17.1046 12.5272 18.1856 11.0617C19.0831 9.84468 20.1004 8.46412 21.0453 7.57786C22.3323 6.37081 22.8128 4.5621 23.1986 3.10915C23.3683 2.47005 23.6017 1.59378 23.7952 1.43525C23.8651 1.37783 23.9712 1.32166 24.1734 1.38907C24.6927 1.56257 25.3755 2.37892 25.7287 3.81565C26.278 6.04751 25.2419 8.66134 24.5067 9.49766C23.7428 10.3664 23.3571 11.576 23.1961 12.2201L22.9839 13.0651H29.7781C30.8054 13.0651 31.6417 13.9002 31.6417 14.9263V15.3494C31.6417 15.8163 31.246 16.4279 30.8116 16.6326L29.5546 17.2243L30.7941 17.8534C31.0438 17.9795 31.3221 18.3602 31.3446 18.8969C31.3621 19.3189 31.2235 20.1315 30.0889 20.8342L29.2401 21.3597L30.0414 21.9564C30.346 22.1823 30.4896 22.4869 30.4696 22.8614C30.4409 23.3906 30.0776 23.9486 29.5671 24.2494L28.6409 24.7936L29.5297 25.3966C29.838 25.6063 29.9353 26.1368 29.7668 26.686C29.5821 27.2876 29.0578 27.9292 28.1404 27.9292C20.2153 27.9292 18.9732 27.938 18.8085 27.943C16.1922 27.943 15.3658 27.1628 15.3646 27.1628L15.1624 26.9319H11.8632V13.7704V13.7717Z\" fill=\"currentColor\"\/>\n\t\t\t\t<path d=\"M1.97597 29.3785H7.24606C8.33578 29.3785 9.22203 28.4922 9.22203 27.4025V13.3822C9.22203 12.2925 8.33578 11.4062 7.24606 11.4062H1.97597C0.886254 11.4062 0 12.2925 0 13.3822V27.4025C0 28.4922 0.886254 29.3785 1.97597 29.3785ZM1.35809 13.381C1.35809 13.0402 1.6352 12.7631 1.97597 12.7631H7.24606C7.58683 12.7631 7.86394 13.0402 7.86394 13.381V27.4013C7.86394 27.742 7.58683 28.0191 7.24606 28.0191H1.97597C1.6352 28.0191 1.35809 27.742 1.35809 27.4013V13.381Z\" fill=\"currentColor\"\/>\n\t\t\t<\/svg>\n\t\t<\/button>\n\t\t<button class=\"wp-block-evida-vote__btn\" data-vote=\"down\" aria-label=\"Nicht hilfreich\">\n\t\t\t<svg xmlns=\"http:\/\/www.w3.org\/2000\/svg\" width=\"33\" height=\"30\" viewBox=\"0 0 33 30\" fill=\"none\">\n\t\t\t\t<path d=\"M18.8384 0.0774155H18.8397C18.9658 0.0799122 20.008 0.0898972 28.1404 0.0898972C29.5059 0.0898972 30.6531 0.953684 31.065 2.29305C31.3059 3.07695 31.231 3.86084 30.8927 4.45126C31.437 4.993 31.7852 5.71698 31.8252 6.44221C31.8539 6.96897 31.7266 7.45579 31.4582 7.8702C32.297 8.60667 32.7439 9.54785 32.7014 10.539C32.6765 11.1181 32.4818 11.6624 32.1659 12.0855C32.6715 12.6123 32.9998 13.34 32.9998 14.029V14.4522C32.9998 16.2272 31.5543 17.6727 29.7781 17.6727H24.7813C24.9511 18.1108 25.1945 18.6064 25.5265 18.9846C26.5813 20.1854 27.696 23.2523 27.0481 25.8886C26.615 27.6449 25.7013 28.9131 24.6028 29.2788C24.0049 29.4786 23.397 29.375 22.9339 28.9955C22.4009 28.5599 22.1725 27.7036 21.8854 26.6201C21.5434 25.3344 21.1177 23.7341 20.1154 22.7942C19.0793 21.8231 18.0233 20.3901 17.0909 19.1256C16.4842 18.303 15.7453 17.3007 15.3633 16.9674H10.5039V1.08849H14.6056C15.095 0.724005 16.3182 0.0786629 18.8372 0.0786629L18.8384 0.0774155ZM11.8632 15.6068H15.759L15.9138 15.6942C16.4668 16.0063 17.1046 16.8513 18.1856 18.3168C19.0831 19.5338 20.1004 20.9144 21.0453 21.8006C22.3323 23.0077 22.8128 24.8164 23.1986 26.2693C23.3683 26.9084 23.6017 27.7847 23.7952 27.9432C23.8651 28.0006 23.9712 28.0568 24.1734 27.9894C24.6927 27.8159 25.3755 26.9996 25.7287 25.5628C26.278 23.331 25.2419 20.7171 24.5067 19.8808C23.7428 19.012 23.3571 17.8025 23.1961 17.1584L22.9839 16.3133H29.7781C30.8054 16.3133 31.6417 15.4783 31.6417 14.4522V14.029C31.6417 13.5622 31.246 12.9506 30.8116 12.7458L29.5546 12.1542L30.7941 11.5251C31.0438 11.399 31.3221 11.0183 31.3446 10.4815C31.3621 10.0596 31.2235 9.24702 30.0889 8.54426L29.2401 8.01875L30.0414 7.42209C30.346 7.19615 30.4896 6.89158 30.4696 6.51711C30.4409 5.98785 30.0776 5.42989 29.5671 5.12906L28.6409 4.58483L29.5297 3.98192C29.838 3.77222 29.9353 3.24171 29.7668 2.69249C29.5821 2.09083 29.0578 1.44924 28.1404 1.44924C20.2153 1.44924 18.9732 1.4405 18.8085 1.4355C16.1922 1.4355 15.3658 2.21566 15.3646 2.21566L15.1624 2.44658H11.8632V15.6081V15.6068Z\" fill=\"currentColor\"\/>\n\t\t\t\t<path d=\"M1.97597 0H7.24606C8.33578 0 9.22203 0.886257 9.22203 1.97597V15.9963C9.22203 17.086 8.33578 17.9722 7.24606 17.9722H1.97597C0.886254 17.9722 0 17.086 0 15.9963V1.97597C0 0.886257 0.886254 0 1.97597 0ZM1.35809 15.9975C1.35809 16.3383 1.6352 16.6154 1.97597 16.6154H7.24606C7.58683 16.6154 7.86394 16.3383 7.86394 15.9975V1.97722C7.86394 1.63645 7.58683 1.35934 7.24606 1.35934H1.97597C1.6352 1.35934 1.35809 1.63645 1.35809 1.97722V15.9975Z\" fill=\"currentColor\"\/>\n\t\t\t<\/svg>\n\t\t<\/button>\n\t<\/div>\n<\/div>\n\n\n\n<div style=\"height:2vw\" aria-hidden=\"true\" class=\"wp-block-spacer\"><\/div>\n<\/div>\n<\/div>\n<\/div><\/section>\n","protected":false},"excerpt":{"rendered":"<p>Bien plus qu&rsquo;un simple comptage de calories<\/p>\n","protected":false},"featured_media":0,"template":"","meta":{"_acf_changed":true,"inline_featured_image":false,"evida_vote_up":0,"evida_vote_down":0},"wissen_kategorie":[34],"class_list":["post-398","wissen","type-wissen","status-publish","hentry","wissen_kategorie-gestione-del-peso"],"acf":{"wissen_icon":766},"yoast_head":"<!-- This site is optimized with the Yoast SEO plugin v27.2 - https:\/\/yoast.com\/product\/yoast-seo-wordpress\/ -->\n<title>Gestion du poids et sant\u00e9 m\u00e9tabolique. | Biomed Evida<\/title>\n<meta name=\"description\" content=\"Contr\u00f4le du poids et sati\u00e9t\u00e9 : alimentation, fibres, prot\u00e9ines, activit\u00e9 physique, sommeil et stress dans la gestion du poids.\" \/>\n<meta name=\"robots\" content=\"index, follow, max-snippet:-1, max-image-preview:large, max-video-preview:-1\" \/>\n<link rel=\"canonical\" href=\"https:\/\/biomed-evida.ch\/fr\/savoir\/gestion-du-poids\/\" \/>\n<meta property=\"og:locale\" content=\"fr_FR\" \/>\n<meta property=\"og:type\" content=\"article\" \/>\n<meta property=\"og:title\" content=\"Gestion du poids et sant\u00e9 m\u00e9tabolique. | Biomed Evida\" \/>\n<meta property=\"og:description\" content=\"Contr\u00f4le du poids et sati\u00e9t\u00e9 : alimentation, fibres, prot\u00e9ines, activit\u00e9 physique, sommeil et stress dans la gestion du poids.\" \/>\n<meta property=\"og:url\" content=\"https:\/\/biomed-evida.ch\/fr\/savoir\/gestion-du-poids\/\" \/>\n<meta property=\"og:site_name\" content=\"Biomed Evida\" \/>\n<meta property=\"article:publisher\" content=\"https:\/\/www.facebook.com\/biomed.evida\" \/>\n<meta property=\"article:modified_time\" content=\"2026-05-05T09:29:53+00:00\" \/>\n<meta name=\"twitter:card\" content=\"summary_large_image\" \/>\n<meta name=\"twitter:label1\" content=\"Dur\u00e9e de lecture estim\u00e9e\" \/>\n\t<meta name=\"twitter:data1\" content=\"5 minutes\" \/>\n<script type=\"application\/ld+json\" class=\"yoast-schema-graph\">{\"@context\":\"https:\/\/schema.org\",\"@graph\":[{\"@type\":\"WebPage\",\"@id\":\"https:\/\/biomed-evida.ch\/fr\/savoir\/gestion-du-poids\/\",\"url\":\"https:\/\/biomed-evida.ch\/fr\/savoir\/gestion-du-poids\/\",\"name\":\"Gestion du poids et sant\u00e9 m\u00e9tabolique. | Biomed Evida\",\"isPartOf\":{\"@id\":\"https:\/\/biomed-evida.ch\/fr\/#website\"},\"datePublished\":\"2026-02-25T23:13:31+00:00\",\"dateModified\":\"2026-05-05T09:29:53+00:00\",\"description\":\"Contr\u00f4le du poids et sati\u00e9t\u00e9 : alimentation, fibres, prot\u00e9ines, activit\u00e9 physique, sommeil et stress dans la gestion du poids.\",\"breadcrumb\":{\"@id\":\"https:\/\/biomed-evida.ch\/fr\/savoir\/gestion-du-poids\/#breadcrumb\"},\"inLanguage\":\"fr-FR\",\"potentialAction\":[{\"@type\":\"ReadAction\",\"target\":[\"https:\/\/biomed-evida.ch\/fr\/savoir\/gestion-du-poids\/\"]}]},{\"@type\":\"BreadcrumbList\",\"@id\":\"https:\/\/biomed-evida.ch\/fr\/savoir\/gestion-du-poids\/#breadcrumb\",\"itemListElement\":[{\"@type\":\"ListItem\",\"position\":1,\"name\":\"Home\",\"item\":\"https:\/\/biomed-evida.ch\/fr\/\"},{\"@type\":\"ListItem\",\"position\":2,\"name\":\"Gestion du poids\"}]},{\"@type\":\"WebSite\",\"@id\":\"https:\/\/biomed-evida.ch\/fr\/#website\",\"url\":\"https:\/\/biomed-evida.ch\/fr\/\",\"name\":\"Biomed Evida\",\"description\":\"Gut leben \u2013 heute und morgen\",\"publisher\":{\"@id\":\"https:\/\/biomed-evida.ch\/fr\/#organization\"},\"alternateName\":\"Gut leben \u2013 heute und morgen\",\"potentialAction\":[{\"@type\":\"SearchAction\",\"target\":{\"@type\":\"EntryPoint\",\"urlTemplate\":\"https:\/\/biomed-evida.ch\/fr\/?s={search_term_string}\"},\"query-input\":{\"@type\":\"PropertyValueSpecification\",\"valueRequired\":true,\"valueName\":\"search_term_string\"}}],\"inLanguage\":\"fr-FR\"},{\"@type\":\"Organization\",\"@id\":\"https:\/\/biomed-evida.ch\/fr\/#organization\",\"name\":\"Biomed Evida\",\"url\":\"https:\/\/biomed-evida.ch\/fr\/\",\"logo\":{\"@type\":\"ImageObject\",\"inLanguage\":\"fr-FR\",\"@id\":\"https:\/\/biomed-evida.ch\/fr\/#\/schema\/logo\/image\/\",\"url\":\"https:\/\/biomed-evida.ch\/wp-content\/uploads\/2026\/03\/logo.svg\",\"contentUrl\":\"https:\/\/biomed-evida.ch\/wp-content\/uploads\/2026\/03\/logo.svg\",\"width\":143,\"height\":54,\"caption\":\"Biomed Evida\"},\"image\":{\"@id\":\"https:\/\/biomed-evida.ch\/fr\/#\/schema\/logo\/image\/\"},\"sameAs\":[\"https:\/\/www.facebook.com\/biomed.evida\",\"https:\/\/www.instagram.com\/biomed.evida?igsh=OGdrN2hwZjUyMXc5\"]}]}<\/script>\n<!-- \/ Yoast SEO plugin. -->","yoast_head_json":{"title":"Gestion du poids et sant\u00e9 m\u00e9tabolique. | Biomed Evida","description":"Contr\u00f4le du poids et sati\u00e9t\u00e9 : alimentation, fibres, prot\u00e9ines, activit\u00e9 physique, sommeil et stress dans la gestion du poids.","robots":{"index":"index","follow":"follow","max-snippet":"max-snippet:-1","max-image-preview":"max-image-preview:large","max-video-preview":"max-video-preview:-1"},"canonical":"https:\/\/biomed-evida.ch\/fr\/savoir\/gestion-du-poids\/","og_locale":"fr_FR","og_type":"article","og_title":"Gestion du poids et sant\u00e9 m\u00e9tabolique. | Biomed Evida","og_description":"Contr\u00f4le du poids et sati\u00e9t\u00e9 : alimentation, fibres, prot\u00e9ines, activit\u00e9 physique, sommeil et stress dans la gestion du poids.","og_url":"https:\/\/biomed-evida.ch\/fr\/savoir\/gestion-du-poids\/","og_site_name":"Biomed Evida","article_publisher":"https:\/\/www.facebook.com\/biomed.evida","article_modified_time":"2026-05-05T09:29:53+00:00","twitter_card":"summary_large_image","twitter_misc":{"Dur\u00e9e de lecture estim\u00e9e":"5 minutes"},"schema":{"@context":"https:\/\/schema.org","@graph":[{"@type":"WebPage","@id":"https:\/\/biomed-evida.ch\/fr\/savoir\/gestion-du-poids\/","url":"https:\/\/biomed-evida.ch\/fr\/savoir\/gestion-du-poids\/","name":"Gestion du poids et sant\u00e9 m\u00e9tabolique. | Biomed Evida","isPartOf":{"@id":"https:\/\/biomed-evida.ch\/fr\/#website"},"datePublished":"2026-02-25T23:13:31+00:00","dateModified":"2026-05-05T09:29:53+00:00","description":"Contr\u00f4le du poids et sati\u00e9t\u00e9 : alimentation, fibres, prot\u00e9ines, activit\u00e9 physique, sommeil et stress dans la gestion du poids.","breadcrumb":{"@id":"https:\/\/biomed-evida.ch\/fr\/savoir\/gestion-du-poids\/#breadcrumb"},"inLanguage":"fr-FR","potentialAction":[{"@type":"ReadAction","target":["https:\/\/biomed-evida.ch\/fr\/savoir\/gestion-du-poids\/"]}]},{"@type":"BreadcrumbList","@id":"https:\/\/biomed-evida.ch\/fr\/savoir\/gestion-du-poids\/#breadcrumb","itemListElement":[{"@type":"ListItem","position":1,"name":"Home","item":"https:\/\/biomed-evida.ch\/fr\/"},{"@type":"ListItem","position":2,"name":"Gestion du poids"}]},{"@type":"WebSite","@id":"https:\/\/biomed-evida.ch\/fr\/#website","url":"https:\/\/biomed-evida.ch\/fr\/","name":"Biomed Evida","description":"Gut leben \u2013 heute und morgen","publisher":{"@id":"https:\/\/biomed-evida.ch\/fr\/#organization"},"alternateName":"Gut leben \u2013 heute und morgen","potentialAction":[{"@type":"SearchAction","target":{"@type":"EntryPoint","urlTemplate":"https:\/\/biomed-evida.ch\/fr\/?s={search_term_string}"},"query-input":{"@type":"PropertyValueSpecification","valueRequired":true,"valueName":"search_term_string"}}],"inLanguage":"fr-FR"},{"@type":"Organization","@id":"https:\/\/biomed-evida.ch\/fr\/#organization","name":"Biomed Evida","url":"https:\/\/biomed-evida.ch\/fr\/","logo":{"@type":"ImageObject","inLanguage":"fr-FR","@id":"https:\/\/biomed-evida.ch\/fr\/#\/schema\/logo\/image\/","url":"https:\/\/biomed-evida.ch\/wp-content\/uploads\/2026\/03\/logo.svg","contentUrl":"https:\/\/biomed-evida.ch\/wp-content\/uploads\/2026\/03\/logo.svg","width":143,"height":54,"caption":"Biomed Evida"},"image":{"@id":"https:\/\/biomed-evida.ch\/fr\/#\/schema\/logo\/image\/"},"sameAs":["https:\/\/www.facebook.com\/biomed.evida","https:\/\/www.instagram.com\/biomed.evida?igsh=OGdrN2hwZjUyMXc5"]}]}},"_links":{"self":[{"href":"https:\/\/biomed-evida.ch\/fr\/wp-json\/wp\/v2\/wissen\/398","targetHints":{"allow":["GET"]}}],"collection":[{"href":"https:\/\/biomed-evida.ch\/fr\/wp-json\/wp\/v2\/wissen"}],"about":[{"href":"https:\/\/biomed-evida.ch\/fr\/wp-json\/wp\/v2\/types\/wissen"}],"wp:attachment":[{"href":"https:\/\/biomed-evida.ch\/fr\/wp-json\/wp\/v2\/media?parent=398"}],"wp:term":[{"taxonomy":"wissen_kategorie","embeddable":true,"href":"https:\/\/biomed-evida.ch\/fr\/wp-json\/wp\/v2\/wissen_kategorie?post=398"}],"curies":[{"name":"wp","href":"https:\/\/api.w.org\/{rel}","templated":true}]}}