{"id":406,"date":"2026-03-23T21:21:16","date_gmt":"2026-03-23T21:21:16","guid":{"rendered":"https:\/\/biomed-evida.ch\/?page_id=406"},"modified":"2026-05-12T09:30:50","modified_gmt":"2026-05-12T09:30:50","slug":"informazioni-su-biomed-evida","status":"publish","type":"page","link":"https:\/\/biomed-evida.ch\/it\/informazioni-su-biomed-evida\/","title":{"rendered":"Informazioni su Biomed Evida"},"content":{"rendered":"\n<section class=\"wp-block-evida-abschnitt alignfull is-style-diagonal has-background-color has-foreground-background-color has-text-color has-background has-link-color wp-elements-1\" style=\"--image-opacity:0.73;--bg-image:url(https:\/\/biomed-evida.ch\/wp-content\/uploads\/2026\/04\/biomed-evida-ueber-biomed-2.jpg);background-image:url(&apos;https:\/\/biomed-evida.ch\/wp-content\/uploads\/2026\/04\/biomed-evida-ueber-biomed-2.jpg&apos;);background-position:61% 26%;background-size:cover;background-attachment:scroll;\"><div class=\"wp-block-evida-abschnitt__inner wp-block-evida-abschnitt__inner--wide\">\n<div class=\"wp-block-columns is-layout-flex wp-container-core-columns-is-layout-f56f613f wp-block-columns-is-layout-flex\">\n<div class=\"wp-block-column is-layout-flow wp-block-column-is-layout-flow\"><div class=\"yoast-breadcrumbs\"><span><span><a href=\"https:\/\/biomed-evida.ch\/it\/\">Home<\/a><\/span> <span class=\"breadcrumb_separator\">\/<\/span> <span class=\"breadcrumb_last\" aria-current=\"page\">Informazioni su Biomed Evida<\/span><\/span><\/div>\n\n\n<h1 class=\"wp-block-heading\"><strong>Informazioni su Biomed Evida<\/strong><\/h1>\n<\/div>\n\n\n\n<div class=\"wp-block-column is-layout-flow wp-block-column-is-layout-flow\"><\/div>\n<\/div>\n<\/div><\/section>\n\n\n\n<section class=\"wp-block-evida-abschnitt alignfull\"><div class=\"wp-block-evida-abschnitt__inner wp-block-evida-abschnitt__inner--wide\">\n<div class=\"wp-block-group is-layout-constrained wp-block-group-is-layout-constrained\">\n<p class=\"is-style-subline wp-block-paragraph\">Biomed Evida \u00e8 il nuovo marchio ombrello che riunisce integratori alimentari e prodotti sostitutivi dei pasti dalle solide basi scientifiche, sviluppati in Svizzera e formulati per le esigenze individuali della vita quotidiana.<\/p>\n\n\n\n<h2 class=\"wp-block-heading\">Perch\u00e9 Biomed Evida?<\/h2>\n\n\n\n<p class=\"wp-block-paragraph\">Oggi la vita \u00e8 pi\u00f9 autodeterminata, ma anche pi\u00f9 impegnativa che mai. Insieme alle possibilit\u00e0 aumentano anche le esigenze per il nostro corpo, la nostra mente e la nostra qualit\u00e0 di vita. Ma per vivere bene occorre essere previdenti. Oggi per domani.<\/p>\n\n\n\n<p class=\"wp-block-paragraph\">Biomed Evida punta su un sostegno mirato anzich\u00e9 su soluzioni standardizzate, con prodotti che aiutano a gestire quotidianamente aspetti fondamentali del metabolismo come il controllo del peso, <a href=\"https:\/\/biomed-evida.ch\/it\/sapere\/fibre\/\">l\u2019apporto di fibre<\/a> e <a href=\"https:\/\/biomed-evida.ch\/it\/sapere\/la-glicemia-nella-vita-quotidiana\/\">l\u2019equilibrio glicemico<\/a>. Ogni organismo \u00e8 diverso. Per questo sei tu a decidere quali prodotti sono pi\u00f9 adatti a te e ai tuoi obiettivi a lungo termine.<\/p>\n\n\n\n<div style=\"height:1em\" aria-hidden=\"true\" class=\"wp-block-spacer\"><\/div>\n\n\n\n<h2 class=\"wp-block-heading\">Quali prodotti offre Biomed Evida?<\/h2>\n\n\n\n<p class=\"wp-block-paragraph\">I <a href=\"https:\/\/biomed-evida.ch\/it\/prodotti\/\" type=\"page\" id=\"700\">prodotti Biomed Evida<\/a> vantano solide basi scientifiche e sono sviluppati in Svizzera. Integrano un\u2019alimentazione equilibrata e uno stile di vita sano sostenendo il <a href=\"https:\/\/biomed-evida.ch\/it\/sapere\/salute-metabolica\/\">metabolismo<\/a>, con particolare attenzione alla <a href=\"https:\/\/biomed-evida.ch\/it\/sapere\/gestione-del-peso\/\">gestione del peso<\/a>, al sostegno alla dieta, all\u2019apporto di fibre e all\u2019equilibrio glicemico. Il principio su cui si fondano \u00e8 chiaro: struttura modulare e possibilit\u00e0 di associazioni mirate, per un sostegno personalizzato nella vita di tutti i giorni.<\/p>\n\n\n\n<p class=\"wp-block-paragraph\">I prodotti Biomed Evida sono disponibili esclusivamente nelle <a href=\"https:\/\/biomed-evida.ch\/it\/acquista-prodotto\/\">farmacie e drogherie<\/a> svizzere oppure in shop partner online selezionati.<\/p>\n\n\n\n<p class=\"wp-block-paragraph\">Biomed Evida vivere bene &#8211; oggi e domani<\/p>\n<\/div>\n<\/div><\/section>\n\n\n\n<div class=\"wp-block-group alignfull is-layout-constrained wp-container-core-group-is-layout-0ee90f18 wp-block-group-is-layout-constrained\">\n<figure class=\"wp-block-image size-full\"><img loading=\"lazy\" decoding=\"async\" width=\"2382\" height=\"994\" src=\"https:\/\/biomed-evida.ch\/wp-content\/uploads\/2026\/04\/Biomed_Evida_alle_Produkte_IT.png\" alt=\"\" class=\"wp-image-1147\" srcset=\"https:\/\/biomed-evida.ch\/wp-content\/uploads\/2026\/04\/Biomed_Evida_alle_Produkte_IT.png 2382w, https:\/\/biomed-evida.ch\/wp-content\/uploads\/2026\/04\/Biomed_Evida_alle_Produkte_IT-300x125.png 300w, https:\/\/biomed-evida.ch\/wp-content\/uploads\/2026\/04\/Biomed_Evida_alle_Produkte_IT-1024x427.png 1024w, https:\/\/biomed-evida.ch\/wp-content\/uploads\/2026\/04\/Biomed_Evida_alle_Produkte_IT-768x320.png 768w, https:\/\/biomed-evida.ch\/wp-content\/uploads\/2026\/04\/Biomed_Evida_alle_Produkte_IT-1536x641.png 1536w, https:\/\/biomed-evida.ch\/wp-content\/uploads\/2026\/04\/Biomed_Evida_alle_Produkte_IT-2048x855.png 2048w\" sizes=\"auto, (max-width: 2382px) 100vw, 2382px\" \/><\/figure>\n\n\n\n<div class=\"wp-block-buttons is-content-justification-center is-layout-flex wp-container-core-buttons-is-layout-20959078 wp-block-buttons-is-layout-flex\">\n<div class=\"wp-block-button is-style-fill\"><a class=\"wp-block-button__link has-primary-background-color has-background wp-element-button\" href=\"https:\/\/biomed-evida.ch\/it\/prodotti\/\">Ordinare qui<\/a><\/div>\n<\/div>\n\n\n\n<div style=\"height:2em\" aria-hidden=\"true\" class=\"wp-block-spacer\"><\/div>\n<\/div>\n\n\n\n<section class=\"wp-block-evida-abschnitt alignfull has-background-color has-primary-background-color has-text-color has-background has-link-color wp-elements-2\"><div class=\"wp-block-evida-abschnitt__inner wp-block-evida-abschnitt__inner--wide\">\n<div style=\"height:1em\" aria-hidden=\"true\" class=\"wp-block-spacer\"><\/div>\n\n\n\n<div class=\"wp-block-group is-layout-constrained wp-block-group-is-layout-constrained\">\n<h2 class=\"wp-block-heading\">Domande frequenti su Biomed Evida<\/h2>\n\n\n\n<div data-wp-context=\"{ &quot;autoclose&quot;: false, &quot;accordionItems&quot;: [] }\" data-wp-interactive=\"core\/accordion\" role=\"group\" class=\"wp-block-accordion is-layout-flow wp-block-accordion-is-layout-flow\">\n<div data-wp-class--is-open=\"state.isOpen\" data-wp-context=\"{ &quot;id&quot;: &quot;accordion-item-1&quot;, &quot;openByDefault&quot;: false }\" data-wp-init=\"callbacks.initAccordionItems\" data-wp-on-window--hashchange=\"callbacks.hashChange\" class=\"wp-block-accordion-item is-layout-flow wp-block-accordion-item-is-layout-flow\">\n<h3 class=\"wp-block-accordion-heading\"><button aria-expanded=\"false\" aria-controls=\"accordion-item-1-panel\" data-wp-bind--aria-expanded=\"state.isOpen\" data-wp-on--click=\"actions.toggle\" id=\"accordion-item-1\" type=\"button\" class=\"wp-block-accordion-heading__toggle\"><span class=\"wp-block-accordion-heading__toggle-title\"><strong><strong><strong><strong><strong><strong>Quali prodotti offre Biomed Evida?<\/strong><\/strong><\/strong><\/strong><\/strong><\/strong><\/span><span class=\"wp-block-accordion-heading__toggle-icon\" aria-hidden=\"true\">+<\/span><\/button><\/h3>\n\n\n\n<div aria-labelledby=\"accordion-item-1\" data-wp-bind--hidden=\"state.isHidden\" data-wp-on--beforematch=\"actions.handleBeforeMatch\" id=\"accordion-item-1-panel\" role=\"region\" class=\"wp-block-accordion-panel is-layout-flow wp-block-accordion-panel-is-layout-flow\">\n<p class=\"wp-block-paragraph\">Biomed Evida offre prodotti mirati per la gestione del peso, il sostegno alla dieta, l\u2019apporto di fibre e l\u2019equilibrio glicemico.<\/p>\n<\/div>\n<\/div>\n\n\n\n<div data-wp-class--is-open=\"state.isOpen\" data-wp-context=\"{ &quot;id&quot;: &quot;accordion-item-2&quot;, &quot;openByDefault&quot;: false }\" data-wp-init=\"callbacks.initAccordionItems\" data-wp-on-window--hashchange=\"callbacks.hashChange\" class=\"wp-block-accordion-item is-layout-flow wp-block-accordion-item-is-layout-flow\">\n<h3 class=\"wp-block-accordion-heading\"><button aria-expanded=\"false\" aria-controls=\"accordion-item-2-panel\" data-wp-bind--aria-expanded=\"state.isOpen\" data-wp-on--click=\"actions.toggle\" id=\"accordion-item-2\" type=\"button\" class=\"wp-block-accordion-heading__toggle\"><span class=\"wp-block-accordion-heading__toggle-title\"><strong><strong><strong><strong><strong><strong>Posso associare diversi prodotti Biomed Evida?<\/strong><\/strong><\/strong><\/strong><\/strong><\/strong><\/span><span class=\"wp-block-accordion-heading__toggle-icon\" aria-hidden=\"true\">+<\/span><\/button><\/h3>\n\n\n\n<div aria-labelledby=\"accordion-item-2\" data-wp-bind--hidden=\"state.isHidden\" data-wp-on--beforematch=\"actions.handleBeforeMatch\" id=\"accordion-item-2-panel\" role=\"region\" class=\"wp-block-accordion-panel is-layout-flow wp-block-accordion-panel-is-layout-flow\">\n<p class=\"wp-block-paragraph\">S\u00ec, i prodotti Biomed Evida possono essere associati a seconda degli obiettivi individuali. La scelta migliore \u00e8 farsi consigliare in <a href=\"https:\/\/biomed-evida.ch\/it\/acquista-prodotto\/\">farmacia<\/a> o <a href=\"https:\/\/biomed-evida.ch\/it\/acquista-prodotto\/\">drogheria<\/a>.<\/p>\n<\/div>\n<\/div>\n\n\n\n<div data-wp-class--is-open=\"state.isOpen\" data-wp-context=\"{ &quot;id&quot;: &quot;accordion-item-3&quot;, &quot;openByDefault&quot;: false }\" data-wp-init=\"callbacks.initAccordionItems\" data-wp-on-window--hashchange=\"callbacks.hashChange\" class=\"wp-block-accordion-item is-layout-flow wp-block-accordion-item-is-layout-flow\">\n<h3 class=\"wp-block-accordion-heading\"><button aria-expanded=\"false\" aria-controls=\"accordion-item-3-panel\" data-wp-bind--aria-expanded=\"state.isOpen\" data-wp-on--click=\"actions.toggle\" id=\"accordion-item-3\" type=\"button\" class=\"wp-block-accordion-heading__toggle\"><span class=\"wp-block-accordion-heading__toggle-title\"><strong><strong><strong><strong><strong><strong>Dove vengono sviluppati i prodotti Biomed Evida?<\/strong><\/strong><\/strong><\/strong><\/strong><\/strong><\/span><span class=\"wp-block-accordion-heading__toggle-icon\" aria-hidden=\"true\">+<\/span><\/button><\/h3>\n\n\n\n<div aria-labelledby=\"accordion-item-3\" data-wp-bind--hidden=\"state.isHidden\" data-wp-on--beforematch=\"actions.handleBeforeMatch\" id=\"accordion-item-3-panel\" role=\"region\" class=\"wp-block-accordion-panel is-layout-flow wp-block-accordion-panel-is-layout-flow\">\n<p class=\"wp-block-paragraph\">I prodotti Biomed Evida vengono sviluppati in Svizzera.<\/p>\n<\/div>\n<\/div>\n\n\n\n<div data-wp-class--is-open=\"state.isOpen\" data-wp-context=\"{ &quot;id&quot;: &quot;accordion-item-4&quot;, &quot;openByDefault&quot;: false }\" data-wp-init=\"callbacks.initAccordionItems\" data-wp-on-window--hashchange=\"callbacks.hashChange\" class=\"wp-block-accordion-item is-layout-flow wp-block-accordion-item-is-layout-flow\">\n<h3 class=\"wp-block-accordion-heading\"><button aria-expanded=\"false\" aria-controls=\"accordion-item-4-panel\" data-wp-bind--aria-expanded=\"state.isOpen\" data-wp-on--click=\"actions.toggle\" id=\"accordion-item-4\" type=\"button\" class=\"wp-block-accordion-heading__toggle\"><span class=\"wp-block-accordion-heading__toggle-title\"><strong><strong><strong><strong><strong><strong>Dove posso acquistare i prodotti?<\/strong><\/strong><\/strong><\/strong><\/strong><\/strong><\/span><span class=\"wp-block-accordion-heading__toggle-icon\" aria-hidden=\"true\">+<\/span><\/button><\/h3>\n\n\n\n<div aria-labelledby=\"accordion-item-4\" data-wp-bind--hidden=\"state.isHidden\" data-wp-on--beforematch=\"actions.handleBeforeMatch\" id=\"accordion-item-4-panel\" role=\"region\" class=\"wp-block-accordion-panel is-layout-flow wp-block-accordion-panel-is-layout-flow\">\n<p class=\"wp-block-paragraph\">I prodotti sono disponibili nelle <a href=\"https:\/\/biomed-evida.ch\/it\/acquista-prodotto\/\">farmacie<\/a> e <a href=\"https:\/\/biomed-evida.ch\/it\/acquista-prodotto\/\">drogherie<\/a> svizzere oppure possono essere ordinati in shop <a href=\"https:\/\/biomed-evida.ch\/it\/acquista-prodotto\/\">partner online.<\/a><\/p>\n<\/div>\n<\/div>\n<\/div>\n<\/div>\n<\/div><\/section>\n","protected":false},"excerpt":{"rendered":"","protected":false},"author":1,"featured_media":0,"parent":0,"menu_order":0,"comment_status":"closed","ping_status":"closed","template":"","meta":{"_acf_changed":false,"inline_featured_image":false,"evida_vote_up":0,"evida_vote_down":0,"footnotes":""},"class_list":["post-406","page","type-page","status-publish","hentry"],"acf":[],"yoast_head":"<!-- This site is optimized with the Yoast SEO plugin v27.2 - https:\/\/yoast.com\/product\/yoast-seo-wordpress\/ -->\n<title>Biomed Evida: integratori e sostitutivi dei pasti. | Biomed Evida<\/title>\n<meta name=\"description\" content=\"Biomed Evida: integratori alimentari e pasti sostitutivi \u2013 scientificamente fondati e sviluppati in Svizzera.\" \/>\n<meta name=\"robots\" content=\"index, follow, max-snippet:-1, max-image-preview:large, max-video-preview:-1\" \/>\n<link rel=\"canonical\" href=\"https:\/\/biomed-evida.ch\/it\/informazioni-su-biomed-evida\/\" \/>\n<meta property=\"og:locale\" content=\"it_IT\" \/>\n<meta property=\"og:type\" content=\"article\" \/>\n<meta property=\"og:title\" content=\"Biomed Evida: integratori e sostitutivi dei pasti. | Biomed Evida\" \/>\n<meta property=\"og:description\" content=\"Biomed Evida: integratori alimentari e pasti sostitutivi \u2013 scientificamente fondati e sviluppati in Svizzera.\" \/>\n<meta property=\"og:url\" content=\"https:\/\/biomed-evida.ch\/it\/informazioni-su-biomed-evida\/\" \/>\n<meta property=\"og:site_name\" content=\"Biomed Evida\" \/>\n<meta property=\"article:publisher\" content=\"https:\/\/www.facebook.com\/biomed.evida\" \/>\n<meta property=\"article:modified_time\" content=\"2026-05-12T09:30:50+00:00\" \/>\n<meta property=\"og:image\" content=\"https:\/\/biomed-evida.ch\/wp-content\/uploads\/2026\/04\/Biomed_Evida_alle_Produkte_IT.png\" \/>\n\t<meta property=\"og:image:width\" content=\"2382\" \/>\n\t<meta property=\"og:image:height\" content=\"994\" \/>\n\t<meta property=\"og:image:type\" content=\"image\/png\" \/>\n<meta name=\"twitter:card\" content=\"summary_large_image\" \/>\n<meta name=\"twitter:label1\" content=\"Tempo di lettura stimato\" \/>\n\t<meta name=\"twitter:data1\" content=\"3 minuti\" \/>\n<script type=\"application\/ld+json\" class=\"yoast-schema-graph\">{\"@context\":\"https:\/\/schema.org\",\"@graph\":[{\"@type\":\"WebPage\",\"@id\":\"https:\/\/biomed-evida.ch\/it\/informazioni-su-biomed-evida\/\",\"url\":\"https:\/\/biomed-evida.ch\/it\/informazioni-su-biomed-evida\/\",\"name\":\"Biomed Evida: integratori e sostitutivi dei pasti. | Biomed Evida\",\"isPartOf\":{\"@id\":\"https:\/\/biomed-evida.ch\/it\/#website\"},\"primaryImageOfPage\":{\"@id\":\"https:\/\/biomed-evida.ch\/it\/informazioni-su-biomed-evida\/#primaryimage\"},\"image\":{\"@id\":\"https:\/\/biomed-evida.ch\/it\/informazioni-su-biomed-evida\/#primaryimage\"},\"thumbnailUrl\":\"https:\/\/biomed-evida.ch\/wp-content\/uploads\/2026\/04\/Biomed_Evida_alle_Produkte_IT.png\",\"datePublished\":\"2026-03-23T21:21:16+00:00\",\"dateModified\":\"2026-05-12T09:30:50+00:00\",\"description\":\"Biomed Evida: integratori alimentari e pasti sostitutivi \u2013 scientificamente fondati e sviluppati in Svizzera.\",\"breadcrumb\":{\"@id\":\"https:\/\/biomed-evida.ch\/it\/informazioni-su-biomed-evida\/#breadcrumb\"},\"inLanguage\":\"it-IT\",\"potentialAction\":[{\"@type\":\"ReadAction\",\"target\":[\"https:\/\/biomed-evida.ch\/it\/informazioni-su-biomed-evida\/\"]}]},{\"@type\":\"ImageObject\",\"inLanguage\":\"it-IT\",\"@id\":\"https:\/\/biomed-evida.ch\/it\/informazioni-su-biomed-evida\/#primaryimage\",\"url\":\"https:\/\/biomed-evida.ch\/wp-content\/uploads\/2026\/04\/Biomed_Evida_alle_Produkte_IT.png\",\"contentUrl\":\"https:\/\/biomed-evida.ch\/wp-content\/uploads\/2026\/04\/Biomed_Evida_alle_Produkte_IT.png\"},{\"@type\":\"BreadcrumbList\",\"@id\":\"https:\/\/biomed-evida.ch\/it\/informazioni-su-biomed-evida\/#breadcrumb\",\"itemListElement\":[{\"@type\":\"ListItem\",\"position\":1,\"name\":\"Home\",\"item\":\"https:\/\/biomed-evida.ch\/it\/\"},{\"@type\":\"ListItem\",\"position\":2,\"name\":\"Informazioni su Biomed Evida\"}]},{\"@type\":\"WebSite\",\"@id\":\"https:\/\/biomed-evida.ch\/it\/#website\",\"url\":\"https:\/\/biomed-evida.ch\/it\/\",\"name\":\"Biomed Evida\",\"description\":\"Gut leben \u2013 heute und morgen\",\"publisher\":{\"@id\":\"https:\/\/biomed-evida.ch\/it\/#organization\"},\"alternateName\":\"Gut leben \u2013 heute und morgen\",\"potentialAction\":[{\"@type\":\"SearchAction\",\"target\":{\"@type\":\"EntryPoint\",\"urlTemplate\":\"https:\/\/biomed-evida.ch\/it\/?s={search_term_string}\"},\"query-input\":{\"@type\":\"PropertyValueSpecification\",\"valueRequired\":true,\"valueName\":\"search_term_string\"}}],\"inLanguage\":\"it-IT\"},{\"@type\":\"Organization\",\"@id\":\"https:\/\/biomed-evida.ch\/it\/#organization\",\"name\":\"Biomed Evida\",\"url\":\"https:\/\/biomed-evida.ch\/it\/\",\"logo\":{\"@type\":\"ImageObject\",\"inLanguage\":\"it-IT\",\"@id\":\"https:\/\/biomed-evida.ch\/it\/#\/schema\/logo\/image\/\",\"url\":\"https:\/\/biomed-evida.ch\/wp-content\/uploads\/2026\/03\/logo.svg\",\"contentUrl\":\"https:\/\/biomed-evida.ch\/wp-content\/uploads\/2026\/03\/logo.svg\",\"width\":143,\"height\":54,\"caption\":\"Biomed Evida\"},\"image\":{\"@id\":\"https:\/\/biomed-evida.ch\/it\/#\/schema\/logo\/image\/\"},\"sameAs\":[\"https:\/\/www.facebook.com\/biomed.evida\",\"https:\/\/www.instagram.com\/biomed.evida?igsh=OGdrN2hwZjUyMXc5\"]}]}<\/script>\n<!-- \/ Yoast SEO plugin. -->","yoast_head_json":{"title":"Biomed Evida: integratori e sostitutivi dei pasti. | Biomed Evida","description":"Biomed Evida: integratori alimentari e pasti sostitutivi \u2013 scientificamente fondati e sviluppati in Svizzera.","robots":{"index":"index","follow":"follow","max-snippet":"max-snippet:-1","max-image-preview":"max-image-preview:large","max-video-preview":"max-video-preview:-1"},"canonical":"https:\/\/biomed-evida.ch\/it\/informazioni-su-biomed-evida\/","og_locale":"it_IT","og_type":"article","og_title":"Biomed Evida: integratori e sostitutivi dei pasti. | Biomed Evida","og_description":"Biomed Evida: integratori alimentari e pasti sostitutivi \u2013 scientificamente fondati e sviluppati in Svizzera.","og_url":"https:\/\/biomed-evida.ch\/it\/informazioni-su-biomed-evida\/","og_site_name":"Biomed Evida","article_publisher":"https:\/\/www.facebook.com\/biomed.evida","article_modified_time":"2026-05-12T09:30:50+00:00","og_image":[{"width":2382,"height":994,"url":"https:\/\/biomed-evida.ch\/wp-content\/uploads\/2026\/04\/Biomed_Evida_alle_Produkte_IT.png","type":"image\/png"}],"twitter_card":"summary_large_image","twitter_misc":{"Tempo di lettura stimato":"3 minuti"},"schema":{"@context":"https:\/\/schema.org","@graph":[{"@type":"WebPage","@id":"https:\/\/biomed-evida.ch\/it\/informazioni-su-biomed-evida\/","url":"https:\/\/biomed-evida.ch\/it\/informazioni-su-biomed-evida\/","name":"Biomed Evida: integratori e sostitutivi dei pasti. | Biomed Evida","isPartOf":{"@id":"https:\/\/biomed-evida.ch\/it\/#website"},"primaryImageOfPage":{"@id":"https:\/\/biomed-evida.ch\/it\/informazioni-su-biomed-evida\/#primaryimage"},"image":{"@id":"https:\/\/biomed-evida.ch\/it\/informazioni-su-biomed-evida\/#primaryimage"},"thumbnailUrl":"https:\/\/biomed-evida.ch\/wp-content\/uploads\/2026\/04\/Biomed_Evida_alle_Produkte_IT.png","datePublished":"2026-03-23T21:21:16+00:00","dateModified":"2026-05-12T09:30:50+00:00","description":"Biomed Evida: integratori alimentari e pasti sostitutivi \u2013 scientificamente fondati e sviluppati in Svizzera.","breadcrumb":{"@id":"https:\/\/biomed-evida.ch\/it\/informazioni-su-biomed-evida\/#breadcrumb"},"inLanguage":"it-IT","potentialAction":[{"@type":"ReadAction","target":["https:\/\/biomed-evida.ch\/it\/informazioni-su-biomed-evida\/"]}]},{"@type":"ImageObject","inLanguage":"it-IT","@id":"https:\/\/biomed-evida.ch\/it\/informazioni-su-biomed-evida\/#primaryimage","url":"https:\/\/biomed-evida.ch\/wp-content\/uploads\/2026\/04\/Biomed_Evida_alle_Produkte_IT.png","contentUrl":"https:\/\/biomed-evida.ch\/wp-content\/uploads\/2026\/04\/Biomed_Evida_alle_Produkte_IT.png"},{"@type":"BreadcrumbList","@id":"https:\/\/biomed-evida.ch\/it\/informazioni-su-biomed-evida\/#breadcrumb","itemListElement":[{"@type":"ListItem","position":1,"name":"Home","item":"https:\/\/biomed-evida.ch\/it\/"},{"@type":"ListItem","position":2,"name":"Informazioni su Biomed Evida"}]},{"@type":"WebSite","@id":"https:\/\/biomed-evida.ch\/it\/#website","url":"https:\/\/biomed-evida.ch\/it\/","name":"Biomed Evida","description":"Gut leben \u2013 heute und morgen","publisher":{"@id":"https:\/\/biomed-evida.ch\/it\/#organization"},"alternateName":"Gut leben \u2013 heute und morgen","potentialAction":[{"@type":"SearchAction","target":{"@type":"EntryPoint","urlTemplate":"https:\/\/biomed-evida.ch\/it\/?s={search_term_string}"},"query-input":{"@type":"PropertyValueSpecification","valueRequired":true,"valueName":"search_term_string"}}],"inLanguage":"it-IT"},{"@type":"Organization","@id":"https:\/\/biomed-evida.ch\/it\/#organization","name":"Biomed Evida","url":"https:\/\/biomed-evida.ch\/it\/","logo":{"@type":"ImageObject","inLanguage":"it-IT","@id":"https:\/\/biomed-evida.ch\/it\/#\/schema\/logo\/image\/","url":"https:\/\/biomed-evida.ch\/wp-content\/uploads\/2026\/03\/logo.svg","contentUrl":"https:\/\/biomed-evida.ch\/wp-content\/uploads\/2026\/03\/logo.svg","width":143,"height":54,"caption":"Biomed Evida"},"image":{"@id":"https:\/\/biomed-evida.ch\/it\/#\/schema\/logo\/image\/"},"sameAs":["https:\/\/www.facebook.com\/biomed.evida","https:\/\/www.instagram.com\/biomed.evida?igsh=OGdrN2hwZjUyMXc5"]}]}},"_links":{"self":[{"href":"https:\/\/biomed-evida.ch\/it\/wp-json\/wp\/v2\/pages\/406","targetHints":{"allow":["GET"]}}],"collection":[{"href":"https:\/\/biomed-evida.ch\/it\/wp-json\/wp\/v2\/pages"}],"about":[{"href":"https:\/\/biomed-evida.ch\/it\/wp-json\/wp\/v2\/types\/page"}],"author":[{"embeddable":true,"href":"https:\/\/biomed-evida.ch\/it\/wp-json\/wp\/v2\/users\/1"}],"replies":[{"embeddable":true,"href":"https:\/\/biomed-evida.ch\/it\/wp-json\/wp\/v2\/comments?post=406"}],"version-history":[{"count":14,"href":"https:\/\/biomed-evida.ch\/it\/wp-json\/wp\/v2\/pages\/406\/revisions"}],"predecessor-version":[{"id":1575,"href":"https:\/\/biomed-evida.ch\/it\/wp-json\/wp\/v2\/pages\/406\/revisions\/1575"}],"wp:attachment":[{"href":"https:\/\/biomed-evida.ch\/it\/wp-json\/wp\/v2\/media?parent=406"}],"curies":[{"name":"wp","href":"https:\/\/api.w.org\/{rel}","templated":true}]}}